{"id":44608,"date":"2015-09-05T21:30:50","date_gmt":"2015-09-05T19:30:50","guid":{"rendered":"http:\/\/museumek.eu\/?page_id=44608"},"modified":"2021-03-19T16:51:42","modified_gmt":"2021-03-19T15:51:42","slug":"fotos-und-beschreibung","status":"publish","type":"page","link":"http:\/\/museumek.eu\/?page_id=44608","title":{"rendered":"Fotos und Beschreibung"},"content":{"rendered":"<p><strong>Abteilung Deutschland, Keramik 1860 \u2013 1960, Inventarnummer D\/XXX\/1<\/strong><\/p>\n<p>Rosenthal Porzellan AG, vormals Philipp Rosenthal &#038; Co. AG, vormals Philipp Rosenthal &#038; Co., vormals Porzellanmalerei Philipp Rosenthal, Deutschland, Erkersreuth, Kronach, Marktredewitz, Selb, Selb-Pl\u00f6ssberg, Sophienthal, Waldenburg, Waldershof, um 1927, Zuckerdose Dekor Isolde, K\u00fcnstler Philipp Rosenthal (nicht gesichert, bekannt ist das Jugendstildekor Isolde mit dem Zusatz Tristan als Entwurf von Philipp Rosenthal), Werks.-Nr. ohne, Exemplar-Nr. ohne, gemarkt Firmenmarke zwei gekreuzte St\u00e4be, in der oberen H\u00e4lfte des Kreuzes eine Krone, links neben den St\u00e4ben ein Punkt, Rosen, rechts neben den St\u00e4ben thal daneben ein Punkt, darunter SELB-BAVARIA mit Krone, gr\u00fcner Stempel unter Glasur, ISOLDE gr\u00fcner Stempel unter Glasur, 58 mit Gold auf Glasur gemalt, nicht signiert, Literatur: J. G. Th. Graesse und E. Jaenicke, F\u00fchrer f\u00fcr Sammler von Porzellan und Fayence, Steinzeug, Steingut usw., Seite 512, Marke Nr. 3 identisch, weitere Literatur: Emanuel Poche, Porzellanmarken, Marke Nr. 1449 identisch (ohne Schriftzug Selb-Bavaria), weitere Literatur: Otto Pelka, Keramik der Neuzeit, Markentafel IX, Markenkasten 141 identische Marke abgebildet (ohne Schriftzug Selb-Bavaria), Seite 212, Herstellerverzeichnis, Porzellanfabrik Ph. Rosenthal &#038; Co. AG, 141 sowie Seite 221, Namenverzeichnis, Rosenthal Philipp, &#038; Co., Selb, M 141, weitere Literatur: Wilhelm Siemen und Museum der Deutschen Porzellanindustrie Hohenberg an der Eger, Theodor Hermann Schmuz-Baudiss, nach Seite 103 c, Tafel IX, identischer Teller abgebildet sowie Seite 225, Marke Nr. 16 identisch, weitere Literatur: Robert E. R\u00f6ntgen, Deutsche Porzellanmarken von 1710 bis heute (Ausgabe Jahr 2000), Seite 315, Marke Nr. 2473 identisch (dort g\u00fcltig f\u00fcr die Zeit 1922 \u2013 1933), zur Firmenhistorie, siehe die \u00dcbersichten nach den Inventarfotos, die bis auf einige Details in soweit richtig sind, 1879\/1880 pachtete der aus Werl nach Selb zugezogene Porzellanmaler Philipp Rosenthal das Schlo\u00df Erkersreuth bei Selb und gr\u00fcndete eine Porzellanmalerei, anf\u00e4nglich arbeitete er nur mit einem b\u00f6hmischen Mitarbeiter, die Weissware bezog er von den benachbarten Porzellanfabriken Hutschenreuther und Zeidler, die Firmierung lautete Porzellanmalerei Philipp Rosenthal, 1889\/1891 begann Rosenthal selbst Porzellan in Selb zu produzieren und firmierte als Philipp Rosenthal &#038; Co., am 28.08. 1897 wurde die Fabrik in eine AG umgewandelt, diese firmierte als Philipp Rosenthal &#038; Co. AG (1920 Verlegung des AG Sitzes nach Berlin, 1934 R\u00fcckverlegung des Sitzes nach Selb), zur gleichen Zeit gr\u00fcndete Rosenthal zusammen mit einem Herrn Bauer und weiteren Investoren eine Porzellanfabrik in Kronach, die als Bauer, Rosenthal &#038; Co. firmierte, diese Fabrik wurde gleich 1897 wieder in die AG integriert, evtl. auch erst 1901, dies ist in der Literatur mal so oder so beschrieben, 1934 scheidet Geheimrat Philipp Rosenthal aus der Fabrikleitung aus, ab 1939 lautete die Firmierung der Aktiengesellschaft Rosenthal Porzellan AG, ab 1965 Rosenthal Glas &#038; Porzellan AG und ab 1969 Rosenthal AG, Rosenthal kaufte diverse Porzellanfabriken zu, die in die AG integriert worden sind, z. B. firmierte die ehemalige Zeidler\u2019sche Fabrik dann als Rosenthal Porzellanfabrik Bahnhof Selb GmbH, H\u00f6he 11 cm, Breite 18 cm<\/p>\n<p><a href=\"http:\/\/museumek.eu\/wp-content\/uploads\/2011\/12\/Museum-Europ\u00e4ischer-Keramikkunst-1444.jpg\"><img loading=\"lazy\" src=\"http:\/\/museumek.eu\/wp-content\/uploads\/2011\/12\/Museum-Europ\u00e4ischer-Keramikkunst-1444-300x208.jpg\" alt=\"\" title=\"Museum Europ\u00e4ischer Keramikkunst 1444\" width=\"300\" height=\"208\" class=\"alignnone size-medium wp-image-7284\" srcset=\"http:\/\/museumek.eu\/wp-content\/uploads\/2011\/12\/Museum-Europ\u00e4ischer-Keramikkunst-1444-300x208.jpg 300w, http:\/\/museumek.eu\/wp-content\/uploads\/2011\/12\/Museum-Europ\u00e4ischer-Keramikkunst-1444-432x300.jpg 432w, http:\/\/museumek.eu\/wp-content\/uploads\/2011\/12\/Museum-Europ\u00e4ischer-Keramikkunst-1444.jpg 1024w\" sizes=\"(max-width: 300px) 100vw, 300px\" \/><\/a><\/p>\n<p><a href=\"http:\/\/museumek.eu\/?attachment_id=44644\" rel=\"attachment wp-att-44644\"><img loading=\"lazy\" src=\"http:\/\/museumek.eu\/wp-content\/uploads\/2015\/09\/4540-300x274.jpg\" alt=\"\" title=\"4540\" width=\"300\" height=\"274\" class=\"alignnone size-medium wp-image-44644\" srcset=\"http:\/\/museumek.eu\/wp-content\/uploads\/2015\/09\/4540-300x274.jpg 300w, http:\/\/museumek.eu\/wp-content\/uploads\/2015\/09\/4540-150x137.jpg 150w, http:\/\/museumek.eu\/wp-content\/uploads\/2015\/09\/4540-327x300.jpg 327w, http:\/\/museumek.eu\/wp-content\/uploads\/2015\/09\/4540.jpg 655w\" sizes=\"(max-width: 300px) 100vw, 300px\" \/><\/a><\/p>\n<p><a href=\"http:\/\/museumek.eu\/?attachment_id=44645\" rel=\"attachment wp-att-44645\"><img loading=\"lazy\" src=\"http:\/\/museumek.eu\/wp-content\/uploads\/2015\/09\/4541-165x300.jpg\" alt=\"\" title=\"4541\" width=\"165\" height=\"300\" class=\"alignnone size-medium wp-image-44645\" srcset=\"http:\/\/museumek.eu\/wp-content\/uploads\/2015\/09\/4541-165x300.jpg 165w, http:\/\/museumek.eu\/wp-content\/uploads\/2015\/09\/4541-82x150.jpg 82w, http:\/\/museumek.eu\/wp-content\/uploads\/2015\/09\/4541.jpg 441w\" sizes=\"(max-width: 165px) 100vw, 165px\" \/><\/a><\/p>\n<p><a href=\"http:\/\/museumek.eu\/?attachment_id=44646\" rel=\"attachment wp-att-44646\"><img loading=\"lazy\" src=\"http:\/\/museumek.eu\/wp-content\/uploads\/2015\/09\/4542-111x300.jpg\" alt=\"\" title=\"4542\" width=\"111\" height=\"300\" class=\"alignnone size-medium wp-image-44646\" srcset=\"http:\/\/museumek.eu\/wp-content\/uploads\/2015\/09\/4542-111x300.jpg 111w, http:\/\/museumek.eu\/wp-content\/uploads\/2015\/09\/4542-55x150.jpg 55w\" sizes=\"(max-width: 111px) 100vw, 111px\" \/><\/a><\/p>\n<p><a href=\"http:\/\/museumek.eu\/?attachment_id=44647\" rel=\"attachment wp-att-44647\"><img loading=\"lazy\" src=\"http:\/\/museumek.eu\/wp-content\/uploads\/2015\/09\/4543-139x300.jpg\" alt=\"\" title=\"4543\" width=\"139\" height=\"300\" class=\"alignnone size-medium wp-image-44647\" srcset=\"http:\/\/museumek.eu\/wp-content\/uploads\/2015\/09\/4543-139x300.jpg 139w, http:\/\/museumek.eu\/wp-content\/uploads\/2015\/09\/4543-69x150.jpg 69w, http:\/\/museumek.eu\/wp-content\/uploads\/2015\/09\/4543.jpg 372w\" sizes=\"(max-width: 139px) 100vw, 139px\" \/><\/a><\/p>\n<p><a href=\"http:\/\/museumek.eu\/wp-content\/uploads\/2011\/12\/Museum-Europ\u00e4ischer-Keramikkunst-1445.jpg\"><img loading=\"lazy\" src=\"http:\/\/museumek.eu\/wp-content\/uploads\/2011\/12\/Museum-Europ\u00e4ischer-Keramikkunst-1445-300x287.jpg\" alt=\"\" title=\"Museum Europ\u00e4ischer Keramikkunst 1445\" width=\"300\" height=\"287\" class=\"alignnone size-medium wp-image-7285\" srcset=\"http:\/\/museumek.eu\/wp-content\/uploads\/2011\/12\/Museum-Europ\u00e4ischer-Keramikkunst-1445-300x287.jpg 300w, http:\/\/museumek.eu\/wp-content\/uploads\/2011\/12\/Museum-Europ\u00e4ischer-Keramikkunst-1445-313x300.jpg 313w, http:\/\/museumek.eu\/wp-content\/uploads\/2011\/12\/Museum-Europ\u00e4ischer-Keramikkunst-1445.jpg 352w\" sizes=\"(max-width: 300px) 100vw, 300px\" \/><\/a><\/p>\n<p><a href=\"http:\/\/museumek.eu\/wp-content\/uploads\/2011\/12\/Museum-Europ\u00e4ischer-Keramikkunst-14461.jpg\"><img loading=\"lazy\" src=\"http:\/\/museumek.eu\/wp-content\/uploads\/2011\/12\/Museum-Europ\u00e4ischer-Keramikkunst-14461-287x300.jpg\" alt=\"\" title=\"Museum Europ\u00e4ischer Keramikkunst 1446\" width=\"287\" height=\"300\" class=\"alignnone size-medium wp-image-7287\" srcset=\"http:\/\/museumek.eu\/wp-content\/uploads\/2011\/12\/Museum-Europ\u00e4ischer-Keramikkunst-14461-287x300.jpg 287w, http:\/\/museumek.eu\/wp-content\/uploads\/2011\/12\/Museum-Europ\u00e4ischer-Keramikkunst-14461.jpg 366w\" sizes=\"(max-width: 287px) 100vw, 287px\" \/><\/a><\/p>\n<p><a href=\"http:\/\/museumek.eu\/?attachment_id=24754\" rel=\"attachment wp-att-24754\"><img loading=\"lazy\" src=\"http:\/\/museumek.eu\/wp-content\/uploads\/2011\/12\/002-Geschichte-Rosenthal-Porzellan-300x216.jpg\" alt=\"\" title=\"002 Geschichte Rosenthal Porzellan\" width=\"300\" height=\"216\" class=\"alignnone size-medium wp-image-24754\" srcset=\"http:\/\/museumek.eu\/wp-content\/uploads\/2011\/12\/002-Geschichte-Rosenthal-Porzellan-300x216.jpg 300w, http:\/\/museumek.eu\/wp-content\/uploads\/2011\/12\/002-Geschichte-Rosenthal-Porzellan-150x108.jpg 150w, http:\/\/museumek.eu\/wp-content\/uploads\/2011\/12\/002-Geschichte-Rosenthal-Porzellan-415x300.jpg 415w, http:\/\/museumek.eu\/wp-content\/uploads\/2011\/12\/002-Geschichte-Rosenthal-Porzellan.jpg 917w\" sizes=\"(max-width: 300px) 100vw, 300px\" \/><\/a><\/p>\n<p><a href=\"http:\/\/museumek.eu\/?attachment_id=24755\" rel=\"attachment wp-att-24755\"><img loading=\"lazy\" src=\"http:\/\/museumek.eu\/wp-content\/uploads\/2011\/12\/004-Geschichte-Rosenthal-Porzellan-300x220.jpg\" alt=\"\" title=\"004 Geschichte Rosenthal Porzellan\" width=\"300\" height=\"220\" class=\"alignnone size-medium wp-image-24755\" srcset=\"http:\/\/museumek.eu\/wp-content\/uploads\/2011\/12\/004-Geschichte-Rosenthal-Porzellan-300x220.jpg 300w, http:\/\/museumek.eu\/wp-content\/uploads\/2011\/12\/004-Geschichte-Rosenthal-Porzellan-150x110.jpg 150w, http:\/\/museumek.eu\/wp-content\/uploads\/2011\/12\/004-Geschichte-Rosenthal-Porzellan-407x300.jpg 407w, http:\/\/museumek.eu\/wp-content\/uploads\/2011\/12\/004-Geschichte-Rosenthal-Porzellan.jpg 943w\" sizes=\"(max-width: 300px) 100vw, 300px\" \/><\/a><\/p>\n<p><strong>Abteilung Deutschland, Keramik 1860 \u2013 1960, Inventarnummer D\/XXX\/2<\/strong><\/p>\n<p>Rosenthal Porzellan AG, vormals Philipp Rosenthal &#038; Co. AG, vormals Philipp Rosenthal &#038; Co., vormals Porzellanmalerei Philipp Rosenthal, Deutschland, Erkersreuth, Kronach, Marktredewitz, Selb, Selb-Pl\u00f6ssberg, Sophienthal, Waldenburg, Waldershof, 1931, Weihnachtsteller Die Flucht nach Aegypten, K\u00fcnstler Heinrich Fink, Werks.-Nr. ohne, Exemplar-Nr. ohne, gemarkt Firmenmarke mit Krone, darunter ein Blumengebinde mit zwei Rosen, darunter Rosenthal, darunter Bavaria gr\u00fcner Stempel unter Glasur (Marke g\u00fcltig f\u00fcr die Zeit von 1919 \u2013 1935), zweite Firmenmarke zwei gekreuzte St\u00e4be, in der oberen H\u00e4lfte des Kreuzes eine Krone, links neben den St\u00e4ben Rosen, rechts neben den St\u00e4ben thal, darunter SELB-BAVARIA, darunter ein waagerechter Strich (dieser wohl f\u00fcr die zeitliche Einordnung1931) gr\u00fcner Stempel unter Glasur, zwischen den beiden Firmenmarken \u201eDie Flucht nach Aegypten\u201c, darunter Entwurf, darunter von Heinrich Fink gr\u00fcner Stempel unter Glasur, nicht signiert, erste Firmenmarke: Literatur: J. G. Th. Graesse und E. Jaenicke, F\u00fchrer f\u00fcr Sammler von Porzellan und Fayence, Steinzeug, Steingut usw., Seite 512, Marke Nr. 7 identisch (statt Bavaria Germany), weitere Literatur: Emanuel Poche, Porzellanmarken, Marke Nr. 1451 identisch (ohne Schriftzug Bavaria), weitere Literatur: Gustav Wei\u00df, Ullstein Porzellanbuch, Seite 302, Marke Nr. 8 identisch, weitere Literatur: Otto Pelka, Keramik der Neuzeit, Markentafel IX, Markenkasten 141 identische Marke abgebildet, Seite 212, Herstellerverzeichnis, Porzellanfabrik Ph. Rosenthal &#038; Co. AG, 141 sowie Seite 221, Namenverzeichnis, Rosenthal Philipp, &#038; Co., Selb, M 14, weitere Literatur: Robert E. R\u00f6ntgen, Deutsche Porzellanmarken von 1710 bis heute (Ausgabe Jahr 2000), Seite 317, Marke Nr. 2488 identisch (dort f\u00fcr die Zeit von 1921 -1938, f\u00fcr Porzellanfabrik Bahnhof Selb), zweite Firmenmarke: Literatur: J. G. Th. Graesse und E. Jaenicke, F\u00fchrer f\u00fcr Sammler von Porzellan und Fayence, Steinzeug, Steingut usw., Seite 512, Marke Nr. 3 identisch, weitere Literatur: Emanuel Poche, Porzellanmarken, Marke Nr. 1449 identisch (ohne Schriftzug Selb-Bavaria), weitere Literatur: Otto Pelka, Keramik der Neuzeit, Markentafel IX, Markenkasten 141 identische Marke abgebildet (ohne Schriftzug Selb-Bavaria), Seite 212, Herstellerverzeichnis, Porzellanfabrik Ph. Rosenthal &#038; Co. AG, 141 sowie Seite 221, Namenverzeichnis, Rosenthal Philipp, &#038; Co., Selb, M 141, weitere Literatur: Wilhelm Siemen und Museum der Deutschen Porzellanindustrie Hohenberg an der Eger, Theodor Hermann Schmuz-Baudiss, Seite 225, Marke Nr. 16 identisch, weitere Literatur: Robert E. R\u00f6ntgen, Deutsche Porzellanmarken von 1710 bis heute (Ausgabe Jahr 2000), Seite 315, Marke Nr. 2473 identisch (dort g\u00fcltig f\u00fcr die Zeit 1922 \u2013 1933, f\u00fcr Porzellanfabrik Bahnhof Selb), zur Firmenhistorie, siehe die \u00dcbersichten nach den Inventarfotos, die bis auf einige Details in soweit richtig sind, 1879\/1880 pachtete der aus Werl nach Selb zugezogene Porzellanmaler Philipp Rosenthal das Schlo\u00df Erkersreuth bei Selb und gr\u00fcndete eine Porzellanmalerei, anf\u00e4nglich arbeitete er nur mit einem b\u00f6hmischen Mitarbeiter, die Weissware bezog er von den benachbarten Porzellanfabriken Hutschenreuther und Zeidler, die Firmierung lautete Porzellanmalerei Philipp Rosenthal, 1889\/1891 begann Rosenthal selbst Porzellan in Selb zu produzieren und firmierte als Philipp Rosenthal &#038; Co., am 28.08. 1897 wurde die Fabrik in eine AG umgewandelt, diese firmierte als Philipp Rosenthal &#038; Co. AG (1920 Verlegung des AG Sitzes nach Berlin, 1934 R\u00fcckverlegung des Sitzes nach Selb), zur gleichen Zeit gr\u00fcndete Rosenthal zusammen mit einem Herrn Bauer und weiteren Investoren eine Porzellanfabrik in Kronach, die als Bauer, Rosenthal &#038; Co. firmierte, diese Fabrik wurde gleich 1897 wieder in die AG integriert, evtl. auch erst 1901, dies ist in der Literatur mal so oder so beschrieben, 1934 scheidet Geheimrat Philipp Rosenthal aus der Fabrikleitung aus, ab 1939 lautete die Firmierung der Aktiengesellschaft Rosenthal Porzellan AG, ab 1965 Rosenthal Glas &#038; Porzellan AG und ab 1969 Rosenthal AG, Rosenthal kaufte diverse Porzellanfabriken zu, die in die AG integriert worden sind, z. B. firmierte die ehemalige Zeidler\u2019sche Fabrik dann als Rosenthal Porzellanfabrik Bahnhof Selb GmbH, Durchmesser 21,5 cm<\/p>\n<p><a href=\"http:\/\/museumek.eu\/?attachment_id=44652\" rel=\"attachment wp-att-44652\"><img loading=\"lazy\" src=\"http:\/\/museumek.eu\/wp-content\/uploads\/2015\/09\/3385-300x298.jpg\" alt=\"\" title=\"3385\" width=\"300\" height=\"298\" class=\"alignnone size-medium wp-image-44652\" srcset=\"http:\/\/museumek.eu\/wp-content\/uploads\/2015\/09\/3385-300x298.jpg 300w, http:\/\/museumek.eu\/wp-content\/uploads\/2015\/09\/3385-150x150.jpg 150w, http:\/\/museumek.eu\/wp-content\/uploads\/2015\/09\/3385-302x300.jpg 302w, http:\/\/museumek.eu\/wp-content\/uploads\/2015\/09\/3385.jpg 604w\" sizes=\"(max-width: 300px) 100vw, 300px\" \/><\/a><\/p>\n<p><a href=\"http:\/\/museumek.eu\/?attachment_id=44653\" rel=\"attachment wp-att-44653\"><img loading=\"lazy\" src=\"http:\/\/museumek.eu\/wp-content\/uploads\/2015\/09\/3386-300x291.jpg\" alt=\"\" title=\"3386\" width=\"300\" height=\"291\" class=\"alignnone size-medium wp-image-44653\" srcset=\"http:\/\/museumek.eu\/wp-content\/uploads\/2015\/09\/3386-300x291.jpg 300w, http:\/\/museumek.eu\/wp-content\/uploads\/2015\/09\/3386-150x145.jpg 150w, http:\/\/museumek.eu\/wp-content\/uploads\/2015\/09\/3386-309x300.jpg 309w, http:\/\/museumek.eu\/wp-content\/uploads\/2015\/09\/3386.jpg 618w\" sizes=\"(max-width: 300px) 100vw, 300px\" \/><\/a><\/p>\n<p><a href=\"http:\/\/museumek.eu\/?attachment_id=44658\" rel=\"attachment wp-att-44658\"><img loading=\"lazy\" src=\"http:\/\/museumek.eu\/wp-content\/uploads\/2015\/09\/3387-300x212.jpg\" alt=\"\" title=\"3387\" width=\"300\" height=\"212\" class=\"alignnone size-medium wp-image-44658\" srcset=\"http:\/\/museumek.eu\/wp-content\/uploads\/2015\/09\/3387-300x212.jpg 300w, http:\/\/museumek.eu\/wp-content\/uploads\/2015\/09\/3387-150x106.jpg 150w, http:\/\/museumek.eu\/wp-content\/uploads\/2015\/09\/3387-423x300.jpg 423w, http:\/\/museumek.eu\/wp-content\/uploads\/2015\/09\/3387.jpg 800w\" sizes=\"(max-width: 300px) 100vw, 300px\" \/><\/a><\/p>\n<p><a href=\"http:\/\/museumek.eu\/?attachment_id=24754\" rel=\"attachment wp-att-24754\"><img loading=\"lazy\" src=\"http:\/\/museumek.eu\/wp-content\/uploads\/2011\/12\/002-Geschichte-Rosenthal-Porzellan-300x216.jpg\" alt=\"\" title=\"002 Geschichte Rosenthal Porzellan\" width=\"300\" height=\"216\" class=\"alignnone size-medium wp-image-24754\" srcset=\"http:\/\/museumek.eu\/wp-content\/uploads\/2011\/12\/002-Geschichte-Rosenthal-Porzellan-300x216.jpg 300w, http:\/\/museumek.eu\/wp-content\/uploads\/2011\/12\/002-Geschichte-Rosenthal-Porzellan-150x108.jpg 150w, http:\/\/museumek.eu\/wp-content\/uploads\/2011\/12\/002-Geschichte-Rosenthal-Porzellan-415x300.jpg 415w, http:\/\/museumek.eu\/wp-content\/uploads\/2011\/12\/002-Geschichte-Rosenthal-Porzellan.jpg 917w\" sizes=\"(max-width: 300px) 100vw, 300px\" \/><\/a><\/p>\n<p><a href=\"http:\/\/museumek.eu\/?attachment_id=24755\" rel=\"attachment wp-att-24755\"><img loading=\"lazy\" src=\"http:\/\/museumek.eu\/wp-content\/uploads\/2011\/12\/004-Geschichte-Rosenthal-Porzellan-300x220.jpg\" alt=\"\" title=\"004 Geschichte Rosenthal Porzellan\" width=\"300\" height=\"220\" class=\"alignnone size-medium wp-image-24755\" srcset=\"http:\/\/museumek.eu\/wp-content\/uploads\/2011\/12\/004-Geschichte-Rosenthal-Porzellan-300x220.jpg 300w, http:\/\/museumek.eu\/wp-content\/uploads\/2011\/12\/004-Geschichte-Rosenthal-Porzellan-150x110.jpg 150w, http:\/\/museumek.eu\/wp-content\/uploads\/2011\/12\/004-Geschichte-Rosenthal-Porzellan-407x300.jpg 407w, http:\/\/museumek.eu\/wp-content\/uploads\/2011\/12\/004-Geschichte-Rosenthal-Porzellan.jpg 943w\" sizes=\"(max-width: 300px) 100vw, 300px\" \/><\/a><\/p>\n<p><strong>Abteilung Deutschland, Keramik 1860 \u2013 1960, Inventarnummer D\/XXX\/3<\/strong><\/p>\n<p>Rosenthal Porzellan AG, vormals Philipp Rosenthal &#038; Co. AG, vormals Philipp Rosenthal &#038; Co., vormals Porzellanmalerei Philipp Rosenthal, Deutschland, Erkersreuth, Kronach, Marktredewitz, Selb, Selb-Pl\u00f6ssberg, Sophienthal, Waldenburg, Waldershof, 1927, Weihnachtsteller Marterl am Weg, K\u00fcnstler Theodor Hermann Schmuz-Baudiss, Werks.-Nr. ohne, Exemplar-Nr. ohne, gemarkt Firmenmarke zwei gekreuzte St\u00e4be, in der oberen H\u00e4lfte des Kreuzes eine Krone, links neben den St\u00e4ben Rosen, rechts neben den St\u00e4ben thal, darunter SELB-BAVARIA gr\u00fcner Stempel unter Glasur, Entwurf von Professor Theo Schmuz-Baudiss gr\u00fcner Stempel unter Glasur, unbekanntes Zeichen blau gemalt, nicht signiert, Literatur: J. G. Th. Graesse und E. Jaenicke, F\u00fchrer f\u00fcr Sammler von Porzellan und Fayence, Steinzeug, Steingut usw., Seite 512, Marke Nr. 3 identisch, weitere Literatur: Emanuel Poche, Porzellanmarken, Marke Nr. 1449 identisch (ohne Schriftzug Selb-Bavaria), weitere Literatur: Otto Pelka, Keramik der Neuzeit, Markentafel IX, Markenkasten 141 identische Marke abgebildet (ohne Schriftzug Selb-Bavaria), Seite 212, Herstellerverzeichnis, Porzellanfabrik Ph. Rosenthal &#038; Co. AG, 141 sowie Seite 221, Namenverzeichnis, Rosenthal Philipp, &#038; Co., Selb, M 141, weitere Literatur: Wilhelm Siemen und Museum der Deutschen Porzellanindustrie Hohenberg an der Eger, Theodor Hermann Schmuz-Baudiss, nach Seite 103 c, Tafel IX, identischer Teller abgebildet sowie Seite 225, Marke Nr. 16 identisch, weitere Literatur: Robert E. R\u00f6ntgen, Deutsche Porzellanmarken von 1710 bis heute (Ausgabe Jahr 2000), Seite 315, Marke Nr. 2473 identisch (dort g\u00fcltig f\u00fcr die Zeit 1922 \u2013 1933), zur Firmenhistorie, siehe die \u00dcbersichten nach den Inventarfotos, die bis auf einige Details in soweit richtig sind, 1879\/1880 pachtete der aus Werl nach Selb zugezogene Porzellanmaler Philipp Rosenthal das Schlo\u00df Erkersreuth bei Selb und gr\u00fcndete eine Porzellanmalerei, anf\u00e4nglich arbeitete er nur mit einem b\u00f6hmischen Mitarbeiter, die Weissware bezog er von den benachbarten Porzellanfabriken Hutschenreuther und Zeidler, die Firmierung lautete Porzellanmalerei Philipp Rosenthal, 1889\/1891 begann Rosenthal selbst Porzellan in Selb zu produzieren und firmierte als Philipp Rosenthal &#038; Co., am 28.08. 1897 wurde die Fabrik in eine AG umgewandelt, diese firmierte als Philipp Rosenthal &#038; Co. AG (1920 Verlegung des AG Sitzes nach Berlin, 1934 R\u00fcckverlegung des Sitzes nach Selb), zur gleichen Zeit gr\u00fcndete Rosenthal zusammen mit einem Herrn Bauer und weiteren Investoren eine Porzellanfabrik in Kronach, die als Bauer, Rosenthal &#038; Co. firmierte, diese Fabrik wurde gleich 1897 wieder in die AG integriert, evtl. auch erst 1901, dies ist in der Literatur mal so oder so beschrieben, 1934 scheidet Geheimrat Philipp Rosenthal aus der Fabrikleitung aus, ab 1939 lautete die Firmierung der Aktiengesellschaft Rosenthal Porzellan AG, ab 1965 Rosenthal Glas &#038; Porzellan AG und ab 1969 Rosenthal AG, Rosenthal kaufte diverse Porzellanfabriken zu, die in die AG integriert worden sind, z. B. firmierte die ehemalige Zeidler\u2019sche Fabrik dann als Rosenthal Porzellanfabrik Bahnhof Selb GmbH, Durchmesser 22 cm<\/p>\n<p><a href=\"http:\/\/museumek.eu\/wp-content\/uploads\/2012\/09\/Museum-Europ\u00e4ischer-Keramikkunst-2204.jpg\"><img loading=\"lazy\" src=\"http:\/\/museumek.eu\/wp-content\/uploads\/2012\/09\/Museum-Europ\u00e4ischer-Keramikkunst-2204-296x300.jpg\" alt=\"\" title=\"Museum Europ\u00e4ischer Keramikkunst 2204\" width=\"296\" height=\"300\" class=\"alignnone size-medium wp-image-13584\" srcset=\"http:\/\/museumek.eu\/wp-content\/uploads\/2012\/09\/Museum-Europ\u00e4ischer-Keramikkunst-2204-296x300.jpg 296w, http:\/\/museumek.eu\/wp-content\/uploads\/2012\/09\/Museum-Europ\u00e4ischer-Keramikkunst-2204.jpg 717w\" sizes=\"(max-width: 296px) 100vw, 296px\" \/><\/a><\/p>\n<p><a href=\"http:\/\/museumek.eu\/?attachment_id=44661\" rel=\"attachment wp-att-44661\"><img loading=\"lazy\" src=\"http:\/\/museumek.eu\/wp-content\/uploads\/2015\/09\/4547-225x300.jpg\" alt=\"\" title=\"4547\" width=\"225\" height=\"300\" class=\"alignnone size-medium wp-image-44661\" srcset=\"http:\/\/museumek.eu\/wp-content\/uploads\/2015\/09\/4547-225x300.jpg 225w, http:\/\/museumek.eu\/wp-content\/uploads\/2015\/09\/4547-112x150.jpg 112w, http:\/\/museumek.eu\/wp-content\/uploads\/2015\/09\/4547.jpg 600w\" sizes=\"(max-width: 225px) 100vw, 225px\" \/><\/a><\/p>\n<p><a href=\"http:\/\/museumek.eu\/?attachment_id=44662\" rel=\"attachment wp-att-44662\"><img loading=\"lazy\" src=\"http:\/\/museumek.eu\/wp-content\/uploads\/2015\/09\/4544-293x300.jpg\" alt=\"\" title=\"4544\" width=\"293\" height=\"300\" class=\"alignnone size-medium wp-image-44662\" srcset=\"http:\/\/museumek.eu\/wp-content\/uploads\/2015\/09\/4544-293x300.jpg 293w, http:\/\/museumek.eu\/wp-content\/uploads\/2015\/09\/4544-146x150.jpg 146w, http:\/\/museumek.eu\/wp-content\/uploads\/2015\/09\/4544.jpg 600w\" sizes=\"(max-width: 293px) 100vw, 293px\" \/><\/a><\/p>\n<p><a href=\"http:\/\/museumek.eu\/wp-content\/uploads\/2012\/09\/Museum-Europ\u00e4ischer-Keramikkunst-2207.jpg\"><img loading=\"lazy\" src=\"http:\/\/museumek.eu\/wp-content\/uploads\/2012\/09\/Museum-Europ\u00e4ischer-Keramikkunst-2207-132x300.jpg\" alt=\"\" title=\"Museum Europ\u00e4ischer Keramikkunst 2207\" width=\"132\" height=\"300\" class=\"alignnone size-medium wp-image-13585\" srcset=\"http:\/\/museumek.eu\/wp-content\/uploads\/2012\/09\/Museum-Europ\u00e4ischer-Keramikkunst-2207-132x300.jpg 132w, http:\/\/museumek.eu\/wp-content\/uploads\/2012\/09\/Museum-Europ\u00e4ischer-Keramikkunst-2207.jpg 427w\" sizes=\"(max-width: 132px) 100vw, 132px\" \/><\/a><\/p>\n<p><a href=\"http:\/\/museumek.eu\/?attachment_id=44663\" rel=\"attachment wp-att-44663\"><img loading=\"lazy\" src=\"http:\/\/museumek.eu\/wp-content\/uploads\/2015\/09\/4546.jpg\" alt=\"\" title=\"4546\" width=\"289\" height=\"262\" class=\"alignnone size-full wp-image-44663\" srcset=\"http:\/\/museumek.eu\/wp-content\/uploads\/2015\/09\/4546.jpg 289w, http:\/\/museumek.eu\/wp-content\/uploads\/2015\/09\/4546-150x135.jpg 150w\" sizes=\"(max-width: 289px) 100vw, 289px\" \/><\/a><\/p>\n<p><a href=\"http:\/\/museumek.eu\/?attachment_id=24754\" rel=\"attachment wp-att-24754\"><img loading=\"lazy\" src=\"http:\/\/museumek.eu\/wp-content\/uploads\/2011\/12\/002-Geschichte-Rosenthal-Porzellan-300x216.jpg\" alt=\"\" title=\"002 Geschichte Rosenthal Porzellan\" width=\"300\" height=\"216\" class=\"alignnone size-medium wp-image-24754\" srcset=\"http:\/\/museumek.eu\/wp-content\/uploads\/2011\/12\/002-Geschichte-Rosenthal-Porzellan-300x216.jpg 300w, http:\/\/museumek.eu\/wp-content\/uploads\/2011\/12\/002-Geschichte-Rosenthal-Porzellan-150x108.jpg 150w, http:\/\/museumek.eu\/wp-content\/uploads\/2011\/12\/002-Geschichte-Rosenthal-Porzellan-415x300.jpg 415w, http:\/\/museumek.eu\/wp-content\/uploads\/2011\/12\/002-Geschichte-Rosenthal-Porzellan.jpg 917w\" sizes=\"(max-width: 300px) 100vw, 300px\" \/><\/a><\/p>\n<p><a href=\"http:\/\/museumek.eu\/?attachment_id=24755\" rel=\"attachment wp-att-24755\"><img loading=\"lazy\" src=\"http:\/\/museumek.eu\/wp-content\/uploads\/2011\/12\/004-Geschichte-Rosenthal-Porzellan-300x220.jpg\" alt=\"\" title=\"004 Geschichte Rosenthal Porzellan\" width=\"300\" height=\"220\" class=\"alignnone size-medium wp-image-24755\" srcset=\"http:\/\/museumek.eu\/wp-content\/uploads\/2011\/12\/004-Geschichte-Rosenthal-Porzellan-300x220.jpg 300w, http:\/\/museumek.eu\/wp-content\/uploads\/2011\/12\/004-Geschichte-Rosenthal-Porzellan-150x110.jpg 150w, http:\/\/museumek.eu\/wp-content\/uploads\/2011\/12\/004-Geschichte-Rosenthal-Porzellan-407x300.jpg 407w, http:\/\/museumek.eu\/wp-content\/uploads\/2011\/12\/004-Geschichte-Rosenthal-Porzellan.jpg 943w\" sizes=\"(max-width: 300px) 100vw, 300px\" \/><\/a><\/p>\n<p><strong>Abteilung Deutschland, Keramik 1860 \u2013 1960, Inventarnummer D\/XXX\/4<\/strong><\/p>\n<p>Rosenthal Porzellan AG, vormals Philipp Rosenthal &#038; Co. AG, vormals Philipp Rosenthal &#038; Co., vormals Porzellanmalerei Philipp Rosenthal, Deutschland, Erkersreuth, Kronach, Marktredewitz, Selb, Selb-Pl\u00f6ssberg, Sophienthal, Waldenburg, Waldershof, um 1900, Teller, K\u00fcnstler unbekannt, Werks.-Nr. ohne, Exemplar-Nr. ohne, gemarkt Firmenmarke zwei gekreuzte St\u00e4be, in der oberen H\u00e4lfte des Kreuzes eine Krone, links R., rechts C. gr\u00fcner Stempel unter Glasur (Marke f\u00fcr die Zeit von 1891 \u2013 1907), MOLi\u00c8RE sowie BAVARIA gr\u00fcne Stempel unter Glasur, zwei nicht lesbare Gold gemalte Zahlen auf Glasur, nicht signiert, Literatur: J. G. Th. Graesse und E. Jaenicke, F\u00fchrer f\u00fcr Sammler von Porzellan und Fayence, Steinzeug, Steingut usw., Seite 512, Marke Nr. 2 identisch, weitere Literatur: Emanuel Poche, Porzellanmarken, Marke Nr. 1419 identisch, weitere Literatur: Gustav Wei\u00df, Ullstein Porzellanbuch, Seite 302, Marke Nr. 8 identisch, weitere Literatur: Otto Pelka, Keramik der Neuzeit, Markentafel IX, Markenkasten 141 identische Marke abgebildet, Seite 212, Herstellerverzeichnis, Porzellanfabrik Ph. Rosenthal &#038; Co. AG, 141 sowie Seite 221, Namenverzeichnis, Rosenthal Philipp, &#038; Co., Selb, M 141, weitere Literatur: Robert E. R\u00f6ntgen, Deutsche Porzellanmarken von 1710 bis heute (Ausgabe Jahr 2000), Seite 315, Marke Nr. 2468 identisch (dort g\u00fcltig f\u00fcr die Zeit 1891 &#8211; 1904), zur Firmenhistorie, siehe die \u00dcbersichten nach den Inventarfotos, die bis auf einige Details in soweit richtig sind, 1879\/1880 pachtete der aus Werl nach Selb zugezogene Porzellanmaler Philipp Rosenthal das Schlo\u00df Erkersreuth bei Selb und gr\u00fcndete eine Porzellanmalerei, anf\u00e4nglich arbeitete er nur mit einem b\u00f6hmischen Mitarbeiter, die Weissware bezog er von den benachbarten Porzellanfabriken Hutschenreuther und Zeidler, die Firmierung lautete Porzellanmalerei Philipp Rosenthal, 1889\/1891 begann Rosenthal selbst Porzellan in Selb zu produzieren und firmierte als Philipp Rosenthal &#038; Co., am 28.08. 1897 wurde die Fabrik in eine AG umgewandelt, diese firmierte als Philipp Rosenthal &#038; Co. AG (1920 Verlegung des AG Sitzes nach Berlin, 1934 R\u00fcckverlegung des Sitzes nach Selb), zur gleichen Zeit gr\u00fcndete Rosenthal zusammen mit einem Herrn Bauer und weiteren Investoren eine Porzellanfabrik in Kronach, die als Bauer, Rosenthal &#038; Co. firmierte, diese Fabrik wurde gleich 1897 wieder in die AG integriert, evtl. auch erst 1901, dies ist in der Literatur mal so oder so beschrieben, 1934 scheidet Geheimrat Philipp Rosenthal aus der Fabrikleitung aus, ab 1939 lautete die Firmierung der Aktiengesellschaft Rosenthal Porzellan AG, ab 1965 Rosenthal Glas &#038; Porzellan AG und ab 1969 Rosenthal AG, Rosenthal kaufte diverse Porzellanfabriken zu, die in die AG integriert worden sind, z. B. firmierte die ehemalige Zeidler\u2019sche Fabrik dann als Rosenthal Porzellanfabrik Bahnhof Selb GmbH, siehe auch MEK D\/XXX\/5 weiterer Teller dieses Service, Fahne mit Goldrand, Durchmesser 19,7 cm<\/p>\n<p><a href=\"http:\/\/museumek.eu\/wp-content\/uploads\/2012\/11\/Museum-Europ\u00e4ischer-Keramikkunst-3033.jpg\"><img loading=\"lazy\" src=\"http:\/\/museumek.eu\/wp-content\/uploads\/2012\/11\/Museum-Europ\u00e4ischer-Keramikkunst-3033-300x292.jpg\" alt=\"\" title=\"Museum Europ\u00e4ischer Keramikkunst 3033\" width=\"300\" height=\"292\" class=\"alignnone size-medium wp-image-16215\" srcset=\"http:\/\/museumek.eu\/wp-content\/uploads\/2012\/11\/Museum-Europ\u00e4ischer-Keramikkunst-3033-300x292.jpg 300w, http:\/\/museumek.eu\/wp-content\/uploads\/2012\/11\/Museum-Europ\u00e4ischer-Keramikkunst-3033-307x300.jpg 307w, http:\/\/museumek.eu\/wp-content\/uploads\/2012\/11\/Museum-Europ\u00e4ischer-Keramikkunst-3033.jpg 695w\" sizes=\"(max-width: 300px) 100vw, 300px\" \/><\/a><\/p>\n<p><a href=\"http:\/\/museumek.eu\/?attachment_id=44668\" rel=\"attachment wp-att-44668\"><img loading=\"lazy\" src=\"http:\/\/museumek.eu\/wp-content\/uploads\/2015\/09\/4548-225x300.jpg\" alt=\"\" title=\"4548\" width=\"225\" height=\"300\" class=\"alignnone size-medium wp-image-44668\" srcset=\"http:\/\/museumek.eu\/wp-content\/uploads\/2015\/09\/4548-225x300.jpg 225w, http:\/\/museumek.eu\/wp-content\/uploads\/2015\/09\/4548-112x150.jpg 112w, http:\/\/museumek.eu\/wp-content\/uploads\/2015\/09\/4548.jpg 600w\" sizes=\"(max-width: 225px) 100vw, 225px\" \/><\/a><\/p>\n<p><a href=\"http:\/\/museumek.eu\/?attachment_id=44669\" rel=\"attachment wp-att-44669\"><img loading=\"lazy\" src=\"http:\/\/museumek.eu\/wp-content\/uploads\/2015\/09\/4549-297x300.jpg\" alt=\"\" title=\"4549\" width=\"297\" height=\"300\" class=\"alignnone size-medium wp-image-44669\" srcset=\"http:\/\/museumek.eu\/wp-content\/uploads\/2015\/09\/4549-297x300.jpg 297w, http:\/\/museumek.eu\/wp-content\/uploads\/2015\/09\/4549-148x150.jpg 148w, http:\/\/museumek.eu\/wp-content\/uploads\/2015\/09\/4549.jpg 600w\" sizes=\"(max-width: 297px) 100vw, 297px\" \/><\/a><\/p>\n<p><a href=\"http:\/\/museumek.eu\/wp-content\/uploads\/2012\/11\/Museum-Europ\u00e4ischer-Keramikkunst-3035.jpg\"><img loading=\"lazy\" src=\"http:\/\/museumek.eu\/wp-content\/uploads\/2012\/11\/Museum-Europ\u00e4ischer-Keramikkunst-3035-239x300.jpg\" alt=\"\" title=\"Museum Europ\u00e4ischer Keramikkunst 3035\" width=\"239\" height=\"300\" class=\"alignnone size-medium wp-image-16216\" srcset=\"http:\/\/museumek.eu\/wp-content\/uploads\/2012\/11\/Museum-Europ\u00e4ischer-Keramikkunst-3035-239x300.jpg 239w, http:\/\/museumek.eu\/wp-content\/uploads\/2012\/11\/Museum-Europ\u00e4ischer-Keramikkunst-3035.jpg 297w\" sizes=\"(max-width: 239px) 100vw, 239px\" \/><\/a><\/p>\n<p><a href=\"http:\/\/museumek.eu\/?attachment_id=24754\" rel=\"attachment wp-att-24754\"><img loading=\"lazy\" src=\"http:\/\/museumek.eu\/wp-content\/uploads\/2011\/12\/002-Geschichte-Rosenthal-Porzellan-300x216.jpg\" alt=\"\" title=\"002 Geschichte Rosenthal Porzellan\" width=\"300\" height=\"216\" class=\"alignnone size-medium wp-image-24754\" srcset=\"http:\/\/museumek.eu\/wp-content\/uploads\/2011\/12\/002-Geschichte-Rosenthal-Porzellan-300x216.jpg 300w, http:\/\/museumek.eu\/wp-content\/uploads\/2011\/12\/002-Geschichte-Rosenthal-Porzellan-150x108.jpg 150w, http:\/\/museumek.eu\/wp-content\/uploads\/2011\/12\/002-Geschichte-Rosenthal-Porzellan-415x300.jpg 415w, http:\/\/museumek.eu\/wp-content\/uploads\/2011\/12\/002-Geschichte-Rosenthal-Porzellan.jpg 917w\" sizes=\"(max-width: 300px) 100vw, 300px\" \/><\/a><\/p>\n<p><a href=\"http:\/\/museumek.eu\/?attachment_id=24755\" rel=\"attachment wp-att-24755\"><img loading=\"lazy\" src=\"http:\/\/museumek.eu\/wp-content\/uploads\/2011\/12\/004-Geschichte-Rosenthal-Porzellan-300x220.jpg\" alt=\"\" title=\"004 Geschichte Rosenthal Porzellan\" width=\"300\" height=\"220\" class=\"alignnone size-medium wp-image-24755\" srcset=\"http:\/\/museumek.eu\/wp-content\/uploads\/2011\/12\/004-Geschichte-Rosenthal-Porzellan-300x220.jpg 300w, http:\/\/museumek.eu\/wp-content\/uploads\/2011\/12\/004-Geschichte-Rosenthal-Porzellan-150x110.jpg 150w, http:\/\/museumek.eu\/wp-content\/uploads\/2011\/12\/004-Geschichte-Rosenthal-Porzellan-407x300.jpg 407w, http:\/\/museumek.eu\/wp-content\/uploads\/2011\/12\/004-Geschichte-Rosenthal-Porzellan.jpg 943w\" sizes=\"(max-width: 300px) 100vw, 300px\" \/><\/a><\/p>\n<p><strong>Abteilung Deutschland, Keramik 1860 \u2013 1960, Inventarnummer D\/XXX\/5<\/strong><\/p>\n<p>Rosenthal Porzellan AG, vormals Philipp Rosenthal &#038; Co. AG, vormals Philipp Rosenthal &#038; Co., vormals Porzellanmalerei Philipp Rosenthal, Deutschland, Erkersreuth, Kronach, Marktredewitz, Selb, Selb-Pl\u00f6ssberg, Sophienthal, Waldenburg, Waldershof, um 1900, Teller, K\u00fcnstler unbekannt, Werks.-Nr. ohne, Exemplar-Nr. ohne, gemarkt Firmenmarke zwei gekreuzte St\u00e4be, in der oberen H\u00e4lfte des Kreuzes eine Krone, links R., rechts C. gr\u00fcner Stempel unter Glasur (Marke f\u00fcr die Zeit von 1891 \u2013 1907), MOLi\u00c8RE sowie BAVARIA gr\u00fcne Stempel unter Glasur, eine nicht lesbare Gold gemalte Zahl auf Glasur, nicht signiert, Literatur: J. G. Th. Graesse und E. Jaenicke, F\u00fchrer f\u00fcr Sammler von Porzellan und Fayence, Steinzeug, Steingut usw., Seite 512, Marke Nr. 2 identisch, weitere Literatur: Emanuel Poche, Porzellanmarken, Marke Nr. 1419 identisch, weitere Literatur: Gustav Wei\u00df, Ullstein Porzellanbuch, Seite 302, Marke Nr. 8 identisch, weitere Literatur: Otto Pelka, Keramik der Neuzeit, Markentafel IX, Markenkasten 141 identische Marke abgebildet, Seite 212, Herstellerverzeichnis, Porzellanfabrik Ph. Rosenthal &#038; Co. AG, 141 sowie Seite 221, Namenverzeichnis, Rosenthal Philipp, &#038; Co., Selb, M 141, weitere Literatur: Robert E. R\u00f6ntgen, Deutsche Porzellanmarken von 1710 bis heute (Ausgabe Jahr 2000), Seite 315, Marke Nr. 2468 identisch (dort g\u00fcltig f\u00fcr die Zeit 1891 &#8211; 1904), zur Firmenhistorie, siehe die \u00dcbersichten nach den Inventarfotos, die bis auf einige Details in soweit richtig sind, 1879\/1880 pachtete der aus Werl nach Selb zugezogene Porzellanmaler Philipp Rosenthal das Schlo\u00df Erkersreuth bei Selb und gr\u00fcndete eine Porzellanmalerei, anf\u00e4nglich arbeitete er nur mit einem b\u00f6hmischen Mitarbeiter, die Weissware bezog er von den benachbarten Porzellanfabriken Hutschenreuther und Zeidler, die Firmierung lautete Porzellanmalerei Philipp Rosenthal, 1889\/1891 begann Rosenthal selbst Porzellan in Selb zu produzieren und firmierte als Philipp Rosenthal &#038; Co., am 28.08. 1897 wurde die Fabrik in eine AG umgewandelt, diese firmierte als Philipp Rosenthal &#038; Co. AG (1920 Verlegung des AG Sitzes nach Berlin, 1934 R\u00fcckverlegung des Sitzes nach Selb), zur gleichen Zeit gr\u00fcndete Rosenthal zusammen mit einem Herrn Bauer und weiteren Investoren eine Porzellanfabrik in Kronach, die als Bauer, Rosenthal &#038; Co. firmierte, diese Fabrik wurde gleich 1897 wieder in die AG integriert, evtl. auch erst 1901, dies ist in der Literatur mal so oder so beschrieben, 1934 scheidet Geheimrat Philipp Rosenthal aus der Fabrikleitung aus, ab 1939 lautete die Firmierung der Aktiengesellschaft Rosenthal Porzellan AG, ab 1965 Rosenthal Glas &#038; Porzellan AG und ab 1969 Rosenthal AG, Rosenthal kaufte diverse Porzellanfabriken zu, die in die AG integriert worden sind, z. B. firmierte die ehemalige Zeidler\u2019sche Fabrik dann als Rosenthal Porzellanfabrik Bahnhof Selb GmbH, siehe auch MEK D\/XXX\/4 weiterer Teller dieses Service, Fahne mit Goldrand, Durchmesser 19,7 cm<\/p>\n<p><a href=\"http:\/\/museumek.eu\/wp-content\/uploads\/2012\/11\/Museum-Europ\u00e4ischer-Keramikkunst-3031.jpg\"><img loading=\"lazy\" src=\"http:\/\/museumek.eu\/wp-content\/uploads\/2012\/11\/Museum-Europ\u00e4ischer-Keramikkunst-3031-300x294.jpg\" alt=\"\" title=\"Museum Europ\u00e4ischer Keramikkunst 3031\" width=\"300\" height=\"294\" class=\"alignnone size-medium wp-image-16222\" srcset=\"http:\/\/museumek.eu\/wp-content\/uploads\/2012\/11\/Museum-Europ\u00e4ischer-Keramikkunst-3031-300x294.jpg 300w, http:\/\/museumek.eu\/wp-content\/uploads\/2012\/11\/Museum-Europ\u00e4ischer-Keramikkunst-3031-305x300.jpg 305w, http:\/\/museumek.eu\/wp-content\/uploads\/2012\/11\/Museum-Europ\u00e4ischer-Keramikkunst-3031.jpg 706w\" sizes=\"(max-width: 300px) 100vw, 300px\" \/><\/a><\/p>\n<p><a href=\"http:\/\/museumek.eu\/?attachment_id=44670\" rel=\"attachment wp-att-44670\"><img loading=\"lazy\" src=\"http:\/\/museumek.eu\/wp-content\/uploads\/2015\/09\/4550-237x300.jpg\" alt=\"\" title=\"4550\" width=\"237\" height=\"300\" class=\"alignnone size-medium wp-image-44670\" srcset=\"http:\/\/museumek.eu\/wp-content\/uploads\/2015\/09\/4550-237x300.jpg 237w, http:\/\/museumek.eu\/wp-content\/uploads\/2015\/09\/4550-118x150.jpg 118w, http:\/\/museumek.eu\/wp-content\/uploads\/2015\/09\/4550.jpg 600w\" sizes=\"(max-width: 237px) 100vw, 237px\" \/><\/a><\/p>\n<p><a href=\"http:\/\/museumek.eu\/?attachment_id=44673\" rel=\"attachment wp-att-44673\"><img loading=\"lazy\" src=\"http:\/\/museumek.eu\/wp-content\/uploads\/2015\/09\/4551-296x300.jpg\" alt=\"\" title=\"4551\" width=\"296\" height=\"300\" class=\"alignnone size-medium wp-image-44673\" srcset=\"http:\/\/museumek.eu\/wp-content\/uploads\/2015\/09\/4551-296x300.jpg 296w, http:\/\/museumek.eu\/wp-content\/uploads\/2015\/09\/4551-148x150.jpg 148w, http:\/\/museumek.eu\/wp-content\/uploads\/2015\/09\/4551.jpg 600w\" sizes=\"(max-width: 296px) 100vw, 296px\" \/><\/a><\/p>\n<p><a href=\"http:\/\/museumek.eu\/wp-content\/uploads\/2012\/11\/Museum-Europ\u00e4ischer-Keramikkunst-3032.jpg\"><img loading=\"lazy\" src=\"http:\/\/museumek.eu\/wp-content\/uploads\/2012\/11\/Museum-Europ\u00e4ischer-Keramikkunst-3032.jpg\" alt=\"\" title=\"Museum Europ\u00e4ischer Keramikkunst 3032\" width=\"180\" height=\"254\" class=\"alignnone size-full wp-image-16223\" \/><\/a><\/p>\n<p><a href=\"http:\/\/museumek.eu\/?attachment_id=24754\" rel=\"attachment wp-att-24754\"><img loading=\"lazy\" src=\"http:\/\/museumek.eu\/wp-content\/uploads\/2011\/12\/002-Geschichte-Rosenthal-Porzellan-300x216.jpg\" alt=\"\" title=\"002 Geschichte Rosenthal Porzellan\" width=\"300\" height=\"216\" class=\"alignnone size-medium wp-image-24754\" srcset=\"http:\/\/museumek.eu\/wp-content\/uploads\/2011\/12\/002-Geschichte-Rosenthal-Porzellan-300x216.jpg 300w, http:\/\/museumek.eu\/wp-content\/uploads\/2011\/12\/002-Geschichte-Rosenthal-Porzellan-150x108.jpg 150w, http:\/\/museumek.eu\/wp-content\/uploads\/2011\/12\/002-Geschichte-Rosenthal-Porzellan-415x300.jpg 415w, http:\/\/museumek.eu\/wp-content\/uploads\/2011\/12\/002-Geschichte-Rosenthal-Porzellan.jpg 917w\" sizes=\"(max-width: 300px) 100vw, 300px\" \/><\/a><\/p>\n<p><a href=\"http:\/\/museumek.eu\/?attachment_id=24755\" rel=\"attachment wp-att-24755\"><img loading=\"lazy\" src=\"http:\/\/museumek.eu\/wp-content\/uploads\/2011\/12\/004-Geschichte-Rosenthal-Porzellan-300x220.jpg\" alt=\"\" title=\"004 Geschichte Rosenthal Porzellan\" width=\"300\" height=\"220\" class=\"alignnone size-medium wp-image-24755\" srcset=\"http:\/\/museumek.eu\/wp-content\/uploads\/2011\/12\/004-Geschichte-Rosenthal-Porzellan-300x220.jpg 300w, http:\/\/museumek.eu\/wp-content\/uploads\/2011\/12\/004-Geschichte-Rosenthal-Porzellan-150x110.jpg 150w, http:\/\/museumek.eu\/wp-content\/uploads\/2011\/12\/004-Geschichte-Rosenthal-Porzellan-407x300.jpg 407w, http:\/\/museumek.eu\/wp-content\/uploads\/2011\/12\/004-Geschichte-Rosenthal-Porzellan.jpg 943w\" sizes=\"(max-width: 300px) 100vw, 300px\" \/><\/a><\/p>\n<p><strong>Abteilung Deutschland, Keramik 1860 \u2013 1960, Inventarnummer D\/XXX\/6<\/strong><\/p>\n<p>Rosenthal Porzellan AG, vormals Philipp Rosenthal &#038; Co. AG, vormals Philipp Rosenthal &#038; Co., vormals Porzellanmalerei Philipp Rosenthal, Deutschland, Erkersreuth, Kronach, Marktredewitz, Selb, Selb-Pl\u00f6ssberg, Sophienthal, Waldenburg, Waldershof, ca. 1910, Teller aus dem Fischservice, K\u00fcnstler Julius-Vilhelm Guldbrandsen, Werks.-Nr. ohne, Exemplar-Nr. ohne, gemarkt Firmenmarke zwei gekreuzte St\u00e4be, in der oberen H\u00e4lfte des Kreuzes eine Krone, links neben den St\u00e4ben Rosen, rechts neben den St\u00e4ben thal, darunter SELB-BAVARIA, darunter Kunst-, darunter Porzellan gr\u00fcne Stempel unter Glasur, nicht signiert, Literatur: J. G. Th. Graesse und E. Jaenicke, F\u00fchrer f\u00fcr Sammler von Porzellan und Fayence, Steinzeug, Steingut usw., Seite 512, Marke Nr. 3 identisch, weitere Literatur: Emanuel Poche, Porzellanmarken, Marke Nr. 1449 identisch (ohne Schriftzug Selb.Bavaria), weitere Literatur: Otto Pelka, Keramik der Neuzeit, Markentafel IX, Markenkasten 141 identische Marke abgebildet (ohne Schriftzug Selb-Bavaria), Seite 212, Herstellerverzeichnis, Porzellanfabrik Ph. Rosenthal &#038; Co. AG, 141 sowie Seite 221, Namenverzeichnis, Rosenthal Philipp, &#038; Co., Selb, M 141, weitere Literatur: Robert E. R\u00f6ntgen, Deutsche Porzellanmarken von 1710 bis heute (Ausgabe Jahr 2000), Seite 315, Marke Nr. 2477 identisch (dort g\u00fcltig f\u00fcr das Jahr 1910), siehe auch Auktionshaus Quittenbaum, 86. Auktion, Jugendstil \u2013 Art D\u00e9co vom 20. Oktober 2009, Lot Nr. 582, zur Firmenhistorie, siehe die \u00dcbersichten nach den Inventarfotos, die bis auf einige Details in soweit richtig sind, 1879\/1880 pachtete der aus Werl nach Selb zugezogene Porzellanmaler Philipp Rosenthal das Schlo\u00df Erkersreuth bei Selb und gr\u00fcndete eine Porzellanmalerei, anf\u00e4nglich arbeitete er nur mit einem b\u00f6hmischen Mitarbeiter, die Weissware bezog er von den benachbarten Porzellanfabriken Hutschenreuther und Zeidler, die Firmierung lautete Porzellanmalerei Philipp Rosenthal, 1889\/1891 begann Rosenthal selbst Porzellan in Selb zu produzieren und firmierte als Philipp Rosenthal &#038; Co., am 28.08. 1897 wurde die Fabrik in eine AG umgewandelt, diese firmierte als Philipp Rosenthal &#038; Co. AG (1920 Verlegung des AG Sitzes nach Berlin, 1934 R\u00fcckverlegung des Sitzes nach Selb), zur gleichen Zeit gr\u00fcndete Rosenthal zusammen mit einem Herrn Bauer und weiteren Investoren eine Porzellanfabrik in Kronach, die als Bauer, Rosenthal &#038; Co. firmierte, diese Fabrik wurde gleich 1897 wieder in die AG integriert, evtl. auch erst 1901, dies ist in der Literatur mal so oder so beschrieben, 1934 scheidet Geheimrat Philipp Rosenthal aus der Fabrikleitung aus, ab 1939 lautete die Firmierung der Aktiengesellschaft Rosenthal Porzellan AG, ab 1965 Rosenthal Glas &#038; Porzellan AG und ab 1969 Rosenthal AG, Rosenthal kaufte diverse Porzellanfabriken zu, die in die AG integriert worden sind, z. B. firmierte die ehemalige Zeidler\u2019sche Fabrik dann als Rosenthal Porzellanfabrik Bahnhof Selb GmbH, Durchmesser 22,1 cm<\/p>\n<p><a href=\"http:\/\/museumek.eu\/wp-content\/uploads\/2013\/04\/Museum-Europ\u00e4ischer-Keramikkunst-3354.jpg\"><img loading=\"lazy\" src=\"http:\/\/museumek.eu\/wp-content\/uploads\/2013\/04\/Museum-Europ\u00e4ischer-Keramikkunst-3354-300x288.jpg\" alt=\"\" title=\"Museum Europ\u00e4ischer Keramikkunst 3354\" width=\"300\" height=\"288\" class=\"alignnone size-medium wp-image-19859\" srcset=\"http:\/\/museumek.eu\/wp-content\/uploads\/2013\/04\/Museum-Europ\u00e4ischer-Keramikkunst-3354-300x288.jpg 300w, http:\/\/museumek.eu\/wp-content\/uploads\/2013\/04\/Museum-Europ\u00e4ischer-Keramikkunst-3354-312x300.jpg 312w, http:\/\/museumek.eu\/wp-content\/uploads\/2013\/04\/Museum-Europ\u00e4ischer-Keramikkunst-3354.jpg 728w\" sizes=\"(max-width: 300px) 100vw, 300px\" \/><\/a><\/p>\n<p><a href=\"http:\/\/museumek.eu\/?attachment_id=44676\" rel=\"attachment wp-att-44676\"><img loading=\"lazy\" src=\"http:\/\/museumek.eu\/wp-content\/uploads\/2015\/09\/4552-225x300.jpg\" alt=\"\" title=\"4552\" width=\"225\" height=\"300\" class=\"alignnone size-medium wp-image-44676\" srcset=\"http:\/\/museumek.eu\/wp-content\/uploads\/2015\/09\/4552-225x300.jpg 225w, http:\/\/museumek.eu\/wp-content\/uploads\/2015\/09\/4552-112x150.jpg 112w, http:\/\/museumek.eu\/wp-content\/uploads\/2015\/09\/4552.jpg 600w\" sizes=\"(max-width: 225px) 100vw, 225px\" \/><\/a><\/p>\n<p><a href=\"http:\/\/museumek.eu\/?attachment_id=44677\" rel=\"attachment wp-att-44677\"><img loading=\"lazy\" src=\"http:\/\/museumek.eu\/wp-content\/uploads\/2015\/09\/4553-295x300.jpg\" alt=\"\" title=\"4553\" width=\"295\" height=\"300\" class=\"alignnone size-medium wp-image-44677\" srcset=\"http:\/\/museumek.eu\/wp-content\/uploads\/2015\/09\/4553-295x300.jpg 295w, http:\/\/museumek.eu\/wp-content\/uploads\/2015\/09\/4553-147x150.jpg 147w, http:\/\/museumek.eu\/wp-content\/uploads\/2015\/09\/4553.jpg 600w\" sizes=\"(max-width: 295px) 100vw, 295px\" \/><\/a><\/p>\n<p><a href=\"http:\/\/museumek.eu\/wp-content\/uploads\/2013\/04\/Museum-Europ\u00e4ischer-Keramikkunst-3355.jpg\"><img loading=\"lazy\" src=\"http:\/\/museumek.eu\/wp-content\/uploads\/2013\/04\/Museum-Europ\u00e4ischer-Keramikkunst-3355-289x300.jpg\" alt=\"\" title=\"Museum Europ\u00e4ischer Keramikkunst 3355\" width=\"289\" height=\"300\" class=\"alignnone size-medium wp-image-19860\" srcset=\"http:\/\/museumek.eu\/wp-content\/uploads\/2013\/04\/Museum-Europ\u00e4ischer-Keramikkunst-3355-289x300.jpg 289w, http:\/\/museumek.eu\/wp-content\/uploads\/2013\/04\/Museum-Europ\u00e4ischer-Keramikkunst-3355.jpg 292w\" sizes=\"(max-width: 289px) 100vw, 289px\" \/><\/a><\/p>\n<p><a href=\"http:\/\/museumek.eu\/wp-content\/uploads\/2013\/04\/Museum-Europ\u00e4ischer-Keramikkunst-3317.jpg\"><img loading=\"lazy\" src=\"http:\/\/museumek.eu\/wp-content\/uploads\/2013\/04\/Museum-Europ\u00e4ischer-Keramikkunst-3317-300x274.jpg\" alt=\"\" title=\"Museum Europ\u00e4ischer Keramikkunst 3317\" width=\"300\" height=\"274\" class=\"alignnone size-medium wp-image-19861\" srcset=\"http:\/\/museumek.eu\/wp-content\/uploads\/2013\/04\/Museum-Europ\u00e4ischer-Keramikkunst-3317-300x274.jpg 300w, http:\/\/museumek.eu\/wp-content\/uploads\/2013\/04\/Museum-Europ\u00e4ischer-Keramikkunst-3317-327x300.jpg 327w, http:\/\/museumek.eu\/wp-content\/uploads\/2013\/04\/Museum-Europ\u00e4ischer-Keramikkunst-3317.jpg 718w\" sizes=\"(max-width: 300px) 100vw, 300px\" \/><\/a><\/p>\n<p><a href=\"http:\/\/museumek.eu\/?attachment_id=24754\" rel=\"attachment wp-att-24754\"><img loading=\"lazy\" src=\"http:\/\/museumek.eu\/wp-content\/uploads\/2011\/12\/002-Geschichte-Rosenthal-Porzellan-300x216.jpg\" alt=\"\" title=\"002 Geschichte Rosenthal Porzellan\" width=\"300\" height=\"216\" class=\"alignnone size-medium wp-image-24754\" srcset=\"http:\/\/museumek.eu\/wp-content\/uploads\/2011\/12\/002-Geschichte-Rosenthal-Porzellan-300x216.jpg 300w, http:\/\/museumek.eu\/wp-content\/uploads\/2011\/12\/002-Geschichte-Rosenthal-Porzellan-150x108.jpg 150w, http:\/\/museumek.eu\/wp-content\/uploads\/2011\/12\/002-Geschichte-Rosenthal-Porzellan-415x300.jpg 415w, http:\/\/museumek.eu\/wp-content\/uploads\/2011\/12\/002-Geschichte-Rosenthal-Porzellan.jpg 917w\" sizes=\"(max-width: 300px) 100vw, 300px\" \/><\/a><\/p>\n<p><a href=\"http:\/\/museumek.eu\/?attachment_id=24755\" rel=\"attachment wp-att-24755\"><img loading=\"lazy\" src=\"http:\/\/museumek.eu\/wp-content\/uploads\/2011\/12\/004-Geschichte-Rosenthal-Porzellan-300x220.jpg\" alt=\"\" title=\"004 Geschichte Rosenthal Porzellan\" width=\"300\" height=\"220\" class=\"alignnone size-medium wp-image-24755\" srcset=\"http:\/\/museumek.eu\/wp-content\/uploads\/2011\/12\/004-Geschichte-Rosenthal-Porzellan-300x220.jpg 300w, http:\/\/museumek.eu\/wp-content\/uploads\/2011\/12\/004-Geschichte-Rosenthal-Porzellan-150x110.jpg 150w, http:\/\/museumek.eu\/wp-content\/uploads\/2011\/12\/004-Geschichte-Rosenthal-Porzellan-407x300.jpg 407w, http:\/\/museumek.eu\/wp-content\/uploads\/2011\/12\/004-Geschichte-Rosenthal-Porzellan.jpg 943w\" sizes=\"(max-width: 300px) 100vw, 300px\" \/><\/a><\/p>\n<p><strong>Abteilung Deutschland, Keramik 1860 \u2013 1960, Inventarnummer D\/XXX\/7<\/strong><\/p>\n<p>Rosenthal Porzellan AG, vormals Philipp Rosenthal &#038; Co. AG, vormals Philipp Rosenthal &#038; Co., vormals Porzellanmalerei Philipp Rosenthal, Deutschland, Erkersreuth, Kronach, Marktredewitz, Selb, Selb-Pl\u00f6ssberg, Sophienthal, Waldenburg, Waldershof, 1891, Vase , K\u00fcnstler unbekannt, Werks.-Nr. 31 (?), Exemplar-Nr. ohne, gemarkt Firmenmarke zwei gekreuzte St\u00e4be, in der oberen H\u00e4lfte des Kreuzes eine Krone, links R., rechts C. (Marke f\u00fcr die Zeit von 1891 \u2013 1907) gr\u00fcner Stempel, P. Raddatz &#038; Co. (f\u00fcr das Berliner Spezialhandelshaus Raddatz) nachgeahmte Bindenschildmarke (Anm. MEK: die Bindenschildmarke der Wiener Porzellanmanufaktur wurde von vielen Porzellanfabriken nachgeahmt u. a. auch von der Porzeallanfabrik Hutschenreuther, bei Graesse ist auf Seite 535, Deutschland, Marke Nr. 5 eine Hutschenreuther Nachahmung verzeichnet, da die Rosenthaler Porzellanmalerei u. a. auch Weissware von Hutschenreuther bezogen hat, k\u00f6nnte die Bindenschildmarke auf Hutschenreuther hinweisen, die Weissware stammt wohl noch aus der Lieferzeit vor 1891 und wurde entweder um 1891 bemalt, da der Rosenthal Stempel ab 1891, Aufnahme der eigenen Porzellanproduktion in Selb, verwendet worden ist oder die Vase wurde bereits vor 1891 in der Porzellanmalerei Rosenthal fertiggestellt, war Lagerware und wurde um 1891 kurz vor ihrem Verkauf, \u00fcber das Handelshaus Raddatz mit dem Rosenthal Stempel versehen), blauer Stempel, 31 in Gold gemalt, nicht signiert, Literatur: J. G. Th. Graesse und E. Jaenicke, F\u00fchrer f\u00fcr Sammler von Porzellan und Fayence, Steinzeug, Steingut usw., Seite 512, Marke Nr. 1 identisch, weitere Literatur: Emanuel Poche, Porzellanmarken, Marke Nr. 1419 identisch, weitere Literatur: Gustav Wei\u00df, Ullstein Porzellanbuch, Seite 302, Marke Nr. 8 identisch, weitere Literatur: Otto Pelka, Keramik der Neuzeit, Markentafel IX, Markenkasten 141 identische Marke abgebildet, Seite 212, Herstellerverzeichnis, Porzellanfabrik Ph. Rosenthal &#038; Co. AG, 141 sowie Seite 221, Namenverzeichnis, Rosenthal Philipp, &#038; Co., Selb, M 141, weitere Literatur: Robert E. R\u00f6ntgen, Deutsche Porzellanmarken von 1710 bis heute (Ausgabe Jahr 2000), Seite 315, Marke Nr. 2468 identisch (dort g\u00fcltig f\u00fcr die Zeit 1891 . 1904), zur Firmenhistorie, siehe die \u00dcbersichten nach den Inventarfotos, die bis auf einige Details in soweit richtig sind, 1879\/1880 pachtete der aus Werl nach Selb zugezogene Porzellanmaler Philipp Rosenthal das Schlo\u00df Erkersreuth bei Selb und gr\u00fcndete eine Porzellanmalerei, anf\u00e4nglich arbeitete er nur mit einem b\u00f6hmischen Mitarbeiter, die Weissware bezog er von den benachbarten Porzellanfabriken Hutschenreuther und Zeidler, die Firmierung lautete Porzellanmalerei Philipp Rosenthal, 1889\/1891 begann Rosenthal selbst Porzellan in Selb zu produzieren und firmierte als Philipp Rosenthal &#038; Co., am 28.08. 1897 wurde die Fabrik in eine AG umgewandelt, diese firmierte als Philipp Rosenthal &#038; Co. AG (1920 Verlegung des AG Sitzes nach Berlin, 1934 R\u00fcckverlegung des Sitzes nach Selb), zur gleichen Zeit gr\u00fcndete Rosenthal zusammen mit einem Herrn Bauer und weiteren Investoren eine Porzellanfabrik in Kronach, die als Bauer, Rosenthal &#038; Co. firmierte, diese Fabrik wurde gleich 1897 wieder in die AG integriert, evtl. auch erst 1901, dies ist in der Literatur mal so oder so beschrieben, 1934 scheidet Geheimrat Philipp Rosenthal aus der Fabrikleitung aus, ab 1939 lautete die Firmierung der Aktiengesellschaft Rosenthal Porzellan AG, ab 1965 Rosenthal Glas &#038; Porzellan AG und ab 1969 Rosenthal AG, Rosenthal kaufte diverse Porzellanfabriken zu, die in die AG integriert worden sind, z. B. firmierte die ehemalige Zeidler\u2019sche Fabrik dann als Rosenthal Porzellanfabrik Bahnhof Selb GmbH, Handmalerei, reichliche Goldh\u00f6hung,<br \/>\nH\u00f6he 13,5 cm, Breite 5 cm<\/p>\n<p><a href=\"http:\/\/museumek.eu\/?attachment_id=24834\" rel=\"attachment wp-att-24834\"><img loading=\"lazy\" src=\"http:\/\/museumek.eu\/wp-content\/uploads\/2013\/07\/Museum-Europ\u00e4ischer-Keramikkunst-2789-130x300.jpg\" alt=\"\" title=\"Museum Europ\u00e4ischer Keramikkunst 2789\" width=\"130\" height=\"300\" class=\"alignnone size-medium wp-image-24834\" srcset=\"http:\/\/museumek.eu\/wp-content\/uploads\/2013\/07\/Museum-Europ\u00e4ischer-Keramikkunst-2789-130x300.jpg 130w, http:\/\/museumek.eu\/wp-content\/uploads\/2013\/07\/Museum-Europ\u00e4ischer-Keramikkunst-2789-65x150.jpg 65w, http:\/\/museumek.eu\/wp-content\/uploads\/2013\/07\/Museum-Europ\u00e4ischer-Keramikkunst-2789.jpg 347w\" sizes=\"(max-width: 130px) 100vw, 130px\" \/><\/a><\/p>\n<p><a href=\"http:\/\/museumek.eu\/?attachment_id=24835\" rel=\"attachment wp-att-24835\"><img loading=\"lazy\" src=\"http:\/\/museumek.eu\/wp-content\/uploads\/2013\/07\/Museum-Europ\u00e4ischer-Keramikkunst-2790-132x300.jpg\" alt=\"\" title=\"Museum Europ\u00e4ischer Keramikkunst 2790\" width=\"132\" height=\"300\" class=\"alignnone size-medium wp-image-24835\" srcset=\"http:\/\/museumek.eu\/wp-content\/uploads\/2013\/07\/Museum-Europ\u00e4ischer-Keramikkunst-2790-132x300.jpg 132w, http:\/\/museumek.eu\/wp-content\/uploads\/2013\/07\/Museum-Europ\u00e4ischer-Keramikkunst-2790-66x150.jpg 66w, http:\/\/museumek.eu\/wp-content\/uploads\/2013\/07\/Museum-Europ\u00e4ischer-Keramikkunst-2790.jpg 352w\" sizes=\"(max-width: 132px) 100vw, 132px\" \/><\/a><\/p>\n<p><a href=\"http:\/\/museumek.eu\/?attachment_id=24842\" rel=\"attachment wp-att-24842\"><img loading=\"lazy\" src=\"http:\/\/museumek.eu\/wp-content\/uploads\/2013\/07\/Museum-Europ\u00e4ischer-Keramikkunst-27911-278x300.jpg\" alt=\"\" title=\"Museum Europ\u00e4ischer Keramikkunst 2791\" width=\"278\" height=\"300\" class=\"alignnone size-medium wp-image-24842\" srcset=\"http:\/\/museumek.eu\/wp-content\/uploads\/2013\/07\/Museum-Europ\u00e4ischer-Keramikkunst-27911-278x300.jpg 278w, http:\/\/museumek.eu\/wp-content\/uploads\/2013\/07\/Museum-Europ\u00e4ischer-Keramikkunst-27911-139x150.jpg 139w, http:\/\/museumek.eu\/wp-content\/uploads\/2013\/07\/Museum-Europ\u00e4ischer-Keramikkunst-27911.jpg 417w\" sizes=\"(max-width: 278px) 100vw, 278px\" \/><\/a><\/p>\n<p><a href=\"http:\/\/museumek.eu\/?attachment_id=24844\" rel=\"attachment wp-att-24844\"><img loading=\"lazy\" src=\"http:\/\/museumek.eu\/wp-content\/uploads\/2013\/07\/Museum-Europ\u00e4ischer-Keramikkunst-2792-247x300.jpg\" alt=\"\" title=\"Museum Europ\u00e4ischer Keramikkunst 2792\" width=\"247\" height=\"300\" class=\"alignnone size-medium wp-image-24844\" srcset=\"http:\/\/museumek.eu\/wp-content\/uploads\/2013\/07\/Museum-Europ\u00e4ischer-Keramikkunst-2792-247x300.jpg 247w, http:\/\/museumek.eu\/wp-content\/uploads\/2013\/07\/Museum-Europ\u00e4ischer-Keramikkunst-2792-123x150.jpg 123w, http:\/\/museumek.eu\/wp-content\/uploads\/2013\/07\/Museum-Europ\u00e4ischer-Keramikkunst-2792.jpg 445w\" sizes=\"(max-width: 247px) 100vw, 247px\" \/><\/a><\/p>\n<p><a href=\"http:\/\/museumek.eu\/?attachment_id=24849\" rel=\"attachment wp-att-24849\"><img loading=\"lazy\" src=\"http:\/\/museumek.eu\/wp-content\/uploads\/2013\/07\/002-Geschichte-Rosenthal-Porzellan-300x216.jpg\" alt=\"\" title=\"002 Geschichte Rosenthal Porzellan\" width=\"300\" height=\"216\" class=\"alignnone size-medium wp-image-24849\" srcset=\"http:\/\/museumek.eu\/wp-content\/uploads\/2013\/07\/002-Geschichte-Rosenthal-Porzellan-300x216.jpg 300w, http:\/\/museumek.eu\/wp-content\/uploads\/2013\/07\/002-Geschichte-Rosenthal-Porzellan-150x108.jpg 150w, http:\/\/museumek.eu\/wp-content\/uploads\/2013\/07\/002-Geschichte-Rosenthal-Porzellan-415x300.jpg 415w, http:\/\/museumek.eu\/wp-content\/uploads\/2013\/07\/002-Geschichte-Rosenthal-Porzellan.jpg 917w\" sizes=\"(max-width: 300px) 100vw, 300px\" \/><\/a><\/p>\n<p><a href=\"http:\/\/museumek.eu\/?attachment_id=24853\" rel=\"attachment wp-att-24853\"><img loading=\"lazy\" src=\"http:\/\/museumek.eu\/wp-content\/uploads\/2013\/07\/004-Geschichte-Rosenthal-Porzellan1-300x220.jpg\" alt=\"\" title=\"004 Geschichte Rosenthal Porzellan\" width=\"300\" height=\"220\" class=\"alignnone size-medium wp-image-24853\" srcset=\"http:\/\/museumek.eu\/wp-content\/uploads\/2013\/07\/004-Geschichte-Rosenthal-Porzellan1-300x220.jpg 300w, http:\/\/museumek.eu\/wp-content\/uploads\/2013\/07\/004-Geschichte-Rosenthal-Porzellan1-150x110.jpg 150w, http:\/\/museumek.eu\/wp-content\/uploads\/2013\/07\/004-Geschichte-Rosenthal-Porzellan1-407x300.jpg 407w, http:\/\/museumek.eu\/wp-content\/uploads\/2013\/07\/004-Geschichte-Rosenthal-Porzellan1.jpg 943w\" sizes=\"(max-width: 300px) 100vw, 300px\" \/><\/a><\/p>\n<p><strong>Abteilung Deutschland, Keramik 1860 \u2013 1960, Inventarnummer D\/XXX\/8<\/strong><\/p>\n<p>Rosenthal Porzellan AG, vormals Philipp Rosenthal &#038; Co. AG, vormals Philipp Rosenthal &#038; Co., vormals Porzellanmalerei Philipp Rosenthal, Deutschland, Erkersreuth, Kronach, Marktredewitz, Selb, Selb-Pl\u00f6ssberg, Sophienthal, Waldenburg, Waldershof, um 1921, K\u00e4nnchen , K\u00fcnstler Philipp Rosenthal, Werks.-Nr. ohne, Exemplar-Nr. ohne, gemarkt Firmenmarke mit Krone, darunter ein Blumengebinde mit zwei Rosen, darunter Rosenthal, darunter Bavaria gr\u00fcner Stempel unter Glasur (Marke g\u00fcltig f\u00fcr die Zeit von 1919 \u2013 1935), Modell Ph. Rosenthal, F sowie nicht lesbarar Buchstabe gr\u00fcne Stempel unter Glasur, 442, 166 sowie 41 blaugr\u00fcn unter Glasur gemalt, nicht signiert, Literatur: J. G. Th. Graesse und E. Jaenicke, F\u00fchrer f\u00fcr Sammler von Porzellan und Fayence, Steinzeug, Steingut usw., Seite 512, Marke Nr. 7 identisch (statt Bavaria Germany), weitere Literatur: Emanuel Poche, Porzellanmarken, Marke Nr. 1451 identisch (ohne Schriftzug Bavaria), weitere Literatur: Gustav Wei\u00df, Ullstein Porzellanbuch, Seite 302, Marke Nr. 8 identisch, weitere Literatur: Otto Pelka, Keramik der Neuzeit, Markentafel IX, Markenkasten 141 identische Marke abgebildet, Seite 212, Herstellerverzeichnis, Porzellanfabrik Ph. Rosenthal &#038; Co. AG, 141 sowie Seite 221, Namenverzeichnis, Rosenthal Philipp, &#038; Co., Selb, M 141, weitere Literatur: Robert E. R\u00f6ntgen, Deutsche Porzellanmarken von 1710 bis heute (Ausgabe Jahr 2000), Seite 317, Marke Nr. 2488 identisch (dort f\u00fcr die Zeit von 1921 -1938, f\u00fcr Porzellanfabrik Bahnhof Selb), zur Firmenhistorie, siehe die \u00dcbersichten nach den Inventarfotos, die bis auf einige Details in soweit richtig sind, 1879\/1880 pachtete der aus Werl nach Selb zugezogene Porzellanmaler Philipp Rosenthal das Schlo\u00df Erkersreuth bei Selb und gr\u00fcndete eine Porzellanmalerei, anf\u00e4nglich arbeitete er nur mit einem b\u00f6hmischen Mitarbeiter, die Weissware bezog er von den benachbarten Porzellanfabriken Hutschenreuther und Zeidler, die Firmierung lautete Porzellanmalerei Philipp Rosenthal, 1889\/1891 begann Rosenthal selbst Porzellan in Selb zu produzieren und firmierte als Philipp Rosenthal &#038; Co., am 28.08. 1897 wurde die Fabrik in eine AG umgewandelt, diese firmierte als Philipp Rosenthal &#038; Co. AG (1920 Verlegung des AG Sitzes nach Berlin, 1934 R\u00fcckverlegung des Sitzes nach Selb), zur gleichen Zeit gr\u00fcndete Rosenthal zusammen mit einem Herrn Bauer und weiteren Investoren eine Porzellanfabrik in Kronach, die als Bauer, Rosenthal &#038; Co. firmierte, diese Fabrik wurde gleich 1897 wieder in die AG integriert, evtl. auch erst 1901, dies ist in der Literatur mal so oder so beschrieben, 1934 scheidet Geheimrat Philipp Rosenthal aus der Fabrikleitung aus, ab 1939 lautete die Firmierung der Aktiengesellschaft Rosenthal Porzellan AG, ab 1965 Rosenthal Glas &#038; Porzellan AG und ab 1969 Rosenthal AG, Rosenthal kaufte diverse Porzellanfabriken zu, die in die AG integriert worden sind, z. B. firmierte die ehemalige Zeidler\u2019sche Fabrik dann als Rosenthal Porzellanfabrik Bahnhof Selb GmbH, Goldh\u00f6hung, H\u00f6he 13,3 cm, Breite 15,5 cm<\/p>\n<p><a href=\"http:\/\/museumek.eu\/?attachment_id=24867\" rel=\"attachment wp-att-24867\"><img loading=\"lazy\" src=\"http:\/\/museumek.eu\/wp-content\/uploads\/2013\/07\/Museum-Europ\u00e4ischer-Keramikkunst-2499-300x296.jpg\" alt=\"\" title=\"Museum Europ\u00e4ischer Keramikkunst 2499\" width=\"300\" height=\"296\" class=\"alignnone size-medium wp-image-24867\" srcset=\"http:\/\/museumek.eu\/wp-content\/uploads\/2013\/07\/Museum-Europ\u00e4ischer-Keramikkunst-2499-300x296.jpg 300w, http:\/\/museumek.eu\/wp-content\/uploads\/2013\/07\/Museum-Europ\u00e4ischer-Keramikkunst-2499-150x148.jpg 150w, http:\/\/museumek.eu\/wp-content\/uploads\/2013\/07\/Museum-Europ\u00e4ischer-Keramikkunst-2499-303x300.jpg 303w, http:\/\/museumek.eu\/wp-content\/uploads\/2013\/07\/Museum-Europ\u00e4ischer-Keramikkunst-2499.jpg 637w\" sizes=\"(max-width: 300px) 100vw, 300px\" \/><\/a><\/p>\n<p><a href=\"http:\/\/museumek.eu\/?attachment_id=44686\" rel=\"attachment wp-att-44686\"><img loading=\"lazy\" src=\"http:\/\/museumek.eu\/wp-content\/uploads\/2015\/09\/4554-269x300.jpg\" alt=\"\" title=\"4554\" width=\"269\" height=\"300\" class=\"alignnone size-medium wp-image-44686\" srcset=\"http:\/\/museumek.eu\/wp-content\/uploads\/2015\/09\/4554-269x300.jpg 269w, http:\/\/museumek.eu\/wp-content\/uploads\/2015\/09\/4554-134x150.jpg 134w, http:\/\/museumek.eu\/wp-content\/uploads\/2015\/09\/4554.jpg 600w\" sizes=\"(max-width: 269px) 100vw, 269px\" \/><\/a><\/p>\n<p><a href=\"http:\/\/museumek.eu\/?attachment_id=44687\" rel=\"attachment wp-att-44687\"><img loading=\"lazy\" src=\"http:\/\/museumek.eu\/wp-content\/uploads\/2015\/09\/4556-300x293.jpg\" alt=\"\" title=\"4556\" width=\"300\" height=\"293\" class=\"alignnone size-medium wp-image-44687\" srcset=\"http:\/\/museumek.eu\/wp-content\/uploads\/2015\/09\/4556-300x293.jpg 300w, http:\/\/museumek.eu\/wp-content\/uploads\/2015\/09\/4556-150x146.jpg 150w, http:\/\/museumek.eu\/wp-content\/uploads\/2015\/09\/4556-307x300.jpg 307w, http:\/\/museumek.eu\/wp-content\/uploads\/2015\/09\/4556.jpg 614w\" sizes=\"(max-width: 300px) 100vw, 300px\" \/><\/a><\/p>\n<p><a href=\"http:\/\/museumek.eu\/?attachment_id=44688\" rel=\"attachment wp-att-44688\"><img loading=\"lazy\" src=\"http:\/\/museumek.eu\/wp-content\/uploads\/2015\/09\/4555-213x300.jpg\" alt=\"\" title=\"4555\" width=\"213\" height=\"300\" class=\"alignnone size-medium wp-image-44688\" srcset=\"http:\/\/museumek.eu\/wp-content\/uploads\/2015\/09\/4555-213x300.jpg 213w, http:\/\/museumek.eu\/wp-content\/uploads\/2015\/09\/4555-106x150.jpg 106w, http:\/\/museumek.eu\/wp-content\/uploads\/2015\/09\/4555.jpg 570w\" sizes=\"(max-width: 213px) 100vw, 213px\" \/><\/a><\/p>\n<p><a href=\"http:\/\/museumek.eu\/?attachment_id=44691\" rel=\"attachment wp-att-44691\"><img loading=\"lazy\" src=\"http:\/\/museumek.eu\/wp-content\/uploads\/2015\/09\/4559-300x174.jpg\" alt=\"\" title=\"4559\" width=\"300\" height=\"174\" class=\"alignnone size-medium wp-image-44691\" srcset=\"http:\/\/museumek.eu\/wp-content\/uploads\/2015\/09\/4559-300x174.jpg 300w, http:\/\/museumek.eu\/wp-content\/uploads\/2015\/09\/4559-150x87.jpg 150w, http:\/\/museumek.eu\/wp-content\/uploads\/2015\/09\/4559-500x291.jpg 500w, http:\/\/museumek.eu\/wp-content\/uploads\/2015\/09\/4559.jpg 800w\" sizes=\"(max-width: 300px) 100vw, 300px\" \/><\/a><\/p>\n<p><a href=\"http:\/\/museumek.eu\/?attachment_id=44692\" rel=\"attachment wp-att-44692\"><img loading=\"lazy\" src=\"http:\/\/museumek.eu\/wp-content\/uploads\/2015\/09\/4557-283x300.jpg\" alt=\"\" title=\"4557\" width=\"283\" height=\"300\" class=\"alignnone size-medium wp-image-44692\" srcset=\"http:\/\/museumek.eu\/wp-content\/uploads\/2015\/09\/4557-283x300.jpg 283w, http:\/\/museumek.eu\/wp-content\/uploads\/2015\/09\/4557-141x150.jpg 141w, http:\/\/museumek.eu\/wp-content\/uploads\/2015\/09\/4557.jpg 600w\" sizes=\"(max-width: 283px) 100vw, 283px\" \/><\/a><\/p>\n<p><a href=\"http:\/\/museumek.eu\/?attachment_id=44693\" rel=\"attachment wp-att-44693\"><img loading=\"lazy\" src=\"http:\/\/museumek.eu\/wp-content\/uploads\/2015\/09\/4558-250x300.jpg\" alt=\"\" title=\"4558\" width=\"250\" height=\"300\" class=\"alignnone size-medium wp-image-44693\" srcset=\"http:\/\/museumek.eu\/wp-content\/uploads\/2015\/09\/4558-250x300.jpg 250w, http:\/\/museumek.eu\/wp-content\/uploads\/2015\/09\/4558-125x150.jpg 125w, http:\/\/museumek.eu\/wp-content\/uploads\/2015\/09\/4558.jpg 600w\" sizes=\"(max-width: 250px) 100vw, 250px\" \/><\/a><\/p>\n<p><a href=\"http:\/\/museumek.eu\/?attachment_id=24870\" rel=\"attachment wp-att-24870\"><img loading=\"lazy\" src=\"http:\/\/museumek.eu\/wp-content\/uploads\/2013\/07\/Museum-Europ\u00e4ischer-Keramikkunst-2500-236x300.jpg\" alt=\"\" title=\"Museum Europ\u00e4ischer Keramikkunst 2500\" width=\"236\" height=\"300\" class=\"alignnone size-medium wp-image-24870\" srcset=\"http:\/\/museumek.eu\/wp-content\/uploads\/2013\/07\/Museum-Europ\u00e4ischer-Keramikkunst-2500-236x300.jpg 236w, http:\/\/museumek.eu\/wp-content\/uploads\/2013\/07\/Museum-Europ\u00e4ischer-Keramikkunst-2500-118x150.jpg 118w, http:\/\/museumek.eu\/wp-content\/uploads\/2013\/07\/Museum-Europ\u00e4ischer-Keramikkunst-2500.jpg 373w\" sizes=\"(max-width: 236px) 100vw, 236px\" \/><\/a><\/p>\n<p><a href=\"http:\/\/museumek.eu\/?attachment_id=24873\" rel=\"attachment wp-att-24873\"><img loading=\"lazy\" src=\"http:\/\/museumek.eu\/wp-content\/uploads\/2013\/07\/Museum-Europ\u00e4ischer-Keramikkunst-2501-300x235.jpg\" alt=\"\" title=\"Museum Europ\u00e4ischer Keramikkunst 2501\" width=\"300\" height=\"235\" class=\"alignnone size-medium wp-image-24873\" srcset=\"http:\/\/museumek.eu\/wp-content\/uploads\/2013\/07\/Museum-Europ\u00e4ischer-Keramikkunst-2501-300x235.jpg 300w, http:\/\/museumek.eu\/wp-content\/uploads\/2013\/07\/Museum-Europ\u00e4ischer-Keramikkunst-2501-150x117.jpg 150w, http:\/\/museumek.eu\/wp-content\/uploads\/2013\/07\/Museum-Europ\u00e4ischer-Keramikkunst-2501-381x300.jpg 381w, http:\/\/museumek.eu\/wp-content\/uploads\/2013\/07\/Museum-Europ\u00e4ischer-Keramikkunst-2501.jpg 445w\" sizes=\"(max-width: 300px) 100vw, 300px\" \/><\/a><\/p>\n<p><a href=\"http:\/\/museumek.eu\/?attachment_id=24849\" rel=\"attachment wp-att-24849\"><img loading=\"lazy\" src=\"http:\/\/museumek.eu\/wp-content\/uploads\/2013\/07\/002-Geschichte-Rosenthal-Porzellan-300x216.jpg\" alt=\"\" title=\"002 Geschichte Rosenthal Porzellan\" width=\"300\" height=\"216\" class=\"alignnone size-medium wp-image-24849\" srcset=\"http:\/\/museumek.eu\/wp-content\/uploads\/2013\/07\/002-Geschichte-Rosenthal-Porzellan-300x216.jpg 300w, http:\/\/museumek.eu\/wp-content\/uploads\/2013\/07\/002-Geschichte-Rosenthal-Porzellan-150x108.jpg 150w, http:\/\/museumek.eu\/wp-content\/uploads\/2013\/07\/002-Geschichte-Rosenthal-Porzellan-415x300.jpg 415w, http:\/\/museumek.eu\/wp-content\/uploads\/2013\/07\/002-Geschichte-Rosenthal-Porzellan.jpg 917w\" sizes=\"(max-width: 300px) 100vw, 300px\" \/><\/a><\/p>\n<p><a href=\"http:\/\/museumek.eu\/?attachment_id=24853\" rel=\"attachment wp-att-24853\"><img loading=\"lazy\" src=\"http:\/\/museumek.eu\/wp-content\/uploads\/2013\/07\/004-Geschichte-Rosenthal-Porzellan1-300x220.jpg\" alt=\"\" title=\"004 Geschichte Rosenthal Porzellan\" width=\"300\" height=\"220\" class=\"alignnone size-medium wp-image-24853\" srcset=\"http:\/\/museumek.eu\/wp-content\/uploads\/2013\/07\/004-Geschichte-Rosenthal-Porzellan1-300x220.jpg 300w, http:\/\/museumek.eu\/wp-content\/uploads\/2013\/07\/004-Geschichte-Rosenthal-Porzellan1-150x110.jpg 150w, http:\/\/museumek.eu\/wp-content\/uploads\/2013\/07\/004-Geschichte-Rosenthal-Porzellan1-407x300.jpg 407w, http:\/\/museumek.eu\/wp-content\/uploads\/2013\/07\/004-Geschichte-Rosenthal-Porzellan1.jpg 943w\" sizes=\"(max-width: 300px) 100vw, 300px\" \/><\/a><\/p>\n<p><strong>Abteilung Deutschland, Keramik 1860 \u2013 1960, Inventarnummer D\/XXX\/9<\/strong><\/p>\n<p>Rosenthal Porzellan AG, vormals Philipp Rosenthal &#038; Co. AG, vormals Philipp Rosenthal &#038; Co., vormals Porzellanmalerei Philipp Rosenthal, Deutschland, Erkersreuth, Kronach, Marktredewitz, Selb, Selb-Pl\u00f6ssberg, Sophienthal, Waldenburg, Waldershof, um 1900, Schale mit Werbung, K\u00fcnstler unbekannt, Werks.-Nr. ohne, Exemplar-Nr. ohne, gemarkt Firmenmarke zwei gekreuzte St\u00e4be, in der oberen H\u00e4lfte des Kreuzes eine Krone, links R., rechts C., in der unteren H\u00e4lfte des Kreuzes ein Punkt (Anm. MEK: an die Stelle des Punktes geh\u00f6rt eigentlich das Zeichen &#038;, warum statt &#038; ein Punkt im Stempel ist, konnte das MEK nicht aufl\u00f6sen) gr\u00fcner Stempel unter Glasur (Marke g\u00fcltig f\u00fcr die Zeit von 1891 \u2013 1907), darunter MOLi\u00c9RE, darunter ein Punkt (wohl f\u00fcr die Jahresdatierung), neben dem Punkt BAVARIA gr\u00fcne Stempel unter Glasur, darunter M in Gold auf Glasur gestempelt, nicht signiert, Literatur: J. G. Th. Graesse und E. Jaenicke, F\u00fchrer f\u00fcr Sammler von Porzellan und Fayence, Steinzeug, Steingut usw., Seite 512, Marke Nr. 2 identisch, weitere Literatur: Emanuel Poche, Porzellanmarken, Marke Nr. 1419 identisch, weitere Literatur: Gustav Wei\u00df, Ullstein Porzellanbuch, Seite 302, Marke Nr. 8 identisch, weitere Literatur: Otto Pelka, Keramik der Neuzeit, Markentafel IX, Markenkasten 141 identische Marke abgebildet, Seite 212, Herstellerverzeichnis, Porzellanfabrik Ph. Rosenthal &#038; Co. AG, 141 sowie Seite 221, Namenverzeichnis, Rosenthal Philipp, &#038; Co., Selb, M 141, weitere Literatur: Robert E. R\u00f6ntgen, Deutsche Porzellanmarken von 1710 bis heute (Ausgabe Jahr 2000), Seite 315, Marke Nr. 2468 identisch (dort g\u00fcltig f\u00fcr die Zeit 1891 &#8211; 1904), zur Firmenhistorie, siehe die \u00dcbersichten nach den Inventarfotos, die bis auf einige Details in soweit richtig sind, 1879\/1880 pachtete der aus Werl nach Selb zugezogene Porzellanmaler Philipp Rosenthal das Schlo\u00df Erkersreuth bei Selb und gr\u00fcndete eine Porzellanmalerei, anf\u00e4nglich arbeitete er nur mit einem b\u00f6hmischen Mitarbeiter, die Weissware bezog er von den benachbarten Porzellanfabriken Hutschenreuther und Zeidler, die Firmierung lautete Porzellanmalerei Philipp Rosenthal, 1889\/1891 begann Rosenthal selbst Porzellan in Selb zu produzieren und firmierte als Philipp Rosenthal &#038; Co., am 28.08. 1897 wurde die Fabrik in eine AG umgewandelt, diese firmierte als Philipp Rosenthal &#038; Co. AG (1920 Verlegung des AG Sitzes nach Berlin, 1934 R\u00fcckverlegung des Sitzes nach Selb), zur gleichen Zeit gr\u00fcndete Rosenthal zusammen mit einem Herrn Bauer und weiteren Investoren eine Porzellanfabrik in Kronach, die als Bauer, Rosenthal &#038; Co. firmierte, diese Fabrik wurde gleich 1897 wieder in die AG integriert, evtl. auch erst 1901, dies ist in der Literatur mal so oder so beschrieben, 1934 scheidet Geheimrat Philipp Rosenthal aus der Fabrikleitung aus, ab 1939 lautete die Firmierung der Aktiengesellschaft Rosenthal Porzellan AG, ab 1965 Rosenthal Glas &#038; Porzellan AG und ab 1969 Rosenthal AG, Rosenthal kaufte diverse Porzellanfabriken zu, die in die AG integriert worden sind, z. B. firmierte die ehemalige Zeidler\u2019sche Fabrik dann als Rosenthal Porzellanfabrik Bahnhof Selb GmbH, Durchmesser 10,5 cm<\/p>\n<p><a href=\"http:\/\/museumek.eu\/?attachment_id=44632\" rel=\"attachment wp-att-44632\"><img loading=\"lazy\" src=\"http:\/\/museumek.eu\/wp-content\/uploads\/2015\/09\/4396-298x300.jpg\" alt=\"\" title=\"4396\" width=\"298\" height=\"300\" class=\"alignnone size-medium wp-image-44632\" srcset=\"http:\/\/museumek.eu\/wp-content\/uploads\/2015\/09\/4396-298x300.jpg 298w, http:\/\/museumek.eu\/wp-content\/uploads\/2015\/09\/4396-150x150.jpg 150w, http:\/\/museumek.eu\/wp-content\/uploads\/2015\/09\/4396.jpg 600w\" sizes=\"(max-width: 298px) 100vw, 298px\" \/><\/a><\/p>\n<p><a href=\"http:\/\/museumek.eu\/?attachment_id=44633\" rel=\"attachment wp-att-44633\"><img loading=\"lazy\" src=\"http:\/\/museumek.eu\/wp-content\/uploads\/2015\/09\/4397-296x300.jpg\" alt=\"\" title=\"4397\" width=\"296\" height=\"300\" class=\"alignnone size-medium wp-image-44633\" srcset=\"http:\/\/museumek.eu\/wp-content\/uploads\/2015\/09\/4397-296x300.jpg 296w, http:\/\/museumek.eu\/wp-content\/uploads\/2015\/09\/4397-148x150.jpg 148w, http:\/\/museumek.eu\/wp-content\/uploads\/2015\/09\/4397.jpg 600w\" sizes=\"(max-width: 296px) 100vw, 296px\" \/><\/a><\/p>\n<p><a href=\"http:\/\/museumek.eu\/?attachment_id=44634\" rel=\"attachment wp-att-44634\"><img loading=\"lazy\" src=\"http:\/\/museumek.eu\/wp-content\/uploads\/2015\/09\/4398-244x300.jpg\" alt=\"\" title=\"4398\" width=\"244\" height=\"300\" class=\"alignnone size-medium wp-image-44634\" srcset=\"http:\/\/museumek.eu\/wp-content\/uploads\/2015\/09\/4398-244x300.jpg 244w, http:\/\/museumek.eu\/wp-content\/uploads\/2015\/09\/4398-122x150.jpg 122w, http:\/\/museumek.eu\/wp-content\/uploads\/2015\/09\/4398.jpg 525w\" sizes=\"(max-width: 244px) 100vw, 244px\" \/><\/a><\/p>\n<p><a href=\"http:\/\/museumek.eu\/?attachment_id=24754\" rel=\"attachment wp-att-24754\"><img loading=\"lazy\" src=\"http:\/\/museumek.eu\/wp-content\/uploads\/2011\/12\/002-Geschichte-Rosenthal-Porzellan-300x216.jpg\" alt=\"\" title=\"002 Geschichte Rosenthal Porzellan\" width=\"300\" height=\"216\" class=\"alignnone size-medium wp-image-24754\" srcset=\"http:\/\/museumek.eu\/wp-content\/uploads\/2011\/12\/002-Geschichte-Rosenthal-Porzellan-300x216.jpg 300w, http:\/\/museumek.eu\/wp-content\/uploads\/2011\/12\/002-Geschichte-Rosenthal-Porzellan-150x108.jpg 150w, http:\/\/museumek.eu\/wp-content\/uploads\/2011\/12\/002-Geschichte-Rosenthal-Porzellan-415x300.jpg 415w, http:\/\/museumek.eu\/wp-content\/uploads\/2011\/12\/002-Geschichte-Rosenthal-Porzellan.jpg 917w\" sizes=\"(max-width: 300px) 100vw, 300px\" \/><\/a><\/p>\n<p><a href=\"http:\/\/museumek.eu\/?attachment_id=24755\" rel=\"attachment wp-att-24755\"><img loading=\"lazy\" src=\"http:\/\/museumek.eu\/wp-content\/uploads\/2011\/12\/004-Geschichte-Rosenthal-Porzellan-300x220.jpg\" alt=\"\" title=\"004 Geschichte Rosenthal Porzellan\" width=\"300\" height=\"220\" class=\"alignnone size-medium wp-image-24755\" srcset=\"http:\/\/museumek.eu\/wp-content\/uploads\/2011\/12\/004-Geschichte-Rosenthal-Porzellan-300x220.jpg 300w, http:\/\/museumek.eu\/wp-content\/uploads\/2011\/12\/004-Geschichte-Rosenthal-Porzellan-150x110.jpg 150w, http:\/\/museumek.eu\/wp-content\/uploads\/2011\/12\/004-Geschichte-Rosenthal-Porzellan-407x300.jpg 407w, http:\/\/museumek.eu\/wp-content\/uploads\/2011\/12\/004-Geschichte-Rosenthal-Porzellan.jpg 943w\" sizes=\"(max-width: 300px) 100vw, 300px\" \/><\/a><\/p>\n<p><strong>Abteilung Deutschland, Keramik 1860 \u2013 1960, Inventarnummer D\/XXX\/10<\/strong><\/p>\n<p>Rosenthal Porzellan AG, vormals Philipp Rosenthal &#038; Co. AG, vormals Philipp Rosenthal &#038; Co., vormals Porzellanmalerei Philipp Rosenthal, Deutschland, Erkersreuth, Kronach, Marktredewitz, Selb, Selb-Pl\u00f6ssberg, Sophienthal, Waldenburg, Waldershof, 1903, Teller aus dem Service Botticelli, K\u00fcnstler Hans G\u00fcnther Reinstein, Werks.-Nr. ohne, Exemplar-Nr. ohne, gemarkt Firmenmarke zwei gekreuzte St\u00e4be, in der oberen H\u00e4lfte des Kreuzes eine Krone, links R., rechts C. darunter das Zeichen &#038; dunkelgr\u00fcner Stempel unter Glasur (Marke f\u00fcr die Zeit von 1891 \u2013 1907), unter &#038; in einem verschn\u00f6rkeltem Rahmen VEREINTE KUNSTGEWERNLER DARMSTADT dunkelgr\u00fcner Stempel unter Glasur, nicht signiert, Literatur: J. G. Th. Graesse und E. Jaenicke, F\u00fchrer f\u00fcr Sammler von Porzellan und Fayence, Steinzeug, Steingut usw., Seite 512, Marke Nr. 2 identisch, weitere Literatur: Emanuel Poche, Porzellanmarken, Marke Nr. 1419 identisch, weitere Literatur: Gustav Wei\u00df, Ullstein Porzellanbuch, Seite 302, Marke Nr. 8 identisch, weitere Literatur: Otto Pelka, Keramik der Neuzeit, Markentafel IX, Markenkasten 141 identische Marke abgebildet, Seite 212, Herstellerverzeichnis, Porzellanfabrik Ph. Rosenthal &#038; Co. AG, 141 sowie Seite 221, Namenverzeichnis, Rosenthal Philipp, &#038; Co., Selb, M 141, weitere Literatur: Robert E. R\u00f6ntgen, Deutsche Porzellanmarken von 1710 bis heute (Ausgabe Jahr 2000), Seite 315, Marke Nr. 2468 identisch (dort g\u00fcltig f\u00fcr die Zeit 1891 &#8211; 1904), weitere Literatur: Br\u00f6han Museum, Porzellan, Kunst und Design 1889 bis 1939, Vom Jugenstil zum Funktionalismus, Seite 259, Kat.Nr. 242, identische Rosenthalmarke, Seite 268, identische Marke VEREINIGTE KUNSTGEWERBLER DARMSTADT sowie Seite 270 ff., Beschreibung des Botticelli Service, zur Firmenhistorie, siehe die \u00dcbersichten nach den Inventarfotos, die bis auf einige Details in soweit richtig sind, 1879\/1880 pachtete der aus Werl nach Selb zugezogene Porzellanmaler Philipp Rosenthal das Schlo\u00df Erkersreuth bei Selb und gr\u00fcndete eine Porzellanmalerei, anf\u00e4nglich arbeitete er nur mit einem b\u00f6hmischen Mitarbeiter, die Weissware bezog er von den benachbarten Porzellanfabriken Hutschenreuther und Zeidler, die Firmierung lautete Porzellanmalerei Philipp Rosenthal, 1889\/1891 begann Rosenthal selbst Porzellan in Selb zu produzieren und firmierte als Philipp Rosenthal &#038; Co., am 28.08. 1897 wurde die Fabrik in eine AG umgewandelt, diese firmierte als Philipp Rosenthal &#038; Co. AG (1920 Verlegung des AG Sitzes nach Berlin, 1934 R\u00fcckverlegung des Sitzes nach Selb), zur gleichen Zeit gr\u00fcndete Rosenthal zusammen mit einem Herrn Bauer und weiteren Investoren eine Porzellanfabrik in Kronach, die als Bauer, Rosenthal &#038; Co. firmierte, diese Fabrik wurde gleich 1897 wieder in die AG integriert, evtl. auch erst 1901, dies ist in der Literatur mal so oder so beschrieben, 1934 scheidet Geheimrat Philipp Rosenthal aus der Fabrikleitung aus, ab 1939 lautete die Firmierung der Aktiengesellschaft Rosenthal Porzellan AG, ab 1965 Rosenthal Glas &#038; Porzellan AG und ab 1969 Rosenthal AG, Rosenthal kaufte diverse Porzellanfabriken zu, die in die AG integriert worden sind, z. B. firmierte die ehemalige Zeidler\u2019sche Fabrik dann als Rosenthal Porzellanfabrik Bahnhof Selb GmbH, Durchmesser 19,7 cm<\/p>\n<p><a href=\"http:\/\/museumek.eu\/?attachment_id=50940\" rel=\"attachment wp-att-50940\"><img loading=\"lazy\" src=\"http:\/\/museumek.eu\/wp-content\/uploads\/2015\/09\/Rosenthal-Teller-Boticelli-Service-1-290x300.jpg\" alt=\"\" title=\"Rosenthal Teller Boticelli Service 1\" width=\"290\" height=\"300\" class=\"alignnone size-medium wp-image-50940\" srcset=\"http:\/\/museumek.eu\/wp-content\/uploads\/2015\/09\/Rosenthal-Teller-Boticelli-Service-1-290x300.jpg 290w, http:\/\/museumek.eu\/wp-content\/uploads\/2015\/09\/Rosenthal-Teller-Boticelli-Service-1-145x150.jpg 145w, http:\/\/museumek.eu\/wp-content\/uploads\/2015\/09\/Rosenthal-Teller-Boticelli-Service-1.jpg 480w\" sizes=\"(max-width: 290px) 100vw, 290px\" \/><\/a><\/p>\n<p><a href=\"http:\/\/museumek.eu\/?attachment_id=50941\" rel=\"attachment wp-att-50941\"><img loading=\"lazy\" src=\"http:\/\/museumek.eu\/wp-content\/uploads\/2015\/09\/Rosenthal-Teller-Boticelli-Service-2-289x300.jpg\" alt=\"\" title=\"Rosenthal Teller Boticelli Service 2\" width=\"289\" height=\"300\" class=\"alignnone size-medium wp-image-50941\" srcset=\"http:\/\/museumek.eu\/wp-content\/uploads\/2015\/09\/Rosenthal-Teller-Boticelli-Service-2-289x300.jpg 289w, http:\/\/museumek.eu\/wp-content\/uploads\/2015\/09\/Rosenthal-Teller-Boticelli-Service-2-144x150.jpg 144w, http:\/\/museumek.eu\/wp-content\/uploads\/2015\/09\/Rosenthal-Teller-Boticelli-Service-2.jpg 480w\" sizes=\"(max-width: 289px) 100vw, 289px\" \/><\/a><\/p>\n<p><a href=\"http:\/\/museumek.eu\/?attachment_id=50942\" rel=\"attachment wp-att-50942\"><img loading=\"lazy\" src=\"http:\/\/museumek.eu\/wp-content\/uploads\/2015\/09\/Rosenthal-Teller-Boticelli-Service-4-300x272.jpg\" alt=\"\" title=\"Rosenthal Teller Boticelli Service 4\" width=\"300\" height=\"272\" class=\"alignnone size-medium wp-image-50942\" srcset=\"http:\/\/museumek.eu\/wp-content\/uploads\/2015\/09\/Rosenthal-Teller-Boticelli-Service-4-300x272.jpg 300w, http:\/\/museumek.eu\/wp-content\/uploads\/2015\/09\/Rosenthal-Teller-Boticelli-Service-4-150x136.jpg 150w, http:\/\/museumek.eu\/wp-content\/uploads\/2015\/09\/Rosenthal-Teller-Boticelli-Service-4-330x300.jpg 330w, http:\/\/museumek.eu\/wp-content\/uploads\/2015\/09\/Rosenthal-Teller-Boticelli-Service-4.jpg 529w\" sizes=\"(max-width: 300px) 100vw, 300px\" \/><\/a><\/p>\n<p><a href=\"http:\/\/museumek.eu\/?attachment_id=24754\" rel=\"attachment wp-att-24754\"><img loading=\"lazy\" src=\"http:\/\/museumek.eu\/wp-content\/uploads\/2011\/12\/002-Geschichte-Rosenthal-Porzellan-300x216.jpg\" alt=\"\" title=\"002 Geschichte Rosenthal Porzellan\" width=\"300\" height=\"216\" class=\"alignnone size-medium wp-image-24754\" srcset=\"http:\/\/museumek.eu\/wp-content\/uploads\/2011\/12\/002-Geschichte-Rosenthal-Porzellan-300x216.jpg 300w, http:\/\/museumek.eu\/wp-content\/uploads\/2011\/12\/002-Geschichte-Rosenthal-Porzellan-150x108.jpg 150w, http:\/\/museumek.eu\/wp-content\/uploads\/2011\/12\/002-Geschichte-Rosenthal-Porzellan-415x300.jpg 415w, http:\/\/museumek.eu\/wp-content\/uploads\/2011\/12\/002-Geschichte-Rosenthal-Porzellan.jpg 917w\" sizes=\"(max-width: 300px) 100vw, 300px\" \/><\/a><\/p>\n<p><a href=\"http:\/\/museumek.eu\/?attachment_id=24755\" rel=\"attachment wp-att-24755\"><img loading=\"lazy\" src=\"http:\/\/museumek.eu\/wp-content\/uploads\/2011\/12\/004-Geschichte-Rosenthal-Porzellan-300x220.jpg\" alt=\"\" title=\"004 Geschichte Rosenthal Porzellan\" width=\"300\" height=\"220\" class=\"alignnone size-medium wp-image-24755\" srcset=\"http:\/\/museumek.eu\/wp-content\/uploads\/2011\/12\/004-Geschichte-Rosenthal-Porzellan-300x220.jpg 300w, http:\/\/museumek.eu\/wp-content\/uploads\/2011\/12\/004-Geschichte-Rosenthal-Porzellan-150x110.jpg 150w, http:\/\/museumek.eu\/wp-content\/uploads\/2011\/12\/004-Geschichte-Rosenthal-Porzellan-407x300.jpg 407w, http:\/\/museumek.eu\/wp-content\/uploads\/2011\/12\/004-Geschichte-Rosenthal-Porzellan.jpg 943w\" sizes=\"(max-width: 300px) 100vw, 300px\" \/><\/a><\/p>\n<p><strong>Abteilung Deutschland, Keramik 1860 \u2013 1960, Inventarnummer D\/XXX\/11<\/strong><\/p>\n<p>Rosenthal Porzellan AG, vormals Philipp Rosenthal &#038; Co. AG, vormals Philipp Rosenthal &#038; Co., vormals Porzellanmalerei Philipp Rosenthal, Deutschland, Erkersreuth, Kronach, Marktredewitz, Selb, Selb-Pl\u00f6ssberg, Sophienthal, Waldenburg, Waldershof, um 1905, Souciere, K\u00fcnstler unbekannt, Werks.-Nr. ohne, Exemplar-Nr. ohne, gemarkt Firmenmarke zwei gekreuzte St\u00e4be, in der oberen H\u00e4lfte des Kreuzes eine Krone, links R., rechts C., darunter KRONACH-BAVARIA, darunter ELSA (oder ELSE, wohl eher ELSA) gr\u00fcne Stempel unter Glasur, 584 sowie ein nicht zu identifizierendes Schn\u00f6rkel rot auf Glasur gemalt, Literatur: Ludwig Danckert, Handbuch des Europ\u00e4ischen Porzellans, 7. Auflage, Seite 296, dort kurze Beschreibung der Fabrik sowie Marke 3 identisch (dort f\u00fcr die Zeit 1901 &#8211; 1927) weitere Literatur: Dieter Z\u00fchlsdorff, Markenlexikon, Band 1, Porzellan und Keramik Report 1885 &#8211; 1935, Seite 253, Werk-Teil 1., Gruppennummer des Werkteils 4., laufende Nummer innerhalb der Gruppe 190 identische Marke (dort f\u00fcr die Zeit 1901 &#8211; 1927, dort geschrieben: Farbstempel in Gr\u00fcn unter Glasur sowie Seite 540, Werk-Teil 3., laufende Nummer des Werkteils 654, dort Beschreibung der Fabrik, zur Firmenhistorie, siehe die \u00dcbersichten nach den Inventarfotos, die bis auf einige Details in soweit richtig sind, 1879\/1880 pachtete der aus Werl nach Selb zugezogene Porzellanmaler Philipp Rosenthal das Schlo\u00df Erkersreuth bei Selb und gr\u00fcndete eine Porzellanmalerei, anf\u00e4nglich arbeitete er nur mit einem b\u00f6hmischen Mitarbeiter, die Weissware bezog er von den benachbarten Porzellanfabriken Hutschenreuther und Zeidler, die Firmierung lautete Porzellanmalerei Philipp Rosenthal, 1889\/1891 begann Rosenthal selbst Porzellan in Selb zu produzieren und firmierte als Philipp Rosenthal &#038; Co., am 28.08. 1897 wurde die Fabrik in eine AG umgewandelt, diese firmierte als Philipp Rosenthal &#038; Co. AG (1920 Verlegung des AG Sitzes nach Berlin, 1934 R\u00fcckverlegung des Sitzes nach Selb), zur gleichen Zeit gr\u00fcndete Rosenthal zusammen mit einem Herrn Bauer und weiteren Investoren eine Porzellanfabrik in Kronach, die als Bauer, Rosenthal &#038; Co. firmierte, diese Fabrik wurde gleich 1897 wieder in die AG integriert, evtl. auch erst 1901, dies ist in der Literatur mal so oder so beschrieben, 1934 scheidet Geheimrat Philipp Rosenthal aus der Fabrikleitung aus, ab 1939 lautete die Firmierung der Aktiengesellschaft Rosenthal Porzellan AG, ab 1965 Rosenthal Glas &#038; Porzellan AG und ab 1969 Rosenthal AG, Rosenthal kaufte diverse Porzellanfabriken zu, die in die AG integriert worden sind, z. B. firmierte die ehemalige Zeidler\u2019sche Fabrik dann als Rosenthal Porzellanfabrik Bahnhof Selb GmbH, diese Souciere Ausf\u00fchrung Werk Kronach, vormals Porzellanfabrik Bauer, Rosenthal &#038; Co. (von 1897 bis um 1901),<br \/>\nH\u00f6he 9 cm, Breite 22 cm <\/p>\n<p><a href=\"http:\/\/museumek.eu\/?attachment_id=54183\" rel=\"attachment wp-att-54183\"><img loading=\"lazy\" src=\"http:\/\/museumek.eu\/wp-content\/uploads\/2015\/09\/Rosenthal-Souciere-Dekor-Elsa-1-300x182.jpg\" alt=\"\" title=\"Rosenthal Souciere Dekor Elsa 1\" width=\"300\" height=\"182\" class=\"alignnone size-medium wp-image-54183\" srcset=\"http:\/\/museumek.eu\/wp-content\/uploads\/2015\/09\/Rosenthal-Souciere-Dekor-Elsa-1-300x182.jpg 300w, http:\/\/museumek.eu\/wp-content\/uploads\/2015\/09\/Rosenthal-Souciere-Dekor-Elsa-1-150x91.jpg 150w, http:\/\/museumek.eu\/wp-content\/uploads\/2015\/09\/Rosenthal-Souciere-Dekor-Elsa-1-492x300.jpg 492w, http:\/\/museumek.eu\/wp-content\/uploads\/2015\/09\/Rosenthal-Souciere-Dekor-Elsa-1.jpg 640w\" sizes=\"(max-width: 300px) 100vw, 300px\" \/><\/a><\/p>\n<p><a href=\"http:\/\/museumek.eu\/?attachment_id=54184\" rel=\"attachment wp-att-54184\"><img loading=\"lazy\" src=\"http:\/\/museumek.eu\/wp-content\/uploads\/2015\/09\/Rosenthal-Souciere-Dekor-Elsa-2-300x274.jpg\" alt=\"\" title=\"Rosenthal Souciere Dekor Elsa 2\" width=\"300\" height=\"274\" class=\"alignnone size-medium wp-image-54184\" srcset=\"http:\/\/museumek.eu\/wp-content\/uploads\/2015\/09\/Rosenthal-Souciere-Dekor-Elsa-2-300x274.jpg 300w, http:\/\/museumek.eu\/wp-content\/uploads\/2015\/09\/Rosenthal-Souciere-Dekor-Elsa-2-150x137.jpg 150w, http:\/\/museumek.eu\/wp-content\/uploads\/2015\/09\/Rosenthal-Souciere-Dekor-Elsa-2-328x300.jpg 328w, http:\/\/museumek.eu\/wp-content\/uploads\/2015\/09\/Rosenthal-Souciere-Dekor-Elsa-2.jpg 525w\" sizes=\"(max-width: 300px) 100vw, 300px\" \/><\/a><\/p>\n<p><a href=\"http:\/\/museumek.eu\/?attachment_id=54185\" rel=\"attachment wp-att-54185\"><img loading=\"lazy\" src=\"http:\/\/museumek.eu\/wp-content\/uploads\/2015\/09\/Rosenthal-Souciere-Dekor-Elsa-3-264x300.jpg\" alt=\"\" title=\"Rosenthal Souciere Dekor Elsa 3\" width=\"264\" height=\"300\" class=\"alignnone size-medium wp-image-54185\" srcset=\"http:\/\/museumek.eu\/wp-content\/uploads\/2015\/09\/Rosenthal-Souciere-Dekor-Elsa-3-264x300.jpg 264w, http:\/\/museumek.eu\/wp-content\/uploads\/2015\/09\/Rosenthal-Souciere-Dekor-Elsa-3-132x150.jpg 132w, http:\/\/museumek.eu\/wp-content\/uploads\/2015\/09\/Rosenthal-Souciere-Dekor-Elsa-3.jpg 480w\" sizes=\"(max-width: 264px) 100vw, 264px\" \/><\/a><\/p>\n<p><a href=\"http:\/\/museumek.eu\/?attachment_id=54186\" rel=\"attachment wp-att-54186\"><img loading=\"lazy\" src=\"http:\/\/museumek.eu\/wp-content\/uploads\/2015\/09\/Rosenthal-Souciere-Dekor-Elsa-4-165x300.jpg\" alt=\"\" title=\"Rosenthal Souciere Dekor Elsa 4\" width=\"165\" height=\"300\" class=\"alignnone size-medium wp-image-54186\" srcset=\"http:\/\/museumek.eu\/wp-content\/uploads\/2015\/09\/Rosenthal-Souciere-Dekor-Elsa-4-165x300.jpg 165w, http:\/\/museumek.eu\/wp-content\/uploads\/2015\/09\/Rosenthal-Souciere-Dekor-Elsa-4-82x150.jpg 82w, http:\/\/museumek.eu\/wp-content\/uploads\/2015\/09\/Rosenthal-Souciere-Dekor-Elsa-4.jpg 352w\" sizes=\"(max-width: 165px) 100vw, 165px\" \/><\/a><\/p>\n<p><a href=\"http:\/\/museumek.eu\/?attachment_id=54187\" rel=\"attachment wp-att-54187\"><img loading=\"lazy\" src=\"http:\/\/museumek.eu\/wp-content\/uploads\/2015\/09\/Rosenthal-Souciere-Dekor-Elsa-5-205x300.jpg\" alt=\"\" title=\"Rosenthal Souciere Dekor Elsa 5\" width=\"205\" height=\"300\" class=\"alignnone size-medium wp-image-54187\" srcset=\"http:\/\/museumek.eu\/wp-content\/uploads\/2015\/09\/Rosenthal-Souciere-Dekor-Elsa-5-205x300.jpg 205w, http:\/\/museumek.eu\/wp-content\/uploads\/2015\/09\/Rosenthal-Souciere-Dekor-Elsa-5-102x150.jpg 102w, http:\/\/museumek.eu\/wp-content\/uploads\/2015\/09\/Rosenthal-Souciere-Dekor-Elsa-5.jpg 439w\" sizes=\"(max-width: 205px) 100vw, 205px\" \/><\/a><\/p>\n<p><a href=\"http:\/\/museumek.eu\/?attachment_id=54188\" rel=\"attachment wp-att-54188\"><img loading=\"lazy\" src=\"http:\/\/museumek.eu\/wp-content\/uploads\/2015\/09\/Rosenthal-Souciere-Dekor-Elsa-6-281x300.jpg\" alt=\"\" title=\"Rosenthal Souciere Dekor Elsa 6\" width=\"281\" height=\"300\" class=\"alignnone size-medium wp-image-54188\" srcset=\"http:\/\/museumek.eu\/wp-content\/uploads\/2015\/09\/Rosenthal-Souciere-Dekor-Elsa-6-281x300.jpg 281w, http:\/\/museumek.eu\/wp-content\/uploads\/2015\/09\/Rosenthal-Souciere-Dekor-Elsa-6-140x150.jpg 140w, http:\/\/museumek.eu\/wp-content\/uploads\/2015\/09\/Rosenthal-Souciere-Dekor-Elsa-6.jpg 480w\" sizes=\"(max-width: 281px) 100vw, 281px\" \/><\/a><\/p>\n<p><a href=\"http:\/\/museumek.eu\/?attachment_id=54189\" rel=\"attachment wp-att-54189\"><img loading=\"lazy\" src=\"http:\/\/museumek.eu\/wp-content\/uploads\/2015\/09\/Rosenthal-Souciere-Dekor-Elsa-7-300x300.jpg\" alt=\"\" title=\"Rosenthal Souciere Dekor Elsa 7\" width=\"300\" height=\"300\" class=\"alignnone size-medium wp-image-54189\" srcset=\"http:\/\/museumek.eu\/wp-content\/uploads\/2015\/09\/Rosenthal-Souciere-Dekor-Elsa-7-300x300.jpg 300w, http:\/\/museumek.eu\/wp-content\/uploads\/2015\/09\/Rosenthal-Souciere-Dekor-Elsa-7-150x150.jpg 150w, http:\/\/museumek.eu\/wp-content\/uploads\/2015\/09\/Rosenthal-Souciere-Dekor-Elsa-7-299x300.jpg 299w, http:\/\/museumek.eu\/wp-content\/uploads\/2015\/09\/Rosenthal-Souciere-Dekor-Elsa-7.jpg 480w\" sizes=\"(max-width: 300px) 100vw, 300px\" \/><\/a><\/p>\n<p><a href=\"http:\/\/museumek.eu\/?attachment_id=54199\" rel=\"attachment wp-att-54199\"><img loading=\"lazy\" src=\"http:\/\/museumek.eu\/wp-content\/uploads\/2015\/09\/Rosenthal-Souciere-Dekor-Elsa-8-300x173.jpg\" alt=\"\" title=\"Rosenthal Souciere Dekor Elsa 8\" width=\"300\" height=\"173\" class=\"alignnone size-medium wp-image-54199\" srcset=\"http:\/\/museumek.eu\/wp-content\/uploads\/2015\/09\/Rosenthal-Souciere-Dekor-Elsa-8-300x173.jpg 300w, http:\/\/museumek.eu\/wp-content\/uploads\/2015\/09\/Rosenthal-Souciere-Dekor-Elsa-8-150x86.jpg 150w, http:\/\/museumek.eu\/wp-content\/uploads\/2015\/09\/Rosenthal-Souciere-Dekor-Elsa-8-500x289.jpg 500w, http:\/\/museumek.eu\/wp-content\/uploads\/2015\/09\/Rosenthal-Souciere-Dekor-Elsa-8.jpg 640w\" sizes=\"(max-width: 300px) 100vw, 300px\" \/><\/a><\/p>\n<p><a href=\"http:\/\/museumek.eu\/?attachment_id=24754\" rel=\"attachment wp-att-24754\"><img loading=\"lazy\" src=\"http:\/\/museumek.eu\/wp-content\/uploads\/2011\/12\/002-Geschichte-Rosenthal-Porzellan-300x216.jpg\" alt=\"\" title=\"002 Geschichte Rosenthal Porzellan\" width=\"300\" height=\"216\" class=\"alignnone size-medium wp-image-24754\" srcset=\"http:\/\/museumek.eu\/wp-content\/uploads\/2011\/12\/002-Geschichte-Rosenthal-Porzellan-300x216.jpg 300w, http:\/\/museumek.eu\/wp-content\/uploads\/2011\/12\/002-Geschichte-Rosenthal-Porzellan-150x108.jpg 150w, http:\/\/museumek.eu\/wp-content\/uploads\/2011\/12\/002-Geschichte-Rosenthal-Porzellan-415x300.jpg 415w, http:\/\/museumek.eu\/wp-content\/uploads\/2011\/12\/002-Geschichte-Rosenthal-Porzellan.jpg 917w\" sizes=\"(max-width: 300px) 100vw, 300px\" \/><\/a><\/p>\n<p><a href=\"http:\/\/museumek.eu\/?attachment_id=24755\" rel=\"attachment wp-att-24755\"><img loading=\"lazy\" src=\"http:\/\/museumek.eu\/wp-content\/uploads\/2011\/12\/004-Geschichte-Rosenthal-Porzellan-300x220.jpg\" alt=\"\" title=\"004 Geschichte Rosenthal Porzellan\" width=\"300\" height=\"220\" class=\"alignnone size-medium wp-image-24755\" srcset=\"http:\/\/museumek.eu\/wp-content\/uploads\/2011\/12\/004-Geschichte-Rosenthal-Porzellan-300x220.jpg 300w, http:\/\/museumek.eu\/wp-content\/uploads\/2011\/12\/004-Geschichte-Rosenthal-Porzellan-150x110.jpg 150w, http:\/\/museumek.eu\/wp-content\/uploads\/2011\/12\/004-Geschichte-Rosenthal-Porzellan-407x300.jpg 407w, http:\/\/museumek.eu\/wp-content\/uploads\/2011\/12\/004-Geschichte-Rosenthal-Porzellan.jpg 943w\" sizes=\"(max-width: 300px) 100vw, 300px\" \/><\/a><\/p>\n<p><strong>Abteilung Deutschland, Keramik 1860 \u2013 1960, Inventarnummer D\/XXX\/12<\/strong><\/p>\n<p>Rosenthal Porzellan AG, vormals Philipp Rosenthal &#038; Co. AG, vormals Philipp Rosenthal &#038; Co., vormals Porzellanmalerei Philipp Rosenthal, Deutschland, Erkersreuth, Kronach, Marktredewitz, Selb, Selb-Pl\u00f6ssberg, Sophienthal, Waldenburg, Waldershof, um 1919, Zierteller, K\u00fcnstler Prof. Otto Keitel, Werks.-Nr. ohne, Exemplar-Nr. ohne, gemarkt Firmenmarke zwei gekreuzte St\u00e4be, in der oberen H\u00e4lfte des Kreuzes eine Krone, links neben den St\u00e4ben Rosen, rechts neben den St\u00e4ben thal, darunter KUNST-ABTEILUNG, darunter SELB-BAVARIA sowie &#8222;Ostern 1919&#8220;, darunter Entw. von O. Keitel gr\u00fcne Stempel unter Glasur, durch Namensstempel signiert, Literatur: Dieter Z\u00fchlsdorff, Markenlexikon, Band 1, Porzellan und Keramik Report 1885 &#8211; 1935, Seite 278, Werk-Teil 1., Gruppennummer des Werkteils 4., laufende Nummer innerhalb der Gruppe 812 identische Marke (dort f\u00fcr die Zeit ab 1914, dort geschrieben: Farbstempel in Gr\u00fcn unter Glasur) sowie Seite 540, Werk-Teil 3., laufende Nummer des Werkteils 654, dort Beschreibung der Fabrik, zur Firmenhistorie, siehe die \u00dcbersichten nach den Inventarfotos, die bis auf einige Details in soweit richtig sind, 1879\/1880 pachtete der aus Werl nach Selb zugezogene Porzellanmaler Philipp Rosenthal das Schlo\u00df Erkersreuth bei Selb und gr\u00fcndete eine Porzellanmalerei, anf\u00e4nglich arbeitete er nur mit einem b\u00f6hmischen Mitarbeiter, die Weissware bezog er von den benachbarten Porzellanfabriken Hutschenreuther und Zeidler, die Firmierung lautete Porzellanmalerei Philipp Rosenthal, 1889\/1891 begann Rosenthal selbst Porzellan in Selb zu produzieren und firmierte als Philipp Rosenthal &#038; Co., am 28.08. 1897 wurde die Fabrik in eine AG umgewandelt, diese firmierte als Philipp Rosenthal &#038; Co. AG (1920 Verlegung des AG Sitzes nach Berlin, 1934 R\u00fcckverlegung des Sitzes nach Selb), zur gleichen Zeit gr\u00fcndete Rosenthal zusammen mit einem Herrn Bauer und weiteren Investoren eine Porzellanfabrik in Kronach, die als Bauer, Rosenthal &#038; Co. firmierte, diese Fabrik wurde gleich 1897 wieder in die AG integriert, evtl. auch erst 1901, dies ist in der Literatur mal so oder so beschrieben, 1934 scheidet Geheimrat Philipp Rosenthal aus der Fabrikleitung aus, ab 1939 lautete die Firmierung der Aktiengesellschaft Rosenthal Porzellan AG, ab 1965 Rosenthal Glas &#038; Porzellan AG und ab 1969 Rosenthal AG, Rosenthal kaufte diverse Porzellanfabriken zu, die in die AG integriert worden sind, z. B. firmierte die ehemalige Zeidler\u2019sche Fabrik dann als Rosenthal Porzellanfabrik Bahnhof Selb GmbH, Durchmesser 21,4 cm <\/p>\n<p><a href=\"http:\/\/museumek.eu\/?attachment_id=54558\" rel=\"attachment wp-att-54558\"><img loading=\"lazy\" src=\"http:\/\/museumek.eu\/wp-content\/uploads\/2015\/09\/Rosenthal-Teller-Jahr-1919-Otto-Keitel-1-300x295.jpg\" alt=\"\" title=\"Rosenthal Teller Jahr 1919 Otto Keitel 1\" width=\"300\" height=\"295\" class=\"alignnone size-medium wp-image-54558\" srcset=\"http:\/\/museumek.eu\/wp-content\/uploads\/2015\/09\/Rosenthal-Teller-Jahr-1919-Otto-Keitel-1-300x295.jpg 300w, http:\/\/museumek.eu\/wp-content\/uploads\/2015\/09\/Rosenthal-Teller-Jahr-1919-Otto-Keitel-1-150x147.jpg 150w, http:\/\/museumek.eu\/wp-content\/uploads\/2015\/09\/Rosenthal-Teller-Jahr-1919-Otto-Keitel-1-305x300.jpg 305w, http:\/\/museumek.eu\/wp-content\/uploads\/2015\/09\/Rosenthal-Teller-Jahr-1919-Otto-Keitel-1.jpg 488w\" sizes=\"(max-width: 300px) 100vw, 300px\" \/><\/a><\/p>\n<p><a href=\"http:\/\/museumek.eu\/?attachment_id=54559\" rel=\"attachment wp-att-54559\"><img loading=\"lazy\" src=\"http:\/\/museumek.eu\/wp-content\/uploads\/2015\/09\/Rosenthal-Teller-Jahr-1919-Otto-Keitel-2-300x294.jpg\" alt=\"\" title=\"Rosenthal Teller Jahr 1919 Otto Keitel 2\" width=\"300\" height=\"294\" class=\"alignnone size-medium wp-image-54559\" srcset=\"http:\/\/museumek.eu\/wp-content\/uploads\/2015\/09\/Rosenthal-Teller-Jahr-1919-Otto-Keitel-2-300x294.jpg 300w, http:\/\/museumek.eu\/wp-content\/uploads\/2015\/09\/Rosenthal-Teller-Jahr-1919-Otto-Keitel-2-150x147.jpg 150w, http:\/\/museumek.eu\/wp-content\/uploads\/2015\/09\/Rosenthal-Teller-Jahr-1919-Otto-Keitel-2-305x300.jpg 305w, http:\/\/museumek.eu\/wp-content\/uploads\/2015\/09\/Rosenthal-Teller-Jahr-1919-Otto-Keitel-2.jpg 489w\" sizes=\"(max-width: 300px) 100vw, 300px\" \/><\/a><\/p>\n<p><a href=\"http:\/\/museumek.eu\/?attachment_id=54560\" rel=\"attachment wp-att-54560\"><img loading=\"lazy\" src=\"http:\/\/museumek.eu\/wp-content\/uploads\/2015\/09\/Rosenthal-Teller-Jahr-1919-Otto-Keitel-3-161x300.jpg\" alt=\"\" title=\"Rosenthal Teller Jahr 1919 Otto Keitel 3\" width=\"161\" height=\"300\" class=\"alignnone size-medium wp-image-54560\" srcset=\"http:\/\/museumek.eu\/wp-content\/uploads\/2015\/09\/Rosenthal-Teller-Jahr-1919-Otto-Keitel-3-161x300.jpg 161w, http:\/\/museumek.eu\/wp-content\/uploads\/2015\/09\/Rosenthal-Teller-Jahr-1919-Otto-Keitel-3-80x150.jpg 80w, http:\/\/museumek.eu\/wp-content\/uploads\/2015\/09\/Rosenthal-Teller-Jahr-1919-Otto-Keitel-3.jpg 344w\" sizes=\"(max-width: 161px) 100vw, 161px\" \/><\/a><\/p>\n<p><a href=\"http:\/\/museumek.eu\/?attachment_id=54561\" rel=\"attachment wp-att-54561\"><img loading=\"lazy\" src=\"http:\/\/museumek.eu\/wp-content\/uploads\/2015\/09\/Rosenthal-Teller-Jahr-1919-Otto-Keitel-4-300x248.jpg\" alt=\"\" title=\"Rosenthal Teller Jahr 1919 Otto Keitel 4\" width=\"300\" height=\"248\" class=\"alignnone size-medium wp-image-54561\" srcset=\"http:\/\/museumek.eu\/wp-content\/uploads\/2015\/09\/Rosenthal-Teller-Jahr-1919-Otto-Keitel-4-300x248.jpg 300w, http:\/\/museumek.eu\/wp-content\/uploads\/2015\/09\/Rosenthal-Teller-Jahr-1919-Otto-Keitel-4-150x124.jpg 150w, http:\/\/museumek.eu\/wp-content\/uploads\/2015\/09\/Rosenthal-Teller-Jahr-1919-Otto-Keitel-4-361x300.jpg 361w, http:\/\/museumek.eu\/wp-content\/uploads\/2015\/09\/Rosenthal-Teller-Jahr-1919-Otto-Keitel-4.jpg 579w\" sizes=\"(max-width: 300px) 100vw, 300px\" \/><\/a><\/p>\n<p><a href=\"http:\/\/museumek.eu\/?attachment_id=54562\" rel=\"attachment wp-att-54562\"><img loading=\"lazy\" src=\"http:\/\/museumek.eu\/wp-content\/uploads\/2015\/09\/Rosenthal-Teller-Jahr-1919-Otto-Keitel-5-300x136.jpg\" alt=\"\" title=\"Rosenthal Teller Jahr 1919 Otto Keitel 5\" width=\"300\" height=\"136\" class=\"alignnone size-medium wp-image-54562\" srcset=\"http:\/\/museumek.eu\/wp-content\/uploads\/2015\/09\/Rosenthal-Teller-Jahr-1919-Otto-Keitel-5-300x136.jpg 300w, http:\/\/museumek.eu\/wp-content\/uploads\/2015\/09\/Rosenthal-Teller-Jahr-1919-Otto-Keitel-5-150x68.jpg 150w, http:\/\/museumek.eu\/wp-content\/uploads\/2015\/09\/Rosenthal-Teller-Jahr-1919-Otto-Keitel-5.jpg 640w, http:\/\/museumek.eu\/wp-content\/uploads\/2015\/09\/Rosenthal-Teller-Jahr-1919-Otto-Keitel-5-500x227.jpg 500w\" sizes=\"(max-width: 300px) 100vw, 300px\" \/><\/a><\/p>\n<p><a href=\"http:\/\/museumek.eu\/?attachment_id=24754\" rel=\"attachment wp-att-24754\"><img loading=\"lazy\" src=\"http:\/\/museumek.eu\/wp-content\/uploads\/2011\/12\/002-Geschichte-Rosenthal-Porzellan-300x216.jpg\" alt=\"\" title=\"002 Geschichte Rosenthal Porzellan\" width=\"300\" height=\"216\" class=\"alignnone size-medium wp-image-24754\" srcset=\"http:\/\/museumek.eu\/wp-content\/uploads\/2011\/12\/002-Geschichte-Rosenthal-Porzellan-300x216.jpg 300w, http:\/\/museumek.eu\/wp-content\/uploads\/2011\/12\/002-Geschichte-Rosenthal-Porzellan-150x108.jpg 150w, http:\/\/museumek.eu\/wp-content\/uploads\/2011\/12\/002-Geschichte-Rosenthal-Porzellan-415x300.jpg 415w, http:\/\/museumek.eu\/wp-content\/uploads\/2011\/12\/002-Geschichte-Rosenthal-Porzellan.jpg 917w\" sizes=\"(max-width: 300px) 100vw, 300px\" \/><\/a><\/p>\n<p><a href=\"http:\/\/museumek.eu\/?attachment_id=24755\" rel=\"attachment wp-att-24755\"><img loading=\"lazy\" src=\"http:\/\/museumek.eu\/wp-content\/uploads\/2011\/12\/004-Geschichte-Rosenthal-Porzellan-300x220.jpg\" alt=\"\" title=\"004 Geschichte Rosenthal Porzellan\" width=\"300\" height=\"220\" class=\"alignnone size-medium wp-image-24755\" srcset=\"http:\/\/museumek.eu\/wp-content\/uploads\/2011\/12\/004-Geschichte-Rosenthal-Porzellan-300x220.jpg 300w, http:\/\/museumek.eu\/wp-content\/uploads\/2011\/12\/004-Geschichte-Rosenthal-Porzellan-150x110.jpg 150w, http:\/\/museumek.eu\/wp-content\/uploads\/2011\/12\/004-Geschichte-Rosenthal-Porzellan-407x300.jpg 407w, http:\/\/museumek.eu\/wp-content\/uploads\/2011\/12\/004-Geschichte-Rosenthal-Porzellan.jpg 943w\" sizes=\"(max-width: 300px) 100vw, 300px\" \/><\/a><\/p>\n","protected":false},"excerpt":{"rendered":"<p>Abteilung Deutschland, Keramik 1860 \u2013 1960, Inventarnummer D\/XXX\/1 Rosenthal Porzellan AG, vormals Philipp Rosenthal &#038; Co. AG, vormals Philipp Rosenthal &#038; Co., vormals Porzellanmalerei Philipp Rosenthal, Deutschland, Erkersreuth, Kronach, Marktredewitz, Selb, Selb-Pl\u00f6ssberg, Sophienthal, Waldenburg, Waldershof, um 1927, Zuckerdose Dekor Isolde, &hellip; <a href=\"http:\/\/museumek.eu\/?page_id=44608\">Weiterlesen <span class=\"meta-nav\">&rarr;<\/span><\/a><\/p>\n","protected":false},"author":1,"featured_media":0,"parent":44603,"menu_order":1,"comment_status":"closed","ping_status":"open","template":"","meta":[],"_links":{"self":[{"href":"http:\/\/museumek.eu\/index.php?rest_route=\/wp\/v2\/pages\/44608"}],"collection":[{"href":"http:\/\/museumek.eu\/index.php?rest_route=\/wp\/v2\/pages"}],"about":[{"href":"http:\/\/museumek.eu\/index.php?rest_route=\/wp\/v2\/types\/page"}],"author":[{"embeddable":true,"href":"http:\/\/museumek.eu\/index.php?rest_route=\/wp\/v2\/users\/1"}],"replies":[{"embeddable":true,"href":"http:\/\/museumek.eu\/index.php?rest_route=%2Fwp%2Fv2%2Fcomments&post=44608"}],"version-history":[{"count":70,"href":"http:\/\/museumek.eu\/index.php?rest_route=\/wp\/v2\/pages\/44608\/revisions"}],"predecessor-version":[{"id":59531,"href":"http:\/\/museumek.eu\/index.php?rest_route=\/wp\/v2\/pages\/44608\/revisions\/59531"}],"up":[{"embeddable":true,"href":"http:\/\/museumek.eu\/index.php?rest_route=\/wp\/v2\/pages\/44603"}],"wp:attachment":[{"href":"http:\/\/museumek.eu\/index.php?rest_route=%2Fwp%2Fv2%2Fmedia&parent=44608"}],"curies":[{"name":"wp","href":"https:\/\/api.w.org\/{rel}","templated":true}]}}