{"id":47122,"date":"2020-05-29T21:08:40","date_gmt":"2020-05-29T19:08:40","guid":{"rendered":"http:\/\/museumek.eu\/?page_id=47122"},"modified":"2020-05-29T21:55:05","modified_gmt":"2020-05-29T19:55:05","slug":"1-10","status":"publish","type":"page","link":"http:\/\/museumek.eu\/?page_id=47122","title":{"rendered":"Fotos und Beschreibung"},"content":{"rendered":"<p><strong>Abteilung Austria\/Ungarn\/B\u00f6hmen, Keramik 1860 \u2013 1960, Inventarnummer A\/LIV\/1<\/strong><\/p>\n<p>Keramik Werkst\u00e4tte Kocis Wien, Austria, Wien, um 1930, Figur B\u00e4r, K\u00fcnstler W. Kocis, Werks-Nr. 508, Exemplar Nr. ohne, gemarkt KWWK (rechtes K gespiegelt) gepresst sowie 508 gepresst, nicht signiert, Literatur: Katharina Zetter-Karner und Christa Zetter, kleine Preise vor GROSSEM UMBAU, Galerie bei der Albertina, Wien, Seite 78, Werkst\u00e4tte Kocis dort erw\u00e4hnt, H\u00f6he 11,5 cm, Breite 7 cm<\/p>\n<p><a href=\"http:\/\/museumek.eu\/?attachment_id=47125\" rel=\"attachment wp-att-47125\"><img loading=\"lazy\" src=\"http:\/\/museumek.eu\/wp-content\/uploads\/2020\/05\/Kocis-B\u00e4r-1-203x300.jpg\" alt=\"\" title=\"Kocis B\u00e4r 1\" width=\"203\" height=\"300\" class=\"alignnone size-medium wp-image-47125\" srcset=\"http:\/\/museumek.eu\/wp-content\/uploads\/2020\/05\/Kocis-B\u00e4r-1-203x300.jpg 203w, http:\/\/museumek.eu\/wp-content\/uploads\/2020\/05\/Kocis-B\u00e4r-1-101x150.jpg 101w, http:\/\/museumek.eu\/wp-content\/uploads\/2020\/05\/Kocis-B\u00e4r-1.jpg 373w\" sizes=\"(max-width: 203px) 100vw, 203px\" \/><\/a><\/p>\n<p><a href=\"http:\/\/museumek.eu\/?attachment_id=47126\" rel=\"attachment wp-att-47126\"><img loading=\"lazy\" src=\"http:\/\/museumek.eu\/wp-content\/uploads\/2020\/05\/Kocis-B\u00e4r-2-190x300.jpg\" alt=\"\" title=\"Kocis B\u00e4r 2\" width=\"190\" height=\"300\" class=\"alignnone size-medium wp-image-47126\" srcset=\"http:\/\/museumek.eu\/wp-content\/uploads\/2020\/05\/Kocis-B\u00e4r-2-190x300.jpg 190w, http:\/\/museumek.eu\/wp-content\/uploads\/2020\/05\/Kocis-B\u00e4r-2-95x150.jpg 95w, http:\/\/museumek.eu\/wp-content\/uploads\/2020\/05\/Kocis-B\u00e4r-2.jpg 407w\" sizes=\"(max-width: 190px) 100vw, 190px\" \/><\/a><\/p>\n<p><a href=\"http:\/\/museumek.eu\/?attachment_id=47127\" rel=\"attachment wp-att-47127\"><img loading=\"lazy\" src=\"http:\/\/museumek.eu\/wp-content\/uploads\/2020\/05\/Kocis-B\u00e4r-3-178x300.jpg\" alt=\"\" title=\"Kocis B\u00e4r 3\" width=\"178\" height=\"300\" class=\"alignnone size-medium wp-image-47127\" srcset=\"http:\/\/museumek.eu\/wp-content\/uploads\/2020\/05\/Kocis-B\u00e4r-3-178x300.jpg 178w, http:\/\/museumek.eu\/wp-content\/uploads\/2020\/05\/Kocis-B\u00e4r-3-89x150.jpg 89w, http:\/\/museumek.eu\/wp-content\/uploads\/2020\/05\/Kocis-B\u00e4r-3.jpg 380w\" sizes=\"(max-width: 178px) 100vw, 178px\" \/><\/a><\/p>\n<p><a href=\"http:\/\/museumek.eu\/?attachment_id=47128\" rel=\"attachment wp-att-47128\"><img loading=\"lazy\" src=\"http:\/\/museumek.eu\/wp-content\/uploads\/2020\/05\/Kocis-B\u00e4r-4-196x300.jpg\" alt=\"\" title=\"Kocis B\u00e4r 4\" width=\"196\" height=\"300\" class=\"alignnone size-medium wp-image-47128\" srcset=\"http:\/\/museumek.eu\/wp-content\/uploads\/2020\/05\/Kocis-B\u00e4r-4-196x300.jpg 196w, http:\/\/museumek.eu\/wp-content\/uploads\/2020\/05\/Kocis-B\u00e4r-4-98x150.jpg 98w, http:\/\/museumek.eu\/wp-content\/uploads\/2020\/05\/Kocis-B\u00e4r-4.jpg 420w\" sizes=\"(max-width: 196px) 100vw, 196px\" \/><\/a><\/p>\n<p><a href=\"http:\/\/museumek.eu\/?attachment_id=47129\" rel=\"attachment wp-att-47129\"><img loading=\"lazy\" src=\"http:\/\/museumek.eu\/wp-content\/uploads\/2020\/05\/Kocis-B\u00e4r-5-208x300.jpg\" alt=\"\" title=\"Kocis B\u00e4r 5\" width=\"208\" height=\"300\" class=\"alignnone size-medium wp-image-47129\" srcset=\"http:\/\/museumek.eu\/wp-content\/uploads\/2020\/05\/Kocis-B\u00e4r-5-208x300.jpg 208w, http:\/\/museumek.eu\/wp-content\/uploads\/2020\/05\/Kocis-B\u00e4r-5-104x150.jpg 104w, http:\/\/museumek.eu\/wp-content\/uploads\/2020\/05\/Kocis-B\u00e4r-5.jpg 445w\" sizes=\"(max-width: 208px) 100vw, 208px\" \/><\/a><\/p>\n<p><a href=\"http:\/\/museumek.eu\/?attachment_id=47130\" rel=\"attachment wp-att-47130\"><img loading=\"lazy\" src=\"http:\/\/museumek.eu\/wp-content\/uploads\/2020\/05\/Kocis-B\u00e4r-6-300x289.jpg\" alt=\"\" title=\"Kocis B\u00e4r 6\" width=\"300\" height=\"289\" class=\"alignnone size-medium wp-image-47130\" srcset=\"http:\/\/museumek.eu\/wp-content\/uploads\/2020\/05\/Kocis-B\u00e4r-6-300x289.jpg 300w, http:\/\/museumek.eu\/wp-content\/uploads\/2020\/05\/Kocis-B\u00e4r-6-150x144.jpg 150w, http:\/\/museumek.eu\/wp-content\/uploads\/2020\/05\/Kocis-B\u00e4r-6-311x300.jpg 311w, http:\/\/museumek.eu\/wp-content\/uploads\/2020\/05\/Kocis-B\u00e4r-6.jpg 498w\" sizes=\"(max-width: 300px) 100vw, 300px\" \/><\/a><\/p>\n<p><strong>Abteilung Austria\/Ungarn\/B\u00f6hmen, Keramik 1860 \u2013 1960, Inventarnummer A\/LIV\/2<\/strong><\/p>\n<p>Keramik Werkst\u00e4tte Kocis Wien, Austria, Wien, um 1930, Vase, K\u00fcnstler W. Kocis, Werks-Nr. 508, Exemplar Nr. ohne, gemarkt KWWK (rechtes K gespiegelt) gepresst sowie 508 gepresst, nicht signiert, Literatur: Katharina Zetter-Karner und Christa Zetter, kleine Preise vor GROSSEM UMBAU, Galerie bei der Albertina, Wien, Seite 78, Werkst\u00e4tte Kocis dort erw\u00e4hnt, H\u00f6he 13 cm, Breite 10,5 cm<\/p>\n<p><a href=\"http:\/\/museumek.eu\/?attachment_id=47151\" rel=\"attachment wp-att-47151\"><img loading=\"lazy\" src=\"http:\/\/museumek.eu\/wp-content\/uploads\/2020\/05\/Kocis-Vase-1-215x300.jpg\" alt=\"\" title=\"Kocis Vase 1\" width=\"215\" height=\"300\" class=\"alignnone size-medium wp-image-47151\" srcset=\"http:\/\/museumek.eu\/wp-content\/uploads\/2020\/05\/Kocis-Vase-1-215x300.jpg 215w, http:\/\/museumek.eu\/wp-content\/uploads\/2020\/05\/Kocis-Vase-1-107x150.jpg 107w, http:\/\/museumek.eu\/wp-content\/uploads\/2020\/05\/Kocis-Vase-1.jpg 459w\" sizes=\"(max-width: 215px) 100vw, 215px\" \/><\/a><\/p>\n<p><a href=\"http:\/\/museumek.eu\/?attachment_id=47152\" rel=\"attachment wp-att-47152\"><img loading=\"lazy\" src=\"http:\/\/museumek.eu\/wp-content\/uploads\/2020\/05\/Kocis-Vase-2-229x300.jpg\" alt=\"\" title=\"Kocis Vase 2\" width=\"229\" height=\"300\" class=\"alignnone size-medium wp-image-47152\" srcset=\"http:\/\/museumek.eu\/wp-content\/uploads\/2020\/05\/Kocis-Vase-2-229x300.jpg 229w, http:\/\/museumek.eu\/wp-content\/uploads\/2020\/05\/Kocis-Vase-2-114x150.jpg 114w, http:\/\/museumek.eu\/wp-content\/uploads\/2020\/05\/Kocis-Vase-2.jpg 480w\" sizes=\"(max-width: 229px) 100vw, 229px\" \/><\/a><\/p>\n<p><a href=\"http:\/\/museumek.eu\/?attachment_id=47153\" rel=\"attachment wp-att-47153\"><img loading=\"lazy\" src=\"http:\/\/museumek.eu\/wp-content\/uploads\/2020\/05\/Kocis-Vase-3-225x300.jpg\" alt=\"\" title=\"Kocis Vase 3\" width=\"225\" height=\"300\" class=\"alignnone size-medium wp-image-47153\" srcset=\"http:\/\/museumek.eu\/wp-content\/uploads\/2020\/05\/Kocis-Vase-3-225x300.jpg 225w, http:\/\/museumek.eu\/wp-content\/uploads\/2020\/05\/Kocis-Vase-3-112x150.jpg 112w, http:\/\/museumek.eu\/wp-content\/uploads\/2020\/05\/Kocis-Vase-3.jpg 480w\" sizes=\"(max-width: 225px) 100vw, 225px\" \/><\/a><\/p>\n<p><a href=\"http:\/\/museumek.eu\/?attachment_id=47154\" rel=\"attachment wp-att-47154\"><img loading=\"lazy\" src=\"http:\/\/museumek.eu\/wp-content\/uploads\/2020\/05\/Kocis-Vase-4-224x300.jpg\" alt=\"\" title=\"Kocis Vase 4\" width=\"224\" height=\"300\" class=\"alignnone size-medium wp-image-47154\" srcset=\"http:\/\/museumek.eu\/wp-content\/uploads\/2020\/05\/Kocis-Vase-4-224x300.jpg 224w, http:\/\/museumek.eu\/wp-content\/uploads\/2020\/05\/Kocis-Vase-4-112x150.jpg 112w, http:\/\/museumek.eu\/wp-content\/uploads\/2020\/05\/Kocis-Vase-4.jpg 478w\" sizes=\"(max-width: 224px) 100vw, 224px\" \/><\/a><\/p>\n<p><a href=\"http:\/\/museumek.eu\/?attachment_id=47155\" rel=\"attachment wp-att-47155\"><img loading=\"lazy\" src=\"http:\/\/museumek.eu\/wp-content\/uploads\/2020\/05\/Kocis-Vase-5-300x275.jpg\" alt=\"\" title=\"Kocis Vase 5\" width=\"300\" height=\"275\" class=\"alignnone size-medium wp-image-47155\" srcset=\"http:\/\/museumek.eu\/wp-content\/uploads\/2020\/05\/Kocis-Vase-5-300x275.jpg 300w, http:\/\/museumek.eu\/wp-content\/uploads\/2020\/05\/Kocis-Vase-5-150x137.jpg 150w, http:\/\/museumek.eu\/wp-content\/uploads\/2020\/05\/Kocis-Vase-5-326x300.jpg 326w, http:\/\/museumek.eu\/wp-content\/uploads\/2020\/05\/Kocis-Vase-5.jpg 523w\" sizes=\"(max-width: 300px) 100vw, 300px\" \/><\/a><\/p>\n<p><a href=\"http:\/\/museumek.eu\/?attachment_id=47156\" rel=\"attachment wp-att-47156\"><img loading=\"lazy\" src=\"http:\/\/museumek.eu\/wp-content\/uploads\/2020\/05\/Kocis-Vase-6-300x228.jpg\" alt=\"\" title=\"Kocis Vase 6\" width=\"300\" height=\"228\" class=\"alignnone size-medium wp-image-47156\" srcset=\"http:\/\/museumek.eu\/wp-content\/uploads\/2020\/05\/Kocis-Vase-6-300x228.jpg 300w, http:\/\/museumek.eu\/wp-content\/uploads\/2020\/05\/Kocis-Vase-6-150x114.jpg 150w, http:\/\/museumek.eu\/wp-content\/uploads\/2020\/05\/Kocis-Vase-6-393x300.jpg 393w, http:\/\/museumek.eu\/wp-content\/uploads\/2020\/05\/Kocis-Vase-6.jpg 630w\" sizes=\"(max-width: 300px) 100vw, 300px\" \/><\/a><\/p>\n","protected":false},"excerpt":{"rendered":"<p>Abteilung Austria\/Ungarn\/B\u00f6hmen, Keramik 1860 \u2013 1960, Inventarnummer A\/LIV\/1 Keramik Werkst\u00e4tte Kocis Wien, Austria, Wien, um 1930, Figur B\u00e4r, K\u00fcnstler W. Kocis, Werks-Nr. 508, Exemplar Nr. ohne, gemarkt KWWK (rechtes K gespiegelt) gepresst sowie 508 gepresst, nicht signiert, Literatur: Katharina Zetter-Karner &hellip; <a href=\"http:\/\/museumek.eu\/?page_id=47122\">Weiterlesen <span class=\"meta-nav\">&rarr;<\/span><\/a><\/p>\n","protected":false},"author":1,"featured_media":0,"parent":47120,"menu_order":0,"comment_status":"closed","ping_status":"open","template":"","meta":[],"_links":{"self":[{"href":"http:\/\/museumek.eu\/index.php?rest_route=\/wp\/v2\/pages\/47122"}],"collection":[{"href":"http:\/\/museumek.eu\/index.php?rest_route=\/wp\/v2\/pages"}],"about":[{"href":"http:\/\/museumek.eu\/index.php?rest_route=\/wp\/v2\/types\/page"}],"author":[{"embeddable":true,"href":"http:\/\/museumek.eu\/index.php?rest_route=\/wp\/v2\/users\/1"}],"replies":[{"embeddable":true,"href":"http:\/\/museumek.eu\/index.php?rest_route=%2Fwp%2Fv2%2Fcomments&post=47122"}],"version-history":[{"count":12,"href":"http:\/\/museumek.eu\/index.php?rest_route=\/wp\/v2\/pages\/47122\/revisions"}],"predecessor-version":[{"id":47162,"href":"http:\/\/museumek.eu\/index.php?rest_route=\/wp\/v2\/pages\/47122\/revisions\/47162"}],"up":[{"embeddable":true,"href":"http:\/\/museumek.eu\/index.php?rest_route=\/wp\/v2\/pages\/47120"}],"wp:attachment":[{"href":"http:\/\/museumek.eu\/index.php?rest_route=%2Fwp%2Fv2%2Fmedia&parent=47122"}],"curies":[{"name":"wp","href":"https:\/\/api.w.org\/{rel}","templated":true}]}}