{"id":6147,"date":"2011-10-09T13:19:21","date_gmt":"2011-10-09T11:19:21","guid":{"rendered":"http:\/\/museumek.eu\/?page_id=6147"},"modified":"2021-01-31T21:57:17","modified_gmt":"2021-01-31T20:57:17","slug":"kurzbiografie-und-inventar-zum-kunstler","status":"publish","type":"page","link":"http:\/\/museumek.eu\/?page_id=6147","title":{"rendered":"Kurzbiografie und Inventar zum K\u00fcnstler"},"content":{"rendered":"<p>\u00dcber Charles Lemanceau konnten nur wenige Lebensdaten recherchiert werden. Lemanceau wurde 1905 in Paris geboren. Er starb 1980. Er war einer der bedeutensten K\u00fcnstler des franz\u00f6sischen Art Deco. Lemanceau war vor allen Dingen Tierbildner. Im Jahre 1923 arbeitete er f\u00fcr Primavera.<br \/>\n1925 stellte er im Salon d&#8216; Automne mit seinen Freunden\/Kollegen Vlaminck, Matisse, Corbusiere u. a. aus. In dieser Zeit arbeitete er f\u00fcr die Manufacture de Faiences d\u2019Art de Saint Clement. Von 1930 an arbeitete er f\u00fcr Maurice Dufrene und wohl wieder f\u00fcr Primavera.<\/p>\n<p><strong>Abteilung Frankreich, Keramik 1860 \u2013 1960, Inventarnummer F\/XVIII\/4<\/strong><\/p>\n<p>Manufacture de Faiences d\u2019Art de Saint Clement, Frankreich, Saint Clement, um 1935, Figur Antilopenpaar, K\u00fcnstler Charles Lemanceau, Werks.-Nr. ohne, Exemplar Nr. ohne, gemarkt LEMANCEAU gepresst, signiert = gemarkt, von 1863 bis 1892 stand die Faiencerie St. Clement im Eigentum der Familie Thomas, ab 1892 im Eigentum der Firma Keller &#038; Gu\u00e9rin und ab 1922 im Eigentum von Edouard Fenal der auch Eigent\u00fcmer der Steingutfabrik in Badonviller war und ab 1979 im Eigentum der Sarreguemines Gruppe, H\u00f6he 34 cm, Breite 51 cm<\/p>\n<p><a href=\"http:\/\/museumek.eu\/wp-content\/uploads\/2011\/08\/Museum-Europ\u00e4ischer-Keramikkunst-Qualit\u00e4tsfotos-323.jpg\"><img loading=\"lazy\" src=\"http:\/\/museumek.eu\/wp-content\/uploads\/2011\/08\/Museum-Europ\u00e4ischer-Keramikkunst-Qualit\u00e4tsfotos-323-285x300.jpg\" alt=\"\" title=\"Museum Europ\u00e4ischer Keramikkunst Qualit\u00e4tsfotos 323\" width=\"285\" height=\"300\" class=\"alignnone size-medium wp-image-2217\" srcset=\"http:\/\/museumek.eu\/wp-content\/uploads\/2011\/08\/Museum-Europ\u00e4ischer-Keramikkunst-Qualit\u00e4tsfotos-323-285x300.jpg 285w, http:\/\/museumek.eu\/wp-content\/uploads\/2011\/08\/Museum-Europ\u00e4ischer-Keramikkunst-Qualit\u00e4tsfotos-323.jpg 716w\" sizes=\"(max-width: 285px) 100vw, 285px\" \/><\/a><\/p>\n<p><a href=\"http:\/\/museumek.eu\/wp-content\/uploads\/2011\/08\/Museum-Europ\u00e4ischer-Keramikkunst-393.jpg\"><img loading=\"lazy\" src=\"http:\/\/museumek.eu\/wp-content\/uploads\/2011\/08\/Museum-Europ\u00e4ischer-Keramikkunst-393-300x70.jpg\" alt=\"\" title=\"Museum Europ\u00e4ischer Keramikkunst 393\" width=\"300\" height=\"70\" class=\"alignnone size-medium wp-image-2218\" srcset=\"http:\/\/museumek.eu\/wp-content\/uploads\/2011\/08\/Museum-Europ\u00e4ischer-Keramikkunst-393-300x70.jpg 300w, http:\/\/museumek.eu\/wp-content\/uploads\/2011\/08\/Museum-Europ\u00e4ischer-Keramikkunst-393-500x118.jpg 500w, http:\/\/museumek.eu\/wp-content\/uploads\/2011\/08\/Museum-Europ\u00e4ischer-Keramikkunst-393.jpg 841w\" sizes=\"(max-width: 300px) 100vw, 300px\" \/><\/a><\/p>\n<p><strong>Abteilung Frankreich, Keramik 1860 \u2013 1960, Inventarnummer F\/XVIII\/5<\/strong><\/p>\n<p>Manufacture de Faiences d\u2019Art de Saint Clement, Frankreich, Saint Clement, um 1935, Figur Asiatisches B\u00fcffelpaar, K\u00fcnstler Charles Lemanceau, Werks.-Nr. ohne, Exemplar Nr. ohne, gemarkt LEMANCEAU mit gegossen, signiert = gemarkt, von 1863 bis 1892 stand die Faiencerie St. Clement im Eigentum der Familie Thomas, ab 1892 im Eigentum der Firma Keller &#038; Gu\u00e9rin und ab 1922 im Eigentum von Edouard Fenal der auch Eigent\u00fcmer der Steingutfabrik in Badonviller war und ab 1979 im Eigentum der Sarreguemines Gruppe, H\u00f6he 21 cm, Breite 35 cm<\/p>\n<p><a href=\"http:\/\/museumek.eu\/wp-content\/uploads\/2011\/08\/Museum-Europ\u00e4ischer-Keramikkunst-Qualit\u00e4tsfotos-324.jpg\"><img loading=\"lazy\" src=\"http:\/\/museumek.eu\/wp-content\/uploads\/2011\/08\/Museum-Europ\u00e4ischer-Keramikkunst-Qualit\u00e4tsfotos-324-300x267.jpg\" alt=\"\" title=\"Museum Europ\u00e4ischer Keramikkunst Qualit\u00e4tsfotos 324\" width=\"300\" height=\"267\" class=\"alignnone size-medium wp-image-2222\" srcset=\"http:\/\/museumek.eu\/wp-content\/uploads\/2011\/08\/Museum-Europ\u00e4ischer-Keramikkunst-Qualit\u00e4tsfotos-324-300x267.jpg 300w, http:\/\/museumek.eu\/wp-content\/uploads\/2011\/08\/Museum-Europ\u00e4ischer-Keramikkunst-Qualit\u00e4tsfotos-324-336x300.jpg 336w, http:\/\/museumek.eu\/wp-content\/uploads\/2011\/08\/Museum-Europ\u00e4ischer-Keramikkunst-Qualit\u00e4tsfotos-324.jpg 771w\" sizes=\"(max-width: 300px) 100vw, 300px\" \/><\/a><\/p>\n<p><a href=\"http:\/\/museumek.eu\/wp-content\/uploads\/2011\/08\/Museum-Europ\u00e4ischer-Keramikkunst-306.jpg\"><img loading=\"lazy\" src=\"http:\/\/museumek.eu\/wp-content\/uploads\/2011\/08\/Museum-Europ\u00e4ischer-Keramikkunst-306-300x66.jpg\" alt=\"\" title=\"Museum Europ\u00e4ischer Keramikkunst 306\" width=\"300\" height=\"66\" class=\"alignnone size-medium wp-image-2223\" srcset=\"http:\/\/museumek.eu\/wp-content\/uploads\/2011\/08\/Museum-Europ\u00e4ischer-Keramikkunst-306-300x66.jpg 300w, http:\/\/museumek.eu\/wp-content\/uploads\/2011\/08\/Museum-Europ\u00e4ischer-Keramikkunst-306-500x111.jpg 500w, http:\/\/museumek.eu\/wp-content\/uploads\/2011\/08\/Museum-Europ\u00e4ischer-Keramikkunst-306.jpg 875w\" sizes=\"(max-width: 300px) 100vw, 300px\" \/><\/a><\/p>\n<p><strong>Abteilung Frankreich, Keramik 1860 \u2013 1960, Inventarnummer F\/XVIII\/6<\/strong><\/p>\n<p>Manufacture de Faiences d\u2019Art de Saint Clement, Frankreich, Saint Clement, um 1935, Figur Reh, K\u00fcnstler Charles Lemanceau (attr.), Werks.-Nr. 1022, Exemplar Nr. ohne, gemarkt SC (ligiert), 1022 sowie FRANCE mit gegossen, nicht signiert, von 1863 bis 1892 stand die Faiencerie St. Clement im Eigentum der Familie Thomas, ab 1892 im Eigentum der Firma Keller &#038; Gu\u00e9rin und ab 1922 im Eigentum von Edouard Fenal der auch Eigent\u00fcmer der Steingutfabrik in Badonviller war und ab 1979 im Eigentum der Sarreguemines Gruppe, H\u00f6he 19,5 cm, Breite 10 cm<\/p>\n<p><a href=\"http:\/\/museumek.eu\/wp-content\/uploads\/2011\/10\/Museum-Europ\u00e4ischer-Keramikkunst-2943.jpg\"><img loading=\"lazy\" src=\"http:\/\/museumek.eu\/wp-content\/uploads\/2011\/10\/Museum-Europ\u00e4ischer-Keramikkunst-2943-125x300.jpg\" alt=\"\" title=\"Museum Europ\u00e4ischer Keramikkunst 2943\" width=\"125\" height=\"300\" class=\"alignnone size-medium wp-image-14192\" srcset=\"http:\/\/museumek.eu\/wp-content\/uploads\/2011\/10\/Museum-Europ\u00e4ischer-Keramikkunst-2943-125x300.jpg 125w, http:\/\/museumek.eu\/wp-content\/uploads\/2011\/10\/Museum-Europ\u00e4ischer-Keramikkunst-2943.jpg 388w\" sizes=\"(max-width: 125px) 100vw, 125px\" \/><\/a><\/p>\n<p><a href=\"http:\/\/museumek.eu\/wp-content\/uploads\/2011\/10\/Museum-Europ\u00e4ischer-Keramikkunst-2945.jpg\"><img loading=\"lazy\" src=\"http:\/\/museumek.eu\/wp-content\/uploads\/2011\/10\/Museum-Europ\u00e4ischer-Keramikkunst-2945-295x300.jpg\" alt=\"\" title=\"Museum Europ\u00e4ischer Keramikkunst 2945\" width=\"295\" height=\"300\" class=\"alignnone size-medium wp-image-14193\" srcset=\"http:\/\/museumek.eu\/wp-content\/uploads\/2011\/10\/Museum-Europ\u00e4ischer-Keramikkunst-2945-295x300.jpg 295w, http:\/\/museumek.eu\/wp-content\/uploads\/2011\/10\/Museum-Europ\u00e4ischer-Keramikkunst-2945.jpg 359w\" sizes=\"(max-width: 295px) 100vw, 295px\" \/><\/a><\/p>\n<p><strong>Abteilung Frankreich, Keramik 1860 \u2013 1960, Inventarnummer F\/XVIII\/7<\/strong><\/p>\n<p>Manufacture de Faiences d\u2019Art de Saint Clement, Frankreich, Saint Clement, um 1935, Figur Reh, K\u00fcnstler Charles Lemanceau (attr.), Werks.-Nr. 8537, Exemplar Nr. ohne, gemarkt SC (ligiert), 8537 sowie FRANCE gepresst, nicht signiert, von 1863 bis 1892 stand die Faiencerie St. Clement im Eigentum der Familie Thomas, ab 1892 im Eigentum der Firma Keller &#038; Gu\u00e9rin und ab 1922 im Eigentum von Edouard Fenal der auch Eigent\u00fcmer der Steingutfabrik in Badonviller war und ab 1979 im Eigentum der Sarreguemines Gruppe, H\u00f6he 19 cm, Breite 9,5 cm<\/p>\n<p><a href=\"http:\/\/museumek.eu\/?attachment_id=52927\" rel=\"attachment wp-att-52927\"><img loading=\"lazy\" src=\"http:\/\/museumek.eu\/wp-content\/uploads\/2011\/09\/St.-Clement-gr\u00fcnes-Reh-1-167x300.jpg\" alt=\"\" title=\"St. Clement gr\u00fcnes Reh 1\" width=\"167\" height=\"300\" class=\"alignnone size-medium wp-image-52927\" srcset=\"http:\/\/museumek.eu\/wp-content\/uploads\/2011\/09\/St.-Clement-gr\u00fcnes-Reh-1-167x300.jpg 167w, http:\/\/museumek.eu\/wp-content\/uploads\/2011\/09\/St.-Clement-gr\u00fcnes-Reh-1-83x150.jpg 83w, http:\/\/museumek.eu\/wp-content\/uploads\/2011\/09\/St.-Clement-gr\u00fcnes-Reh-1.jpg 357w\" sizes=\"(max-width: 167px) 100vw, 167px\" \/><\/a><\/p>\n<p><a href=\"http:\/\/museumek.eu\/?attachment_id=52928\" rel=\"attachment wp-att-52928\"><img loading=\"lazy\" src=\"http:\/\/museumek.eu\/wp-content\/uploads\/2011\/09\/St.-Clement-gr\u00fcnes-Reh-2-140x300.jpg\" alt=\"\" title=\"St. Clement gr\u00fcnes Reh 2\" width=\"140\" height=\"300\" class=\"alignnone size-medium wp-image-52928\" srcset=\"http:\/\/museumek.eu\/wp-content\/uploads\/2011\/09\/St.-Clement-gr\u00fcnes-Reh-2-140x300.jpg 140w, http:\/\/museumek.eu\/wp-content\/uploads\/2011\/09\/St.-Clement-gr\u00fcnes-Reh-2-70x150.jpg 70w, http:\/\/museumek.eu\/wp-content\/uploads\/2011\/09\/St.-Clement-gr\u00fcnes-Reh-2.jpg 300w\" sizes=\"(max-width: 140px) 100vw, 140px\" \/><\/a><\/p>\n<p><a href=\"http:\/\/museumek.eu\/?attachment_id=52929\" rel=\"attachment wp-att-52929\"><img loading=\"lazy\" src=\"http:\/\/museumek.eu\/wp-content\/uploads\/2011\/09\/St.-Clement-gr\u00fcnes-Reh-3-165x300.jpg\" alt=\"\" title=\"St. Clement gr\u00fcnes Reh 3\" width=\"165\" height=\"300\" class=\"alignnone size-medium wp-image-52929\" srcset=\"http:\/\/museumek.eu\/wp-content\/uploads\/2011\/09\/St.-Clement-gr\u00fcnes-Reh-3-165x300.jpg 165w, http:\/\/museumek.eu\/wp-content\/uploads\/2011\/09\/St.-Clement-gr\u00fcnes-Reh-3-82x150.jpg 82w\" sizes=\"(max-width: 165px) 100vw, 165px\" \/><\/a><\/p>\n<p><a href=\"http:\/\/museumek.eu\/?attachment_id=52930\" rel=\"attachment wp-att-52930\"><img loading=\"lazy\" src=\"http:\/\/museumek.eu\/wp-content\/uploads\/2011\/09\/St.-Clement-gr\u00fcnes-Reh-4-96x300.jpg\" alt=\"\" title=\"St. Clement gr\u00fcnes Reh 4\" width=\"96\" height=\"300\" class=\"alignnone size-medium wp-image-52930\" srcset=\"http:\/\/museumek.eu\/wp-content\/uploads\/2011\/09\/St.-Clement-gr\u00fcnes-Reh-4-96x300.jpg 96w, http:\/\/museumek.eu\/wp-content\/uploads\/2011\/09\/St.-Clement-gr\u00fcnes-Reh-4-48x150.jpg 48w\" sizes=\"(max-width: 96px) 100vw, 96px\" \/><\/a><\/p>\n<p><a href=\"http:\/\/museumek.eu\/?attachment_id=52931\" rel=\"attachment wp-att-52931\"><img loading=\"lazy\" src=\"http:\/\/museumek.eu\/wp-content\/uploads\/2011\/09\/St.-Clement-gr\u00fcnes-Reh-5-233x300.jpg\" alt=\"\" title=\"St. Clement gr\u00fcnes Reh 5\" width=\"233\" height=\"300\" class=\"alignnone size-medium wp-image-52931\" srcset=\"http:\/\/museumek.eu\/wp-content\/uploads\/2011\/09\/St.-Clement-gr\u00fcnes-Reh-5-233x300.jpg 233w, http:\/\/museumek.eu\/wp-content\/uploads\/2011\/09\/St.-Clement-gr\u00fcnes-Reh-5-116x150.jpg 116w, http:\/\/museumek.eu\/wp-content\/uploads\/2011\/09\/St.-Clement-gr\u00fcnes-Reh-5.jpg 480w\" sizes=\"(max-width: 233px) 100vw, 233px\" \/><\/a><\/p>\n<p><a href=\"http:\/\/museumek.eu\/?attachment_id=52932\" rel=\"attachment wp-att-52932\"><img loading=\"lazy\" src=\"http:\/\/museumek.eu\/wp-content\/uploads\/2011\/09\/St.-Clement-gr\u00fcnes-Reh-6-300x250.jpg\" alt=\"\" title=\"St. Clement gr\u00fcnes Reh 6\" width=\"300\" height=\"250\" class=\"alignnone size-medium wp-image-52932\" srcset=\"http:\/\/museumek.eu\/wp-content\/uploads\/2011\/09\/St.-Clement-gr\u00fcnes-Reh-6-300x250.jpg 300w, http:\/\/museumek.eu\/wp-content\/uploads\/2011\/09\/St.-Clement-gr\u00fcnes-Reh-6-150x125.jpg 150w, http:\/\/museumek.eu\/wp-content\/uploads\/2011\/09\/St.-Clement-gr\u00fcnes-Reh-6-359x300.jpg 359w, http:\/\/museumek.eu\/wp-content\/uploads\/2011\/09\/St.-Clement-gr\u00fcnes-Reh-6.jpg 575w\" sizes=\"(max-width: 300px) 100vw, 300px\" \/><\/a><\/p>\n","protected":false},"excerpt":{"rendered":"<p>\u00dcber Charles Lemanceau konnten nur wenige Lebensdaten recherchiert werden. Lemanceau wurde 1905 in Paris geboren. Er starb 1980. Er war einer der bedeutensten K\u00fcnstler des franz\u00f6sischen Art Deco. Lemanceau war vor allen Dingen Tierbildner. Im Jahre 1923 arbeitete er f\u00fcr &hellip; <a href=\"http:\/\/museumek.eu\/?page_id=6147\">Weiterlesen <span class=\"meta-nav\">&rarr;<\/span><\/a><\/p>\n","protected":false},"author":1,"featured_media":0,"parent":1555,"menu_order":0,"comment_status":"closed","ping_status":"closed","template":"","meta":[],"_links":{"self":[{"href":"http:\/\/museumek.eu\/index.php?rest_route=\/wp\/v2\/pages\/6147"}],"collection":[{"href":"http:\/\/museumek.eu\/index.php?rest_route=\/wp\/v2\/pages"}],"about":[{"href":"http:\/\/museumek.eu\/index.php?rest_route=\/wp\/v2\/types\/page"}],"author":[{"embeddable":true,"href":"http:\/\/museumek.eu\/index.php?rest_route=\/wp\/v2\/users\/1"}],"replies":[{"embeddable":true,"href":"http:\/\/museumek.eu\/index.php?rest_route=%2Fwp%2Fv2%2Fcomments&post=6147"}],"version-history":[{"count":14,"href":"http:\/\/museumek.eu\/index.php?rest_route=\/wp\/v2\/pages\/6147\/revisions"}],"predecessor-version":[{"id":52942,"href":"http:\/\/museumek.eu\/index.php?rest_route=\/wp\/v2\/pages\/6147\/revisions\/52942"}],"up":[{"embeddable":true,"href":"http:\/\/museumek.eu\/index.php?rest_route=\/wp\/v2\/pages\/1555"}],"wp:attachment":[{"href":"http:\/\/museumek.eu\/index.php?rest_route=%2Fwp%2Fv2%2Fmedia&parent=6147"}],"curies":[{"name":"wp","href":"https:\/\/api.w.org\/{rel}","templated":true}]}}