{"id":9029,"date":"2012-04-21T18:26:02","date_gmt":"2012-04-21T16:26:02","guid":{"rendered":"http:\/\/museumek.eu\/?page_id=9029"},"modified":"2015-07-12T12:58:44","modified_gmt":"2015-07-12T10:58:44","slug":"kurzbiografie-und-inventar-zum-kunstler","status":"publish","type":"page","link":"http:\/\/museumek.eu\/?page_id=9029","title":{"rendered":"Kurzbiografie und Inventar zum K\u00fcnstler"},"content":{"rendered":"<p><strong>Abteilung Deutschland, Keramik 1860 \u2013 1960, Inventarnummer D\/XXXVII\/1<\/strong><\/p>\n<p>Thonwaaren \u2013 Fabrik Marzi &#038; Remy, Deutschland, H\u00f6hr, um 1910, Seidel, K\u00fcnstler Albin M\u00fcller, Werks.-Nr. 2128, Exemplar Nr. ohne, gemarkt keine Firmenmarke aber GESETZL. GESCH\u00dcTZT, 2128, 23 sowie 0,5 L \u00fcber Eichstrich gepresst, nicht signiert, Literatur: J\u00fcrgen Erlebach, J\u00fcrgen Schimanski, Westerw\u00e4lder Steinzeug, Die Neue \u00c4ra 1900 \u2013 1930, Jugendstil und Werkbund, Seite 72, Marke Nr. 16 identisch sowie Seite 74, Abbildung Nr 118, identischer Krug mit anderem Zinndeckel, Ausf\u00fchrung dort als Steinzeug mit dunkelbrauner Salzglasur, Werksentwurf nach Motiven von Albin M\u00fcller, weitere Literatur: J\u00fcrgen Schimanski, Braun geflammt und grau gesalzen, Seite 203, Beschreibung der Fabrik, Beschreibung der zeitlichen Zuordnung, Modellnummern 1900\/2000 um 1910 sowie Marke Nr. 16 identisch, au\u00dferdem dort beschrieben, dass eine eigene Firmenmarke (Anmerkung MEK: die stilisierte T\u00f6pfermarke, bestehend aus Mittelachse, daran Antriebstretscheibe, diese immer in einem quadratischen oder trapezf\u00f6rmigen Rahmen) erst Anfang der 1920\u2018 Jahre eingef\u00fchrt worden ist und dass Erzeugnisse der fr\u00fcheren Jahre oft mit dem Schriftzug \u201eGesetzl. Gesch\u00fctzt\u201c (Anmerkung MEK: richtige Schreibweise des Stempels eigentlich mit Gro\u00dfbuchstaben und nicht wie bei Schimanski klein geschrieben, also GESETZL. GESCH\u00dcTZT) gemarkt sind, dieser Beschreibung stimmt das MEK bez\u00fcglich der Firmenmarke nicht zu, das MEK Exemplar D\/XXXVII\/64 widerlegt diese Aussage, vor, bis um 1900, wurde der M &#038; R. darunter H. in einem Rechteck Stempel verwendet, diesen gibt es auch noch als ausgeschriebene Variante (MARZI &#038; REMY darunter H\u00d6HR.), dann nicht in einem Rechteck, sogar mit dem Zusatzstempel GESETZL. GESCH\u00dcTZT, siehe <strong>http:\/\/www.steinmarks.co.uk\/pages\/pv.asp?p=stein164<\/strong>, dort unter Marzi &#038; Remy diese Stempelvariante abgebildet als auch die Stempelvariante des oben genannten MEK Exemplares, M &#038; R. darunter H. steht <strong>nicht<\/strong> f\u00fcr Merkelbach &#038; Remy, einer Westerw\u00e4lder Fabrik, die in der gleichen Zeit produzierte und f\u00fcr die bisher in der Fachliteratur noch keine Firmenmarke nachgewiesen worden ist, weil sich diese Fabrik in Grenzhausen und nicht in H\u00f6hr befand, bis 1936 waren die beiden Ortschaften eigenst\u00e4ndig und wurden erst am 01.04.1936 zusammen mit der Gemeinde Grenzau zu H\u00f6hr-Grenzhausen zusammengeschlossen sowie Seite 205, Abbildung Nr. 521, identischer Krug, dort als Feinsteinzeug braun glasiert, Werksentwurf nach Motiven von Albin M\u00fcller, die Fabrik wurde 1879 von Anton Marzi und seinem Schwager Simon Peter Remy in H\u00f6hr gegr\u00fcndet und firmierte als Thonwaaren \u2013 Fabrik Marzi &#038; Remy, ab 1881 wurde eine eigene Zinngie\u00dferei angeschafft und ab 1883 neben dem grau \u2013 blau salzglasiertem Steinzeug auch Elfenbeinsteinzeug produziert, Simon Peter Remy verstarb 1919 und sein Sohn Werner Remy trat in die Fabrik ein, 1924 verstarb Anton Marzi und sein Schwiegersohn Johann Otto B\u00fchler trat in die Fabrik ein, Werner Remy verlie\u00df 1931 die Fabrik, 1941 trat Johann Otto B\u00fchlers Sohn Otto B\u00fchler in die Fabrik ein und 1953 dessen Sohn Otto Georg B\u00fchler, die Fabrik war bis zum Konkurs in den 1990\u2018 Jahren immer in Familienbesitz, Ausf\u00fchrung als Feinsteinzeug grau \u2013 blau und rot glasiert, H\u00f6he 14 cm, Breite 14,5 cm (nur die Keramik)<\/p>\n<p><a href=\"http:\/\/museumek.eu\/wp-content\/uploads\/2012\/04\/Museum-Europ\u00e4ischer-Keramikkunst-1725.jpg\"><img loading=\"lazy\" src=\"http:\/\/museumek.eu\/wp-content\/uploads\/2012\/04\/Museum-Europ\u00e4ischer-Keramikkunst-1725-182x300.jpg\" alt=\"\" title=\"Museum Europ\u00e4ischer Keramikkunst 1725\" width=\"182\" height=\"300\" class=\"alignnone size-medium wp-image-9020\" srcset=\"http:\/\/museumek.eu\/wp-content\/uploads\/2012\/04\/Museum-Europ\u00e4ischer-Keramikkunst-1725-182x300.jpg 182w, http:\/\/museumek.eu\/wp-content\/uploads\/2012\/04\/Museum-Europ\u00e4ischer-Keramikkunst-1725.jpg 575w\" sizes=\"(max-width: 182px) 100vw, 182px\" \/><\/a><\/p>\n<p><a href=\"http:\/\/museumek.eu\/wp-content\/uploads\/2012\/04\/Museum-Europ\u00e4ischer-Keramikkunst-1726.jpg\"><img loading=\"lazy\" src=\"http:\/\/museumek.eu\/wp-content\/uploads\/2012\/04\/Museum-Europ\u00e4ischer-Keramikkunst-1726-300x210.jpg\" alt=\"\" title=\"Museum Europ\u00e4ischer Keramikkunst 1726\" width=\"300\" height=\"210\" class=\"alignnone size-medium wp-image-9021\" srcset=\"http:\/\/museumek.eu\/wp-content\/uploads\/2012\/04\/Museum-Europ\u00e4ischer-Keramikkunst-1726-300x210.jpg 300w, http:\/\/museumek.eu\/wp-content\/uploads\/2012\/04\/Museum-Europ\u00e4ischer-Keramikkunst-1726-428x300.jpg 428w, http:\/\/museumek.eu\/wp-content\/uploads\/2012\/04\/Museum-Europ\u00e4ischer-Keramikkunst-1726.jpg 870w\" sizes=\"(max-width: 300px) 100vw, 300px\" \/><\/a><\/p>\n<p><a href=\"http:\/\/museumek.eu\/?attachment_id=29204\" rel=\"attachment wp-att-29204\"><img loading=\"lazy\" src=\"http:\/\/museumek.eu\/wp-content\/uploads\/2012\/04\/382-300x236.jpg\" alt=\"\" title=\"382\" width=\"300\" height=\"236\" class=\"alignnone size-medium wp-image-29204\" srcset=\"http:\/\/museumek.eu\/wp-content\/uploads\/2012\/04\/382-300x236.jpg 300w, http:\/\/museumek.eu\/wp-content\/uploads\/2012\/04\/382-150x118.jpg 150w, http:\/\/museumek.eu\/wp-content\/uploads\/2012\/04\/382-381x300.jpg 381w, http:\/\/museumek.eu\/wp-content\/uploads\/2012\/04\/382.jpg 762w\" sizes=\"(max-width: 300px) 100vw, 300px\" \/><\/a><\/p>\n<p><strong>Abteilung Deutschland, Keramik 1860 \u2013 1960, Inventarnummer D\/XXXVII\/7<\/strong><\/p>\n<p>Thonwaaren \u2013 Fabrik Marzi &#038; Remy, Deutschland, H\u00f6hr, um 1910, Krug, K\u00fcnstler Albin M\u00fcller, Werks.-Nr. 2124, Exemplar Nr. ohne, gemarkt keine Firmenmarke aber GESETZL. GESCH\u00dcTZT, 2124, 23 sowie 1 L \u00fcber Eichstrich gepresst, nicht signiert, Literatur: J\u00fcrgen Erlebach, J\u00fcrgen Schimanski, Westerw\u00e4lder Steinzeug, Die Neue \u00c4ra 1900 \u2013 1930, Jugendstil und Werkbund, Seite 72, Marke Nr. 16 identisch, weitere Literatur: J\u00fcrgen Schimanski, Braun geflammt und grau gesalzen, Seite 81, Abbildung Nr. 96 b, identischer Krug (kleinere Ausf\u00fchrun sowie Seite 203, Beschreibung der Fabrik, Beschreibung der zeitlichen Zuordnung, Modellnummern 1900\/2000 um 1910 sowie Marke Nr. 16 identisch, au\u00dferdem dort beschrieben, dass eine eigene Firmenmarke erst Anfang der 1920\u2018 Jahre eingef\u00fchrt worden ist und dass Erzeugnisse der fr\u00fcheren Jahre oft mit dem Schriftzug \u201eGesetzl. Gesch\u00fctzt\u201c gemarkt sind, diese Beschreibung stellt das MEK bez\u00fcglich der Fabrikmarke in Frage, da unter http:\/\/www.steinmarks.co.uk\/pages\/pv.asp?p=stein164, verschiedene Fabrikmarken mit fr\u00fchen Werksnummern aus dem 1900 Jahrhundert abgebildet sind, eine Fabrikmarke sogar mit dem Zusatz Gesetzl. Gesch\u00fctzt, siehe auch Keramikmuseum Westerwald, Inv. Nr. 68-G1316, identischer Krug mit anderem Deckel, die Fabrik wurde 1879 von Anton Marzi und seinem Schwager Simon Peter Remy in H\u00f6hr gegr\u00fcndet und firmierte als Thonwaaren \u2013 Fabrik Marzi &#038; Remy, ab 1881 wurde eine eigene Zinngie\u00dferei angeschafft und ab 1883 neben dem grau \u2013 blau salzglasiertem Steinzeug auch Elfenbeinsteinzeug produziert, Simon Peter Remy verstarb 1919 und sein Sohn Werner Remy trat in die Fabrik ein, 1924 verstarb Anton Marzi und sein Schwiegersohn Johann Otto B\u00fchler trat in die Fabrik ein, Werner Remy verlie\u00df 1931 die Fabrik, 1941 trat Johann Otto B\u00fchlers Sohn Otto B\u00fchler in die Fabrik ein und 1953 dessen Sohn Otto Georg B\u00fchler, die Fabrik war bis zum Konkurs in den 1990\u2018 Jahren immer in Familienbesitz, Ausf\u00fchrung als Steinzeug grau \u2013 blau salzglasiert,<br \/>\nH\u00f6he 18 cm, Breite 15 cm (nur die Keramik)<\/p>\n<p><a href=\"http:\/\/museumek.eu\/wp-content\/uploads\/2013\/04\/5029.jpg\"><img loading=\"lazy\" src=\"http:\/\/museumek.eu\/wp-content\/uploads\/2013\/04\/5029-203x300.jpg\" alt=\"\" title=\"5029\" width=\"203\" height=\"300\" class=\"alignnone size-medium wp-image-19902\" srcset=\"http:\/\/museumek.eu\/wp-content\/uploads\/2013\/04\/5029-203x300.jpg 203w, http:\/\/museumek.eu\/wp-content\/uploads\/2013\/04\/5029.jpg 542w\" sizes=\"(max-width: 203px) 100vw, 203px\" \/><\/a><\/p>\n<p><a href=\"http:\/\/museumek.eu\/wp-content\/uploads\/2013\/04\/5030.jpg\"><img loading=\"lazy\" src=\"http:\/\/museumek.eu\/wp-content\/uploads\/2013\/04\/5030-148x300.jpg\" alt=\"\" title=\"5030\" width=\"148\" height=\"300\" class=\"alignnone size-medium wp-image-19903\" \/><\/a><\/p>\n<p><a href=\"http:\/\/museumek.eu\/wp-content\/uploads\/2013\/04\/5031.jpg\"><img loading=\"lazy\" src=\"http:\/\/museumek.eu\/wp-content\/uploads\/2013\/04\/5031-300x239.jpg\" alt=\"\" title=\"5031\" width=\"300\" height=\"239\" class=\"alignnone size-medium wp-image-19904\" srcset=\"http:\/\/museumek.eu\/wp-content\/uploads\/2013\/04\/5031-300x239.jpg 300w, http:\/\/museumek.eu\/wp-content\/uploads\/2013\/04\/5031-375x300.jpg 375w, http:\/\/museumek.eu\/wp-content\/uploads\/2013\/04\/5031.jpg 578w\" sizes=\"(max-width: 300px) 100vw, 300px\" \/><\/a><\/p>\n<p><a href=\"http:\/\/museumek.eu\/wp-content\/uploads\/2013\/04\/5032.jpg\"><img loading=\"lazy\" src=\"http:\/\/museumek.eu\/wp-content\/uploads\/2013\/04\/5032-300x269.jpg\" alt=\"\" title=\"5032\" width=\"300\" height=\"269\" class=\"alignnone size-medium wp-image-19905\" srcset=\"http:\/\/museumek.eu\/wp-content\/uploads\/2013\/04\/5032-300x269.jpg 300w, http:\/\/museumek.eu\/wp-content\/uploads\/2013\/04\/5032-334x300.jpg 334w, http:\/\/museumek.eu\/wp-content\/uploads\/2013\/04\/5032.jpg 669w\" sizes=\"(max-width: 300px) 100vw, 300px\" \/><\/a><\/p>\n<p><strong>Abteilung Deutschland, Keramik 1860 \u2013 1960, Inventarnummer D\/XLI\/8<\/strong><\/p>\n<p>W\u00e4chtersbacher Steingutfabrik, Deutschland, Schlierbach, ca. 1916, Saftkrug, K\u00fcnstler Joseph Maria Olbrich (attr., f\u00fcr den Formentwurf, ca. 1903), Albin M\u00fcller (attr., f\u00fcr den Dekorentwurf, ca. 1915\/16), Werks.-Nr. 6430 (Dekornummer), Exemplar Nr. ohne, gemarkt Firmenmarke mit KAW (f\u00fcr Kunstabteilung W\u00e4chtersbach, Leitung Christian Neureuther) sowie C.N. (f\u00fcr Christian Neureuther) wei\u00dfer Stempel unter Glasur sowie 6430 wei\u00dfer Stempel unter Glasur, 4193\/2 (Formnummer) sowie Schildmarke gepresst, nicht signiert, Literatur: Heinz und Lilo Frensch, W\u00e4chtersbacher Steingut, Seite 17, Marke der Kunstabteilung identisch, weitere Literatur: Sparkassen-Kulturstiftung Hessen-Th\u00fcringen, W\u00e4chtersbacher Steingut, Die Sammlung der Sparkassen-Kulturstiftung Hessen-Th\u00fcringen, Seite 103, Marke Nr. 25 identisch, Seite 120, Nr. 182, Formnummer 3887 f\u00fcr Joseph Maria Olbrich nachweisbar sowie Seite 121, Nr. 201, T\u00e4tigkeit von Albin M\u00fcller um 1915 nachweisbar, weitere Literatur: Ludwig Rinn und Vonderau Museum Fulda, Markentafel W\u00e4chtersbacher Keramik, Seite 12, Marke Nr. 29 identisch, weitere Literatur: Museums- und Geschichtsverein Brachttal e. V., W\u00e4chtersbacher Steingut, Figuren und Fig\u00fcrliches, Seite 106, Markentafel, identische abgebildete Marke, weitere Literatur: Otto Pelka, Keramik der Neuzeit, Markentafel VIII, Marke in 125 identisch, Seite 212, Herstellerverzeichnis, Schlierbach, W\u00e4chtersbacher Steingutfabrik sowie Seite 222, Namenverzeichnis, W\u00e4chtersbacher Steingutfabrik, Schlierbach, M 125, o. g. Zuschreibungen sind nicht belegt, die Form der Kanne ist die typische Machart eines Architekten wie Olbrich, die Formnummer ist nahe der Zeit, als Olbrich Entw\u00fcrfe f\u00fcr die KAW erstellte, der Dekorentwurf durch Albin M\u00fcller ist zeitlich m\u00f6glich, das Dekor entspricht eher nicht den Neureuther Entw\u00fcrfen, evtl. stammt der Dekorentwurf auch von einem anderen Mitarbeiter der KAW, z. B. Eduard Schweitzer, das MEK nimmt keine Fabrikbeschreibung vor und verweist auf die o. g. Literatur,<br \/>\nH\u00f6he 21 cm, Breite 14 cm<\/p>\n<p><a href=\"http:\/\/museumek.eu\/wp-content\/uploads\/2012\/08\/Museum-Europ\u00e4ischer-Keramikkunst-1851.jpg\"><img loading=\"lazy\" src=\"http:\/\/museumek.eu\/wp-content\/uploads\/2012\/08\/Museum-Europ\u00e4ischer-Keramikkunst-1851-204x300.jpg\" alt=\"\" title=\"Museum Europ\u00e4ischer Keramikkunst 1851\" width=\"204\" height=\"300\" class=\"alignnone size-medium wp-image-12731\" srcset=\"http:\/\/museumek.eu\/wp-content\/uploads\/2012\/08\/Museum-Europ\u00e4ischer-Keramikkunst-1851-204x300.jpg 204w, http:\/\/museumek.eu\/wp-content\/uploads\/2012\/08\/Museum-Europ\u00e4ischer-Keramikkunst-1851.jpg 550w\" sizes=\"(max-width: 204px) 100vw, 204px\" \/><\/a><\/p>\n<p><a href=\"http:\/\/museumek.eu\/wp-content\/uploads\/2012\/08\/Museum-Europ\u00e4ischer-Keramikkunst-1852.jpg\"><img loading=\"lazy\" src=\"http:\/\/museumek.eu\/wp-content\/uploads\/2012\/08\/Museum-Europ\u00e4ischer-Keramikkunst-1852-300x250.jpg\" alt=\"\" title=\"Museum Europ\u00e4ischer Keramikkunst 1852\" width=\"300\" height=\"250\" class=\"alignnone size-medium wp-image-12732\" srcset=\"http:\/\/museumek.eu\/wp-content\/uploads\/2012\/08\/Museum-Europ\u00e4ischer-Keramikkunst-1852-300x250.jpg 300w, http:\/\/museumek.eu\/wp-content\/uploads\/2012\/08\/Museum-Europ\u00e4ischer-Keramikkunst-1852-358x300.jpg 358w, http:\/\/museumek.eu\/wp-content\/uploads\/2012\/08\/Museum-Europ\u00e4ischer-Keramikkunst-1852.jpg 563w\" sizes=\"(max-width: 300px) 100vw, 300px\" \/><\/a><\/p>\n<p><a href=\"http:\/\/museumek.eu\/wp-content\/uploads\/2012\/08\/Museum-Europ\u00e4ischer-Keramikkunst-1854.jpg\"><img loading=\"lazy\" src=\"http:\/\/museumek.eu\/wp-content\/uploads\/2012\/08\/Museum-Europ\u00e4ischer-Keramikkunst-1854-268x300.jpg\" alt=\"\" title=\"Museum Europ\u00e4ischer Keramikkunst 1854\" width=\"268\" height=\"300\" class=\"alignnone size-medium wp-image-12733\" srcset=\"http:\/\/museumek.eu\/wp-content\/uploads\/2012\/08\/Museum-Europ\u00e4ischer-Keramikkunst-1854-268x300.jpg 268w, http:\/\/museumek.eu\/wp-content\/uploads\/2012\/08\/Museum-Europ\u00e4ischer-Keramikkunst-1854.jpg 551w\" sizes=\"(max-width: 268px) 100vw, 268px\" \/><\/a><\/p>\n<p><strong>Abteilung Deutschland, Keramik 1860 \u2013 1960, Inventarnummer D\/XLIX\/4<\/strong><\/p>\n<p>Simon Peter Gerz I. GmbH Fabrik fein verzierter Gebrauchs- und Luxusgegenst\u00e4nde und Vorg\u00e4nger Simon Peter Gerz I. Fabrik antiker reichverzierter Steinzeugwaaren, Deutschland, H\u00f6hr, um 1909, Dose, K\u00fcnstler Albin M\u00fcller, Werks.-Nr. 1711, Exemplar Nr. ohne, gemarkt keine Fabrikmarke (oder diese ist von der dicken blauen Glasur verdeckt) aber 1711 gepresst, nicht signiert, Literatur: J\u00fcrgen Schimanski und J\u00fcrgen Erlebach, Westerw\u00e4lder Steinzeug, Die Neue \u00c4ra, Seite 44 ff., Fabrikbeschreibung, weitere Literatur: J\u00fcrgen Schimanski, Braun geflammt und grau gesalzen, Seite 79, Abbildung Nr. 88 identische 3 cm h\u00f6here Dose, bezeichnet mit Entwurf: Albi M\u00fcller um 1909, Ausf\u00fchrung: S. P. Gerz, Modellnummer 1711, die Fabrik wurde 1857 von Simon Peter Gerz I (geb. 13.09.1830, gest. 12.09.1893) gegr\u00fcndet, die Registereintragung erfolgte aber erst 1862, insofern ist das Jahr 1862 das amtliche Gr\u00fcndungsdatum, bisher konnte in keiner Literatur eine Erkl\u00e4rung gefunden werden, warum Gerz seinem Namen eine r\u00f6mische I anf\u00fcgte, recherchiert werden konnte, dass es noch einen Steinzeugfabrikanten namens Simon Peter Gerz II (geb. 1833, gest. 1908) gab und dass dieser der Vater von Alois Jacob Gerz, dem Mitbegr\u00fcnder der Steinzeugfabrik Rosskopf &#038; Gerz war, 1867 erhielt die Fabrik das Pr\u00e4dikat eines Hoflieferanten des Herzog von Nassau, 1893 (Gerz Tod) wurde der Schwiegersohn Alphons William Loetschert Inhaber, sehr wahrscheinlich wurde um diese Zeit auch die Fabrikmarke SPG I in einem Kreis in die Dreieckmarke mit einem Krug ge\u00e4ndert, sp\u00e4testens aber sicher 1897, 1897 wurde die Pfeiffenfabrik M\u00fcllenbach &#038; Thewalt Mitinhaber und eine GmbH wurde gegr\u00fcndet (Gr\u00fcndungsdatum: 05.08.1897), die Fabrik bestand bis 1997, Ausf\u00fchrung als Feinsteinzeug kobaltblau glasiert, H\u00f6he 10 cm, Breite 9,5 cm<\/p>\n<p><a href=\"http:\/\/museumek.eu\/?attachment_id=31480\" rel=\"attachment wp-att-31480\"><img loading=\"lazy\" src=\"http:\/\/museumek.eu\/wp-content\/uploads\/2014\/06\/414-263x300.jpg\" alt=\"\" title=\"414\" width=\"263\" height=\"300\" class=\"alignnone size-medium wp-image-31480\" srcset=\"http:\/\/museumek.eu\/wp-content\/uploads\/2014\/06\/414-263x300.jpg 263w, http:\/\/museumek.eu\/wp-content\/uploads\/2014\/06\/414-131x150.jpg 131w, http:\/\/museumek.eu\/wp-content\/uploads\/2014\/06\/414.jpg 488w\" sizes=\"(max-width: 263px) 100vw, 263px\" \/><\/a><\/p>\n<p><a href=\"http:\/\/museumek.eu\/?attachment_id=31481\" rel=\"attachment wp-att-31481\"><img loading=\"lazy\" src=\"http:\/\/museumek.eu\/wp-content\/uploads\/2014\/06\/415-277x300.jpg\" alt=\"\" title=\"415\" width=\"277\" height=\"300\" class=\"alignnone size-medium wp-image-31481\" srcset=\"http:\/\/museumek.eu\/wp-content\/uploads\/2014\/06\/415-277x300.jpg 277w, http:\/\/museumek.eu\/wp-content\/uploads\/2014\/06\/415-138x150.jpg 138w, http:\/\/museumek.eu\/wp-content\/uploads\/2014\/06\/415.jpg 477w\" sizes=\"(max-width: 277px) 100vw, 277px\" \/><\/a><\/p>\n<p><a href=\"http:\/\/museumek.eu\/?attachment_id=31482\" rel=\"attachment wp-att-31482\"><img loading=\"lazy\" src=\"http:\/\/museumek.eu\/wp-content\/uploads\/2014\/06\/416-160x300.jpg\" alt=\"\" title=\"416\" width=\"160\" height=\"300\" class=\"alignnone size-medium wp-image-31482\" srcset=\"http:\/\/museumek.eu\/wp-content\/uploads\/2014\/06\/416-160x300.jpg 160w, http:\/\/museumek.eu\/wp-content\/uploads\/2014\/06\/416-80x150.jpg 80w, http:\/\/museumek.eu\/wp-content\/uploads\/2014\/06\/416.jpg 375w\" sizes=\"(max-width: 160px) 100vw, 160px\" \/><\/a><\/p>\n<p><a href=\"http:\/\/museumek.eu\/?attachment_id=31483\" rel=\"attachment wp-att-31483\"><img loading=\"lazy\" src=\"http:\/\/museumek.eu\/wp-content\/uploads\/2014\/06\/418-212x300.jpg\" alt=\"\" title=\"418\" width=\"212\" height=\"300\" class=\"alignnone size-medium wp-image-31483\" srcset=\"http:\/\/museumek.eu\/wp-content\/uploads\/2014\/06\/418-212x300.jpg 212w, http:\/\/museumek.eu\/wp-content\/uploads\/2014\/06\/418-106x150.jpg 106w, http:\/\/museumek.eu\/wp-content\/uploads\/2014\/06\/418.jpg 379w\" sizes=\"(max-width: 212px) 100vw, 212px\" \/><\/a><\/p>\n<p><a href=\"http:\/\/museumek.eu\/?attachment_id=31484\" rel=\"attachment wp-att-31484\"><img loading=\"lazy\" src=\"http:\/\/museumek.eu\/wp-content\/uploads\/2014\/06\/417-300x185.jpg\" alt=\"\" title=\"417\" width=\"300\" height=\"185\" class=\"alignnone size-medium wp-image-31484\" srcset=\"http:\/\/museumek.eu\/wp-content\/uploads\/2014\/06\/417-300x185.jpg 300w, http:\/\/museumek.eu\/wp-content\/uploads\/2014\/06\/417-150x92.jpg 150w, http:\/\/museumek.eu\/wp-content\/uploads\/2014\/06\/417-484x300.jpg 484w, http:\/\/museumek.eu\/wp-content\/uploads\/2014\/06\/417.jpg 486w\" sizes=\"(max-width: 300px) 100vw, 300px\" \/><\/a><\/p>\n<p><strong>Abteilung Deutschland, Keramik 1860 \u2013 1960, Inventarnummer D\/LXX\/1<\/strong><\/p>\n<p>Reinhold Hanke Fabrik fein verzierter Steinzeugwaaren, vormals Reinhold Hanke Fabrik altdeutscher Steinzeug-Kr\u00fcge, Deutschland, H\u00f6hr, um 1910, Flasche, K\u00fcnstler Albin M\u00fcller, Werks.-Nr. ohne, Exemplar Nr. ohne, nicht gemarkt, nicht signiert, Literatur: J\u00fcrgen Schimanski und J\u00fcrgen Erlebach, Westerw\u00e4lder Steinzeug, Die Neue \u00c4ra, Seite 60, Fabrikbeschreibung sowie Seite 62, Abbildung 76, identische Flasche (7,5 cm gr\u00f6\u00dfere Variante) Entwurf Albin M\u00fcller f\u00fcr die Firma Carl Mampe in Berlin, dort au\u00dferdem beschrieben, dass Albin M\u00fcller Exemplare dieser Flasche in seinem Haushalt in Darmstadt (Darmst\u00e4dter K\u00fcnstlerkolonnie) hatte, weitere Literatur: J\u00fcrgen Schimanski, Braun geflammt und grau gesalzen, Seite 202, Beschreibung der Fabrik, Seite 76 ff., Biografie Albin M\u00fcller sowie Seite 80, Abbildung 92, identische Flasche (7,5 cm gr\u00f6\u00dfere Variante) Entwurf Albin M\u00fcller, weitere Literatur: Wolfgang Venzmer, Jugendstil im Landesmuseum Mainz, Seite 342, Beschreibung der Fabrik sowie Abbildung 444, identische Flasche (7,5 cm gr\u00f6\u00dfere Variante und mit Flaschenstopfen) Entwurf Albin M\u00fcller, erworben aus Privatbesitz, Inventar Nr. 89\/67, au\u00dferdem dort beschrieben, dass von dieser Flasche auch eine etwas kleinere Variante bekannt ist, mit Verweis auf das Auktionshaus Ketterer, Auktion Nr. 131, Jahr 1988, Lot Nr. 570, weitere Literatur: Institut Mathildenh\u00f6he Darmstadt, Katalog Museum K\u00fcnstlerkolonie Darmstadt, Seite 164, Abbildung 235, identische Flasche (7,5 cm gr\u00f6\u00dfere Variante) Entwurf Albin M\u00fcller, weitere Literatur: Johannes und Peter Vogt, Alte Bierkr\u00fcge, Von der Renaissance bis zum Jugendstil, Seite 14, Fabrikbeschreibung und Benennung des Fabriknamens Reinhold Hanke Fabrik altdeutscher Steinzeug-Kr\u00fcge, siehe auch Auktionshaus von Zezschwitz, M\u00fcnchen, Auktion 62 vom 14.10.2010, Angewandte Kunst des 20. Jahrhunderts, Lot Nr. 131 A, identische Flasche (7 cm gr\u00f6\u00dfere Variante) mit einer wertmindernden Ausplatzung (Scharte), Verkaufserl\u00f6s 200 \u20ac + ca. 20 % Zuschlagskosten, 1864 gr\u00fcndete der aus B\u00f6hmen (Ausbildung bei Maresch, Siderolithsteinzeug) zugewanderte Reinhold Hanke zusammen mit Ottmar Speyser eine Siderolithwaarenfabrik in H\u00f6hr, 1868 trennte sich Reinhold Hanke von Ottmar Speyser (ob dieser die Siderlithwaarenfabrik allein weiterf\u00fchrte oder ob diese in Konkurs ging ist noch nicht gekl\u00e4rt) und gr\u00fcndete seine eigene Fabrik, die als Fabrik altdeutscher Steinzeug-Kr\u00fcge firmierte, 1876 wurde die Fabrik von Kaiserin Augusta, Gattin Kaiser Wilhelm des I. zum Hoflieferanten ernannt, bis 1882 wurde ausschlie\u00dflich graues Steinzeug produziert, welches blau bemalt wurde, ab 1883 wurde auch Elfenbeinsteinzeug produziert, Reinhold Hanke starb am 22.06.1886 und seine Witwe Maria Hanke f\u00fchrte die Fabrik fort, gem\u00e4\u00df des Musterbuches von ca. 1888 firmierte die Fabrik ab ca. 1888 als Reinhold Hanke Fabrik feinverzierter Steinzeugwaaren, ab 1901 f\u00fchrten die S\u00f6hne August und Carl Hanke die Fabrik, 1911 bis 1918 schloss sich die Fabrik mit den Fabriken Reinhold Merkelbach, Walter M\u00fcller und S. P. Gerz vertriebstechnisch zu der Steinzeugwerke H\u00f6hr-Grenzhausen GmbH zusammen, Hanke schied aber bereits vor 1918 wieder aus der GmbH aus, 1921 wurden bei einem Brand die Fabrikgeb\u00e4ude zerst\u00f6rt und danach in kleinerem Umfang wieder aufgebaut, 1938, zum Tode von August Hanke wurde die Hank\u2019sche Fabrik endg\u00fcltig stillgelegt, das Fabrikgel\u00e4nde und die Fabrikgeb\u00e4ude wurden aber bis 1983 noch zur Erzeugung keramischer Produkte wohl unter Pacht von den Hank\u2018schen Erben von anderen Fabrikanten zum Beispiel Jean Maas genutzt, Ausf\u00fchrung als Steinzeug grau-blau salzglasiert, zylindrischer Gef\u00e4\u00dfk\u00f6rper mit ausgew\u00f6lbter Schulter, die sich zum Hals hin stark verj\u00fcngt, auf zylindrischer Wandung umlaufende, reliefierte Wellenb\u00e4nder in Blau auf grauem Grund, blau bemalte Schulter mit Nuppendekor und reliefierten Medaillons, H\u00f6he 15,5 cm, Breite 7 cm<\/p>\n<p><a href=\"http:\/\/museumek.eu\/wp-content\/uploads\/2013\/02\/Museum-Europ\u00e4ischer-Keramikkunst-3907.jpg\"><img loading=\"lazy\" src=\"http:\/\/museumek.eu\/wp-content\/uploads\/2013\/02\/Museum-Europ\u00e4ischer-Keramikkunst-3907-161x300.jpg\" alt=\"\" title=\"Museum Europ\u00e4ischer Keramikkunst 3907\" width=\"161\" height=\"300\" class=\"alignnone size-medium wp-image-17735\" srcset=\"http:\/\/museumek.eu\/wp-content\/uploads\/2013\/02\/Museum-Europ\u00e4ischer-Keramikkunst-3907-161x300.jpg 161w, http:\/\/museumek.eu\/wp-content\/uploads\/2013\/02\/Museum-Europ\u00e4ischer-Keramikkunst-3907.jpg 508w\" sizes=\"(max-width: 161px) 100vw, 161px\" \/><\/a><\/p>\n<p><a href=\"http:\/\/museumek.eu\/wp-content\/uploads\/2013\/02\/Zezschwitz-4.jpg\"><img loading=\"lazy\" src=\"http:\/\/museumek.eu\/wp-content\/uploads\/2013\/02\/Zezschwitz-4-300x148.jpg\" alt=\"\" title=\"Zezschwitz 4\" width=\"300\" height=\"148\" class=\"alignnone size-medium wp-image-17736\" srcset=\"http:\/\/museumek.eu\/wp-content\/uploads\/2013\/02\/Zezschwitz-4-300x148.jpg 300w, http:\/\/museumek.eu\/wp-content\/uploads\/2013\/02\/Zezschwitz-4-500x247.jpg 500w, http:\/\/museumek.eu\/wp-content\/uploads\/2013\/02\/Zezschwitz-4.jpg 590w\" sizes=\"(max-width: 300px) 100vw, 300px\" \/><\/a><\/p>\n<p><strong>Abteilung Deutschland, Keramik 1860 \u2013 1960, Inventarnummer D\/LIII\/6<\/strong><\/p>\n<p>Steingut- und Steinzeugfabrik, Kunstt\u00f6pferei, Zinngie\u00dferei Merkelbach &#038; Wick und Nachfolger Steingutfabrik Wick Werke AG, Vereinigte Fabriken Merkelbach &#038; Wick und Merkelbach, Stadelmann &#038; Co., Deutschland, Grenzhausen, vor 1921 (Entwurf 1908), Seidel, K\u00fcnstler Albin M\u00fcller, Werks.-Nr. 3208, Exemplar Nr. ohne, gemarkt Firmenmarke Rundstempel mit M &#038; W sowie Gr. (f\u00fcr Merkelbach, Wick, Grenzhausen), \u00bd L \u00fcber Eichstrich, 3208 sowie I (?) P (?) gepresst, nicht signiert, Literatur: Gisela Reineking von Bock, Meister der deutschen Keramik, Seite 329, Marke Nr. 214 identisch, weitere Literatur: J\u00fcrgen Schimanski und J\u00fcrgen Erlebach, Westerw\u00e4lder Steinzeug, Die Neue \u00c4ra, Seite 109, Fabrikbeschreibung, Marke Nr. 36 identisch sowie Seite 110, Abbildung 267 identisch, dort als Ausf\u00fchrung1 Liter Krug, weitere Literatur: J\u00fcrgen Schimanski, Braun geflammt und grau gesalzen, Seite 87, Abbildung 115 a identisch, dort als Ausf\u00fchrung 1 Liter Krug, Seite 215, Beschreibung der Fabrik sowie Seite 216, Marke Nr. 36 identisch, weitere Literatur: Beate Dry-von Zezschwitz, Westerw\u00e4lder Steinzug des Jugendstils I, Reinhold Merkelbach, Spezialpreisliste 1905, Seite 10 ff., Fabrikbeschreibung, der 1840 geborene Friedrich Wilhelm Merkelbach (gest. 1896) betrieb eine Kannenb\u00e4ckerei oder bereits eine keramische Fabrik, die unter dem Namen F. W. Merkelbach II. firmierte, 1872 (oder 1874) nimmt Friedrich Wilhelm Merkelbach den Bildhauer (Johann) Georg Peter Wick (geb. 1837, gest. 1914) in die Firma auf, die Firmierung \u00e4ndert sich in Steingut- und Steinzeugfabrik, Kunstt\u00f6pferei, Zinngie\u00dferei Merkelbach &#038; Wick, ab 1882\/1883 produzieren Sie als eine der ersten Westerw\u00e4lder Fabriken Elfenbeinsteinzeug, \u00fcber die H\u00e4lfte der Produktion wird in die USA exportiert, in der Zeit von 1886 bis 1897 liefert die Fabrik Halbfertigerzeugnisse an die keramische Fabrik von Hauber &#038; Reuther, Jugenstilk\u00fcnstler wie Peter Behrens und Henry van de Velde liefern um 1900 herausragende Entw\u00fcrfe, 1895 tritt Wicks Sohn (und evtl. gleichzeitig Merkelbachs Schwiegersohn) Ludwig Konrad Wick in die Fabrik ein und \u00fcbernimmt sicher zeitnah auch deren Leitung, bis er 1910\/1911 die Leitung an seine Frau Emma abgibt, 1921\/1922 fusioniert die Fabrik mit der um 1867 in Grenzhausen von Friedrich Wilhelm Merkelbach, Theodor Stadelmann und Julius Schr\u00f6der als Mahl- und Schleifsteinfabrik gegr\u00fcndeten Fabrik Merkelbach, Stadelmann &#038; Co. (wahrscheinlich war Konrad Wicks Frau Emma bereits Miteigent\u00fcmer dieser Fabrik) zur Steingutfabrik Wick Werke AG, Vereinigte Fabriken Merkelbach &#038; Wick und Merkelbach, Stadelmann &#038; Co., die Fabrik bestand rund 100 Jahre, Ausf\u00fchrung als Steinzeug grau-blau salzglasiert, Werks-Nr. 3208 unter dem Griff, Werks.-Nr. 3200 ff. verweisen auf eine sp\u00e4tere Ausf\u00fchrung, bei den o. g. Kr\u00fcgen Ausf\u00fchrung der Ovale in vierfach, beim Seidel in dreifach, <strong>das MEK Exemplar mit der Werks.-Nr. 3208 ist in der Fachliteratur als \u00bd Liter Seidel noch nicht erfasst, erfasst ist dieses Dekor nur als 1 Liter Krug<\/strong>, H\u00f6he 14,5 cm, Breite 13 cm (nur die Keramik)<\/p>\n<p><a href=\"http:\/\/museumek.eu\/?attachment_id=28432\" rel=\"attachment wp-att-28432\"><img loading=\"lazy\" src=\"http:\/\/museumek.eu\/wp-content\/uploads\/2014\/04\/227-178x300.jpg\" alt=\"\" title=\"227\" width=\"178\" height=\"300\" class=\"alignnone size-medium wp-image-28432\" srcset=\"http:\/\/museumek.eu\/wp-content\/uploads\/2014\/04\/227-178x300.jpg 178w, http:\/\/museumek.eu\/wp-content\/uploads\/2014\/04\/227-89x150.jpg 89w, http:\/\/museumek.eu\/wp-content\/uploads\/2014\/04\/227.jpg 449w\" sizes=\"(max-width: 178px) 100vw, 178px\" \/><\/a><\/p>\n<p><a href=\"http:\/\/museumek.eu\/?attachment_id=28433\" rel=\"attachment wp-att-28433\"><img loading=\"lazy\" src=\"http:\/\/museumek.eu\/wp-content\/uploads\/2014\/04\/228-188x300.jpg\" alt=\"\" title=\"228\" width=\"188\" height=\"300\" class=\"alignnone size-medium wp-image-28433\" srcset=\"http:\/\/museumek.eu\/wp-content\/uploads\/2014\/04\/228-188x300.jpg 188w, http:\/\/museumek.eu\/wp-content\/uploads\/2014\/04\/228-94x150.jpg 94w, http:\/\/museumek.eu\/wp-content\/uploads\/2014\/04\/228.jpg 437w\" sizes=\"(max-width: 188px) 100vw, 188px\" \/><\/a><\/p>\n<p><a href=\"http:\/\/museumek.eu\/?attachment_id=28434\" rel=\"attachment wp-att-28434\"><img loading=\"lazy\" src=\"http:\/\/museumek.eu\/wp-content\/uploads\/2014\/04\/229-190x300.jpg\" alt=\"\" title=\"229\" width=\"190\" height=\"300\" class=\"alignnone size-medium wp-image-28434\" srcset=\"http:\/\/museumek.eu\/wp-content\/uploads\/2014\/04\/229-190x300.jpg 190w, http:\/\/museumek.eu\/wp-content\/uploads\/2014\/04\/229-95x150.jpg 95w\" sizes=\"(max-width: 190px) 100vw, 190px\" \/><\/a><\/p>\n<p><a href=\"http:\/\/museumek.eu\/?attachment_id=28435\" rel=\"attachment wp-att-28435\"><img loading=\"lazy\" src=\"http:\/\/museumek.eu\/wp-content\/uploads\/2014\/04\/230-279x300.jpg\" alt=\"\" title=\"230\" width=\"279\" height=\"300\" class=\"alignnone size-medium wp-image-28435\" srcset=\"http:\/\/museumek.eu\/wp-content\/uploads\/2014\/04\/230-279x300.jpg 279w, http:\/\/museumek.eu\/wp-content\/uploads\/2014\/04\/230-139x150.jpg 139w, http:\/\/museumek.eu\/wp-content\/uploads\/2014\/04\/230.jpg 548w\" sizes=\"(max-width: 279px) 100vw, 279px\" \/><\/a><\/p>\n<p><a href=\"http:\/\/museumek.eu\/?attachment_id=28436\" rel=\"attachment wp-att-28436\"><img loading=\"lazy\" src=\"http:\/\/museumek.eu\/wp-content\/uploads\/2014\/04\/231-300x296.jpg\" alt=\"\" title=\"231\" width=\"300\" height=\"296\" class=\"alignnone size-medium wp-image-28436\" srcset=\"http:\/\/museumek.eu\/wp-content\/uploads\/2014\/04\/231-300x296.jpg 300w, http:\/\/museumek.eu\/wp-content\/uploads\/2014\/04\/231-150x148.jpg 150w, http:\/\/museumek.eu\/wp-content\/uploads\/2014\/04\/231-303x300.jpg 303w, http:\/\/museumek.eu\/wp-content\/uploads\/2014\/04\/231.jpg 531w\" sizes=\"(max-width: 300px) 100vw, 300px\" \/><\/a><\/p>\n<p><a href=\"http:\/\/museumek.eu\/?attachment_id=28437\" rel=\"attachment wp-att-28437\"><img loading=\"lazy\" src=\"http:\/\/museumek.eu\/wp-content\/uploads\/2014\/04\/232-253x300.jpg\" alt=\"\" title=\"232\" width=\"253\" height=\"300\" class=\"alignnone size-medium wp-image-28437\" srcset=\"http:\/\/museumek.eu\/wp-content\/uploads\/2014\/04\/232-253x300.jpg 253w, http:\/\/museumek.eu\/wp-content\/uploads\/2014\/04\/232-126x150.jpg 126w, http:\/\/museumek.eu\/wp-content\/uploads\/2014\/04\/232.jpg 600w\" sizes=\"(max-width: 253px) 100vw, 253px\" \/><\/a><\/p>\n<p><a href=\"http:\/\/museumek.eu\/?attachment_id=28438\" rel=\"attachment wp-att-28438\"><img loading=\"lazy\" src=\"http:\/\/museumek.eu\/wp-content\/uploads\/2014\/04\/233-296x300.jpg\" alt=\"\" title=\"233\" width=\"296\" height=\"300\" class=\"alignnone size-medium wp-image-28438\" srcset=\"http:\/\/museumek.eu\/wp-content\/uploads\/2014\/04\/233-296x300.jpg 296w, http:\/\/museumek.eu\/wp-content\/uploads\/2014\/04\/233-148x150.jpg 148w, http:\/\/museumek.eu\/wp-content\/uploads\/2014\/04\/233.jpg 320w\" sizes=\"(max-width: 296px) 100vw, 296px\" \/><\/a><\/p>\n","protected":false},"excerpt":{"rendered":"<p>Abteilung Deutschland, Keramik 1860 \u2013 1960, Inventarnummer D\/XXXVII\/1 Thonwaaren \u2013 Fabrik Marzi &#038; Remy, Deutschland, H\u00f6hr, um 1910, Seidel, K\u00fcnstler Albin M\u00fcller, Werks.-Nr. 2128, Exemplar Nr. ohne, gemarkt keine Firmenmarke aber GESETZL. GESCH\u00dcTZT, 2128, 23 sowie 0,5 L \u00fcber Eichstrich &hellip; <a href=\"http:\/\/museumek.eu\/?page_id=9029\">Weiterlesen <span class=\"meta-nav\">&rarr;<\/span><\/a><\/p>\n","protected":false},"author":1,"featured_media":0,"parent":9026,"menu_order":1,"comment_status":"closed","ping_status":"closed","template":"","meta":[],"_links":{"self":[{"href":"http:\/\/museumek.eu\/index.php?rest_route=\/wp\/v2\/pages\/9029"}],"collection":[{"href":"http:\/\/museumek.eu\/index.php?rest_route=\/wp\/v2\/pages"}],"about":[{"href":"http:\/\/museumek.eu\/index.php?rest_route=\/wp\/v2\/types\/page"}],"author":[{"embeddable":true,"href":"http:\/\/museumek.eu\/index.php?rest_route=\/wp\/v2\/users\/1"}],"replies":[{"embeddable":true,"href":"http:\/\/museumek.eu\/index.php?rest_route=%2Fwp%2Fv2%2Fcomments&post=9029"}],"version-history":[{"count":45,"href":"http:\/\/museumek.eu\/index.php?rest_route=\/wp\/v2\/pages\/9029\/revisions"}],"predecessor-version":[{"id":42137,"href":"http:\/\/museumek.eu\/index.php?rest_route=\/wp\/v2\/pages\/9029\/revisions\/42137"}],"up":[{"embeddable":true,"href":"http:\/\/museumek.eu\/index.php?rest_route=\/wp\/v2\/pages\/9026"}],"wp:attachment":[{"href":"http:\/\/museumek.eu\/index.php?rest_route=%2Fwp%2Fv2%2Fmedia&parent=9029"}],"curies":[{"name":"wp","href":"https:\/\/api.w.org\/{rel}","templated":true}]}}