{"id":11787,"date":"2012-07-15T14:42:15","date_gmt":"2012-07-15T12:42:15","guid":{"rendered":"http:\/\/museumek.eu\/?page_id=11787"},"modified":"2013-04-01T22:17:08","modified_gmt":"2013-04-01T20:17:08","slug":"dviii13","status":"publish","type":"page","link":"https:\/\/museumek.eu\/?page_id=11787","title":{"rendered":"D\/VIII\/13"},"content":{"rendered":"<p><strong>Abteilung Deutschland, Keramik 1860 \u2013 1960, Inventarnummer D\/VIII\/13<\/strong><\/p>\n<p>Manufaktur Villeroy &#038; Boch, Deutschland, Mettlach, ab 1903, Fliese mit geometrischem Schwarz-wei\u00df-Dekor, K\u00fcnstler Peter Behrens, Werks.-Nr. 1030 (?), Exemplar Nr. ohne, gemarkt Villeroy &#038; Boch, Mettlach sowie VII gepresst, nicht signiert, Literatur: Villeroy &#038; Boch AG, Mettlach, 1998, Villeroy &#038; Boch, ein Vierteljahrtausend europ\u00e4ische Industriegeschichte 1748 \u2013 1998, Seite 146, Abbildung der identischen Fliese und Erkl\u00e4rung, dass das Dekor von Peter Behrens entworfen worden ist, weitere Literatur: Dekorative Kunst, Jahr 1905, Zusammenstellung der von Peter Behrens Ende 1903 entworfenen Fliesen, dort abgebildet, weitere Literatur: Museum K\u00fcnstlerkolonie Darmstadt, Katalog, Seite 15, Abbildung 13, identische Fliese als Behrens Entwurf gelistet, Steingut, H\u00f6he 1,8 cm, L\u00e4nge und Breite 16,8 cm<\/p>\n<p><a href=\"http:\/\/museumek.eu\/wp-content\/uploads\/2012\/07\/Museum-Europ\u00e4ischer-Keramikkunst-2567.jpg\"><img loading=\"lazy\" src=\"http:\/\/museumek.eu\/wp-content\/uploads\/2012\/07\/Museum-Europ\u00e4ischer-Keramikkunst-2567-300x192.jpg\" alt=\"\" title=\"Museum Europ\u00e4ischer Keramikkunst 2567\" width=\"300\" height=\"192\" class=\"alignnone size-medium wp-image-11788\" srcset=\"https:\/\/museumek.eu\/wp-content\/uploads\/2012\/07\/Museum-Europ\u00e4ischer-Keramikkunst-2567-300x192.jpg 300w, https:\/\/museumek.eu\/wp-content\/uploads\/2012\/07\/Museum-Europ\u00e4ischer-Keramikkunst-2567-467x300.jpg 467w, https:\/\/museumek.eu\/wp-content\/uploads\/2012\/07\/Museum-Europ\u00e4ischer-Keramikkunst-2567.jpg 907w\" sizes=\"(max-width: 300px) 100vw, 300px\" \/><\/a><\/p>\n<p><a href=\"http:\/\/museumek.eu\/wp-content\/uploads\/2012\/07\/Museum-Europ\u00e4ischer-Keramikkunst-2566.jpg\"><img loading=\"lazy\" src=\"http:\/\/museumek.eu\/wp-content\/uploads\/2012\/07\/Museum-Europ\u00e4ischer-Keramikkunst-2566-300x289.jpg\" alt=\"\" title=\"Museum Europ\u00e4ischer Keramikkunst 2566\" width=\"300\" height=\"289\" class=\"alignnone size-medium wp-image-11789\" srcset=\"https:\/\/museumek.eu\/wp-content\/uploads\/2012\/07\/Museum-Europ\u00e4ischer-Keramikkunst-2566-300x289.jpg 300w, https:\/\/museumek.eu\/wp-content\/uploads\/2012\/07\/Museum-Europ\u00e4ischer-Keramikkunst-2566-311x300.jpg 311w, https:\/\/museumek.eu\/wp-content\/uploads\/2012\/07\/Museum-Europ\u00e4ischer-Keramikkunst-2566.jpg 723w\" sizes=\"(max-width: 300px) 100vw, 300px\" \/><\/a><\/p>\n<p><a href=\"http:\/\/museumek.eu\/wp-content\/uploads\/2012\/07\/Museum-Europ\u00e4ischer-Keramikkunst-2568.jpg\"><img loading=\"lazy\" src=\"http:\/\/museumek.eu\/wp-content\/uploads\/2012\/07\/Museum-Europ\u00e4ischer-Keramikkunst-2568-300x288.jpg\" alt=\"\" title=\"Museum Europ\u00e4ischer Keramikkunst 2568\" width=\"300\" height=\"288\" class=\"alignnone size-medium wp-image-11790\" srcset=\"https:\/\/museumek.eu\/wp-content\/uploads\/2012\/07\/Museum-Europ\u00e4ischer-Keramikkunst-2568-300x288.jpg 300w, https:\/\/museumek.eu\/wp-content\/uploads\/2012\/07\/Museum-Europ\u00e4ischer-Keramikkunst-2568-311x300.jpg 311w, https:\/\/museumek.eu\/wp-content\/uploads\/2012\/07\/Museum-Europ\u00e4ischer-Keramikkunst-2568.jpg 734w\" sizes=\"(max-width: 300px) 100vw, 300px\" \/><\/a><\/p>\n<p><a href=\"http:\/\/museumek.eu\/wp-content\/uploads\/2012\/07\/Museum-Europ\u00e4ischer-Keramikkunst-2569.jpg\"><img loading=\"lazy\" src=\"http:\/\/museumek.eu\/wp-content\/uploads\/2012\/07\/Museum-Europ\u00e4ischer-Keramikkunst-2569-300x215.jpg\" alt=\"\" title=\"Museum Europ\u00e4ischer Keramikkunst 2569\" width=\"300\" height=\"215\" class=\"alignnone size-medium wp-image-11791\" srcset=\"https:\/\/museumek.eu\/wp-content\/uploads\/2012\/07\/Museum-Europ\u00e4ischer-Keramikkunst-2569-300x215.jpg 300w, https:\/\/museumek.eu\/wp-content\/uploads\/2012\/07\/Museum-Europ\u00e4ischer-Keramikkunst-2569-417x300.jpg 417w, https:\/\/museumek.eu\/wp-content\/uploads\/2012\/07\/Museum-Europ\u00e4ischer-Keramikkunst-2569.jpg 879w\" sizes=\"(max-width: 300px) 100vw, 300px\" \/><\/a><\/p>\n","protected":false},"excerpt":{"rendered":"<p>Abteilung Deutschland, Keramik 1860 \u2013 1960, Inventarnummer D\/VIII\/13 Manufaktur Villeroy &#038; Boch, Deutschland, Mettlach, ab 1903, Fliese mit geometrischem Schwarz-wei\u00df-Dekor, K\u00fcnstler Peter Behrens, Werks.-Nr. 1030 (?), Exemplar Nr. ohne, gemarkt Villeroy &#038; Boch, Mettlach sowie VII gepresst, nicht signiert, Literatur: &hellip; <a href=\"https:\/\/museumek.eu\/?page_id=11787\">Weiterlesen <span class=\"meta-nav\">&rarr;<\/span><\/a><\/p>\n","protected":false},"author":1,"featured_media":0,"parent":11771,"menu_order":13,"comment_status":"closed","ping_status":"open","template":"","meta":[],"_links":{"self":[{"href":"https:\/\/museumek.eu\/index.php?rest_route=\/wp\/v2\/pages\/11787"}],"collection":[{"href":"https:\/\/museumek.eu\/index.php?rest_route=\/wp\/v2\/pages"}],"about":[{"href":"https:\/\/museumek.eu\/index.php?rest_route=\/wp\/v2\/types\/page"}],"author":[{"embeddable":true,"href":"https:\/\/museumek.eu\/index.php?rest_route=\/wp\/v2\/users\/1"}],"replies":[{"embeddable":true,"href":"https:\/\/museumek.eu\/index.php?rest_route=%2Fwp%2Fv2%2Fcomments&post=11787"}],"version-history":[{"count":5,"href":"https:\/\/museumek.eu\/index.php?rest_route=\/wp\/v2\/pages\/11787\/revisions"}],"predecessor-version":[{"id":19308,"href":"https:\/\/museumek.eu\/index.php?rest_route=\/wp\/v2\/pages\/11787\/revisions\/19308"}],"up":[{"embeddable":true,"href":"https:\/\/museumek.eu\/index.php?rest_route=\/wp\/v2\/pages\/11771"}],"wp:attachment":[{"href":"https:\/\/museumek.eu\/index.php?rest_route=%2Fwp%2Fv2%2Fmedia&parent=11787"}],"curies":[{"name":"wp","href":"https:\/\/api.w.org\/{rel}","templated":true}]}}