{"id":55808,"date":"2021-04-10T13:09:22","date_gmt":"2021-04-10T11:09:22","guid":{"rendered":"http:\/\/museumek.eu\/?page_id=55808"},"modified":"2021-04-10T13:09:22","modified_gmt":"2021-04-10T11:09:22","slug":"dclxxxix6","status":"publish","type":"page","link":"https:\/\/museumek.eu\/?page_id=55808","title":{"rendered":"D\/CLXXXIX\/6"},"content":{"rendered":"<p><strong>Abteilung Deutschland, Keramik 1860 \u2013 1960, Inventarnummer D\/CLXXXIX\/6<\/strong><\/p>\n<p>Porzellan-Manufaktur und Porzellanmalerei Rudolf W\u00e4chter, Deutschland, H\u00fcttensteinach und dann Kirchenlamitz, um 1935, Tasse, Unterteller, Kuchenteller  eines Service mit Silberdekor, K\u00fcnstler unbekannt, Werks.-Nr. ohne, Exemplar Nr. ohne, gemarkt Firmenmarke Dekor, darunter, in einem Kreis RW (f\u00fcr Rudolf W\u00e4chter) darunter ein Strich, der den Kreis mittig quer teilt, darunter BAVARIA,  unter dem Kreis das Wort Feinsilber, links neben dem Kreis 6 (beim Unterteller 27, beim Kuchenteller 7 jeweils unter Feinsilber), hellgr\u00fcne Stempel auf Glasur, nicht signiert, Literatur: Robert E. R\u00f6ntgen, Deutsche Porzellanmarken von 1710 bis heute, Seite 155, Marke Nr. 1143 identisch (dort f\u00fcr die Zeit ab 1928), weitere Literatur: Ludwig Danckert, Handbuch des Europ\u00e4ischen Porzellans, 7. Auflage, Seite 274, dort kurze Beschreibung der Fabrik sowie Abbildung der identischen Marke, weitere Literatur: Dieter Z\u00fchlsdorff, Markenlexikon, Porzellan und Keramikreport 1885 &#8211; 1935, Seite 97, Werkteil 1., Gruppennummer des Werkteils 1., laufende Nummer der Gruppe 2025, Marke identisch (f\u00fcr die Zeit ab 1927) sowie Seite 525, Werkteil 3., laufende Nummer des Werkteils 555, dort Beschreibung der Fabrik, 1883 gr\u00fcndete Rudolf W\u00e4chter in H\u00fcttensteinach\/Th\u00fcringen eine Porzellanmalerei, welche sich auf L\u00fcsterdekore spezialisierte, Firmierung Porzellanmalerei Rudolf W\u00e4chter, 1914 \u00fcbersiedelte W\u00e4chter mit seiner Porzellanmalerei nach Kirchenlamitz\/Bayern, ab 1927 spezialisierte sich W\u00e4chter auf Dekore in Silber, um 1930 Aufnahme der eigenen Porzellanproduktion und wohl ab da Firmierung Porzellan-Manufaktur und Porzellanmalerei Rudolf W\u00e4chter, vorwiegend wurde Porzellan mit komplettem Silberdekor produziert, ab 1938 ist der Schwiegersohn von W\u00e4chter, Franz Schaller, Mitinhaber, W\u00e4chter verstirbt 1942 und Franz Schaller f\u00fchrt die Manufaktur fort, die Manufaktur existierte bis 1974, Tasse: H\u00f6he 5,3 cm, Breite 11,3 cm, Durchmesser Unterteller: 14,2 cm, Durchmesser Kuchenteller: 18,3 cm<\/p>\n<p><a href=\"http:\/\/museumek.eu\/?attachment_id=55740\" rel=\"attachment wp-att-55740\"><img loading=\"lazy\" src=\"http:\/\/museumek.eu\/wp-content\/uploads\/2021\/03\/w\u00e4chter-service-Kanne-1-300x281.jpg\" alt=\"\" title=\"w\u00e4chter service Kanne 1\" width=\"300\" height=\"281\" class=\"alignnone size-medium wp-image-55740\" srcset=\"https:\/\/museumek.eu\/wp-content\/uploads\/2021\/03\/w\u00e4chter-service-Kanne-1-300x281.jpg 300w, https:\/\/museumek.eu\/wp-content\/uploads\/2021\/03\/w\u00e4chter-service-Kanne-1-150x140.jpg 150w, https:\/\/museumek.eu\/wp-content\/uploads\/2021\/03\/w\u00e4chter-service-Kanne-1-320x300.jpg 320w, https:\/\/museumek.eu\/wp-content\/uploads\/2021\/03\/w\u00e4chter-service-Kanne-1.jpg 512w\" sizes=\"(max-width: 300px) 100vw, 300px\" \/><\/a><\/p>\n<p><a href=\"http:\/\/museumek.eu\/?attachment_id=55780\" rel=\"attachment wp-att-55780\"><img loading=\"lazy\" src=\"http:\/\/museumek.eu\/wp-content\/uploads\/2021\/03\/w\u00e4chter-service-Tasse-1-300x193.jpg\" alt=\"\" title=\"w\u00e4chter service Tasse 1\" width=\"300\" height=\"193\" class=\"alignnone size-medium wp-image-55780\" srcset=\"https:\/\/museumek.eu\/wp-content\/uploads\/2021\/03\/w\u00e4chter-service-Tasse-1-300x193.jpg 300w, https:\/\/museumek.eu\/wp-content\/uploads\/2021\/03\/w\u00e4chter-service-Tasse-1-150x96.jpg 150w, https:\/\/museumek.eu\/wp-content\/uploads\/2021\/03\/w\u00e4chter-service-Tasse-1-464x300.jpg 464w, https:\/\/museumek.eu\/wp-content\/uploads\/2021\/03\/w\u00e4chter-service-Tasse-1.jpg 640w\" sizes=\"(max-width: 300px) 100vw, 300px\" \/><\/a><\/p>\n<p><a href=\"http:\/\/museumek.eu\/?attachment_id=55783\" rel=\"attachment wp-att-55783\"><img loading=\"lazy\" src=\"http:\/\/museumek.eu\/wp-content\/uploads\/2021\/03\/w\u00e4chter-service-Tasse-2-300x203.jpg\" alt=\"\" title=\"w\u00e4chter service Tasse 2\" width=\"300\" height=\"203\" class=\"alignnone size-medium wp-image-55783\" srcset=\"https:\/\/museumek.eu\/wp-content\/uploads\/2021\/03\/w\u00e4chter-service-Tasse-2-300x203.jpg 300w, https:\/\/museumek.eu\/wp-content\/uploads\/2021\/03\/w\u00e4chter-service-Tasse-2-150x101.jpg 150w, https:\/\/museumek.eu\/wp-content\/uploads\/2021\/03\/w\u00e4chter-service-Tasse-2-441x300.jpg 441w, https:\/\/museumek.eu\/wp-content\/uploads\/2021\/03\/w\u00e4chter-service-Tasse-2.jpg 640w\" sizes=\"(max-width: 300px) 100vw, 300px\" \/><\/a><\/p>\n<p><a href=\"http:\/\/museumek.eu\/?attachment_id=55784\" rel=\"attachment wp-att-55784\"><img loading=\"lazy\" src=\"http:\/\/museumek.eu\/wp-content\/uploads\/2021\/03\/w\u00e4chter-service-Tasse-3-300x282.jpg\" alt=\"\" title=\"w\u00e4chter service Tasse 3\" width=\"300\" height=\"282\" class=\"alignnone size-medium wp-image-55784\" srcset=\"https:\/\/museumek.eu\/wp-content\/uploads\/2021\/03\/w\u00e4chter-service-Tasse-3-300x282.jpg 300w, https:\/\/museumek.eu\/wp-content\/uploads\/2021\/03\/w\u00e4chter-service-Tasse-3-150x141.jpg 150w, https:\/\/museumek.eu\/wp-content\/uploads\/2021\/03\/w\u00e4chter-service-Tasse-3-318x300.jpg 318w, https:\/\/museumek.eu\/wp-content\/uploads\/2021\/03\/w\u00e4chter-service-Tasse-3.jpg 510w\" sizes=\"(max-width: 300px) 100vw, 300px\" \/><\/a><\/p>\n<p><a href=\"http:\/\/museumek.eu\/?attachment_id=55785\" rel=\"attachment wp-att-55785\"><img loading=\"lazy\" src=\"http:\/\/museumek.eu\/wp-content\/uploads\/2021\/03\/w\u00e4chter-service-Tasse-4-277x300.jpg\" alt=\"\" title=\"w\u00e4chter service Tasse 4\" width=\"277\" height=\"300\" class=\"alignnone size-medium wp-image-55785\" srcset=\"https:\/\/museumek.eu\/wp-content\/uploads\/2021\/03\/w\u00e4chter-service-Tasse-4-277x300.jpg 277w, https:\/\/museumek.eu\/wp-content\/uploads\/2021\/03\/w\u00e4chter-service-Tasse-4-138x150.jpg 138w, https:\/\/museumek.eu\/wp-content\/uploads\/2021\/03\/w\u00e4chter-service-Tasse-4.jpg 480w\" sizes=\"(max-width: 277px) 100vw, 277px\" \/><\/a><\/p>\n<p><a href=\"http:\/\/museumek.eu\/?attachment_id=55788\" rel=\"attachment wp-att-55788\"><img loading=\"lazy\" src=\"http:\/\/museumek.eu\/wp-content\/uploads\/2021\/03\/w\u00e4chter-service-Gro\u00dfer-Teller-zur-ersten-Tasse-1-300x298.jpg\" alt=\"\" title=\"w\u00e4chter service Gro\u00dfer Teller zur ersten Tasse 1\" width=\"300\" height=\"298\" class=\"alignnone size-medium wp-image-55788\" srcset=\"https:\/\/museumek.eu\/wp-content\/uploads\/2021\/03\/w\u00e4chter-service-Gro\u00dfer-Teller-zur-ersten-Tasse-1-300x298.jpg 300w, https:\/\/museumek.eu\/wp-content\/uploads\/2021\/03\/w\u00e4chter-service-Gro\u00dfer-Teller-zur-ersten-Tasse-1-150x150.jpg 150w, https:\/\/museumek.eu\/wp-content\/uploads\/2021\/03\/w\u00e4chter-service-Gro\u00dfer-Teller-zur-ersten-Tasse-1-301x300.jpg 301w, https:\/\/museumek.eu\/wp-content\/uploads\/2021\/03\/w\u00e4chter-service-Gro\u00dfer-Teller-zur-ersten-Tasse-1.jpg 482w\" sizes=\"(max-width: 300px) 100vw, 300px\" \/><\/a><\/p>\n<p><a href=\"http:\/\/museumek.eu\/?attachment_id=55789\" rel=\"attachment wp-att-55789\"><img loading=\"lazy\" src=\"http:\/\/museumek.eu\/wp-content\/uploads\/2021\/03\/w\u00e4chter-service-Gro\u00dfer-Teller-zur-ersten-Tasse-2-298x300.jpg\" alt=\"\" title=\"w\u00e4chter service Gro\u00dfer Teller zur ersten Tasse 2\" width=\"298\" height=\"300\" class=\"alignnone size-medium wp-image-55789\" srcset=\"https:\/\/museumek.eu\/wp-content\/uploads\/2021\/03\/w\u00e4chter-service-Gro\u00dfer-Teller-zur-ersten-Tasse-2-298x300.jpg 298w, https:\/\/museumek.eu\/wp-content\/uploads\/2021\/03\/w\u00e4chter-service-Gro\u00dfer-Teller-zur-ersten-Tasse-2-150x150.jpg 150w, https:\/\/museumek.eu\/wp-content\/uploads\/2021\/03\/w\u00e4chter-service-Gro\u00dfer-Teller-zur-ersten-Tasse-2.jpg 480w\" sizes=\"(max-width: 298px) 100vw, 298px\" \/><\/a><\/p>\n<p><a href=\"http:\/\/museumek.eu\/?attachment_id=55790\" rel=\"attachment wp-att-55790\"><img loading=\"lazy\" src=\"http:\/\/museumek.eu\/wp-content\/uploads\/2021\/03\/w\u00e4chter-service-Gro\u00dfer-Teller-zur-ersten-Tasse-3-194x300.jpg\" alt=\"\" title=\"w\u00e4chter service Gro\u00dfer Teller zur ersten Tasse 3\" width=\"194\" height=\"300\" class=\"alignnone size-medium wp-image-55790\" srcset=\"https:\/\/museumek.eu\/wp-content\/uploads\/2021\/03\/w\u00e4chter-service-Gro\u00dfer-Teller-zur-ersten-Tasse-3-194x300.jpg 194w, https:\/\/museumek.eu\/wp-content\/uploads\/2021\/03\/w\u00e4chter-service-Gro\u00dfer-Teller-zur-ersten-Tasse-3-97x150.jpg 97w, https:\/\/museumek.eu\/wp-content\/uploads\/2021\/03\/w\u00e4chter-service-Gro\u00dfer-Teller-zur-ersten-Tasse-3.jpg 414w\" sizes=\"(max-width: 194px) 100vw, 194px\" \/><\/a><\/p>\n<p><a href=\"http:\/\/museumek.eu\/?attachment_id=55791\" rel=\"attachment wp-att-55791\"><img loading=\"lazy\" src=\"http:\/\/museumek.eu\/wp-content\/uploads\/2021\/03\/w\u00e4chter-service-kleiner-Teller-zur-ersten-Tasse-1-295x300.jpg\" alt=\"\" title=\"w\u00e4chter service kleiner Teller zur ersten Tasse 1\" width=\"295\" height=\"300\" class=\"alignnone size-medium wp-image-55791\" srcset=\"https:\/\/museumek.eu\/wp-content\/uploads\/2021\/03\/w\u00e4chter-service-kleiner-Teller-zur-ersten-Tasse-1-295x300.jpg 295w, https:\/\/museumek.eu\/wp-content\/uploads\/2021\/03\/w\u00e4chter-service-kleiner-Teller-zur-ersten-Tasse-1-147x150.jpg 147w, https:\/\/museumek.eu\/wp-content\/uploads\/2021\/03\/w\u00e4chter-service-kleiner-Teller-zur-ersten-Tasse-1.jpg 480w\" sizes=\"(max-width: 295px) 100vw, 295px\" \/><\/a><\/p>\n<p><a href=\"http:\/\/museumek.eu\/?attachment_id=55792\" rel=\"attachment wp-att-55792\"><img loading=\"lazy\" src=\"http:\/\/museumek.eu\/wp-content\/uploads\/2021\/03\/w\u00e4chter-service-kleiner-Teller-zur-ersten-Tasse-2-289x300.jpg\" alt=\"\" title=\"w\u00e4chter service kleiner Teller zur ersten Tasse 2\" width=\"289\" height=\"300\" class=\"alignnone size-medium wp-image-55792\" srcset=\"https:\/\/museumek.eu\/wp-content\/uploads\/2021\/03\/w\u00e4chter-service-kleiner-Teller-zur-ersten-Tasse-2-289x300.jpg 289w, https:\/\/museumek.eu\/wp-content\/uploads\/2021\/03\/w\u00e4chter-service-kleiner-Teller-zur-ersten-Tasse-2-144x150.jpg 144w, https:\/\/museumek.eu\/wp-content\/uploads\/2021\/03\/w\u00e4chter-service-kleiner-Teller-zur-ersten-Tasse-2.jpg 480w\" sizes=\"(max-width: 289px) 100vw, 289px\" \/><\/a><\/p>\n<p><a href=\"http:\/\/museumek.eu\/?attachment_id=55793\" rel=\"attachment wp-att-55793\"><img loading=\"lazy\" src=\"http:\/\/museumek.eu\/wp-content\/uploads\/2021\/03\/w\u00e4chter-service-kleiner-Teller-zur-zweiten-Tasse-31-172x300.jpg\" alt=\"\" title=\"w\u00e4chter service kleiner Teller zur zweiten Tasse 3\" width=\"172\" height=\"300\" class=\"alignnone size-medium wp-image-55793\" srcset=\"https:\/\/museumek.eu\/wp-content\/uploads\/2021\/03\/w\u00e4chter-service-kleiner-Teller-zur-zweiten-Tasse-31-172x300.jpg 172w, https:\/\/museumek.eu\/wp-content\/uploads\/2021\/03\/w\u00e4chter-service-kleiner-Teller-zur-zweiten-Tasse-31-86x150.jpg 86w\" sizes=\"(max-width: 172px) 100vw, 172px\" \/><\/a><\/p>\n","protected":false},"excerpt":{"rendered":"<p>Abteilung Deutschland, Keramik 1860 \u2013 1960, Inventarnummer D\/CLXXXIX\/6 Porzellan-Manufaktur und Porzellanmalerei Rudolf W\u00e4chter, Deutschland, H\u00fcttensteinach und dann Kirchenlamitz, um 1935, Tasse, Unterteller, Kuchenteller eines Service mit Silberdekor, K\u00fcnstler unbekannt, Werks.-Nr. ohne, Exemplar Nr. ohne, gemarkt Firmenmarke Dekor, darunter, in einem &hellip; <a href=\"https:\/\/museumek.eu\/?page_id=55808\">Weiterlesen <span class=\"meta-nav\">&rarr;<\/span><\/a><\/p>\n","protected":false},"author":1,"featured_media":0,"parent":54776,"menu_order":6,"comment_status":"closed","ping_status":"open","template":"","meta":[],"_links":{"self":[{"href":"https:\/\/museumek.eu\/index.php?rest_route=\/wp\/v2\/pages\/55808"}],"collection":[{"href":"https:\/\/museumek.eu\/index.php?rest_route=\/wp\/v2\/pages"}],"about":[{"href":"https:\/\/museumek.eu\/index.php?rest_route=\/wp\/v2\/types\/page"}],"author":[{"embeddable":true,"href":"https:\/\/museumek.eu\/index.php?rest_route=\/wp\/v2\/users\/1"}],"replies":[{"embeddable":true,"href":"https:\/\/museumek.eu\/index.php?rest_route=%2Fwp%2Fv2%2Fcomments&post=55808"}],"version-history":[{"count":2,"href":"https:\/\/museumek.eu\/index.php?rest_route=\/wp\/v2\/pages\/55808\/revisions"}],"predecessor-version":[{"id":55810,"href":"https:\/\/museumek.eu\/index.php?rest_route=\/wp\/v2\/pages\/55808\/revisions\/55810"}],"up":[{"embeddable":true,"href":"https:\/\/museumek.eu\/index.php?rest_route=\/wp\/v2\/pages\/54776"}],"wp:attachment":[{"href":"https:\/\/museumek.eu\/index.php?rest_route=%2Fwp%2Fv2%2Fmedia&parent=55808"}],"curies":[{"name":"wp","href":"https:\/\/api.w.org\/{rel}","templated":true}]}}